{"id":371029,"date":"2024-03-08T11:10:53","date_gmt":"2024-03-08T11:10:53","guid":{"rendered":"https:\/\/glowrehabilita.com\/inici-2024\/"},"modified":"2026-04-21T12:12:37","modified_gmt":"2026-04-21T12:12:37","slug":"inici-2024","status":"publish","type":"page","link":"https:\/\/glowrehabilita.com\/ca\/","title":{"rendered":"Inici"},"content":{"rendered":"<p>[et_pb_section fb_built=&#8221;1&#8243; fullwidth=&#8221;on&#8221; module_id=&#8221;one&#8221; _builder_version=&#8221;4.27.4&#8243; background_enable_image=&#8221;off&#8221; background_enable_video_mp4=&#8221;off&#8221; locked=&#8221;off&#8221; global_colors_info=&#8221;{}&#8221;][et_pb_fullwidth_header title=&#8221;Cl\u00e9mence&#8221; subhead=&#8221;Una reforma integral per donar-li lluma i vida a un pis en Sant Cugat&#8221; header_fullscreen=&#8221;on&#8221; header_scroll_down=&#8221;on&#8221; scroll_down_icon=&#8221;%%8%%&#8221; scroll_down_icon_size=&#8221;5vw&#8221; background_overlay_color=&#8221;rgba(0,0,0,0.2)&#8221; scroll_down_icon_size_tablet=&#8221;5vw&#8221; scroll_down_icon_size_phone=&#8221;32px&#8221; scroll_down_icon_size_last_edited=&#8221;on|phone&#8221; admin_label=&#8221;Cl\u00e9mence&#8221; _builder_version=&#8221;4.27.4&#8243; title_font_size=&#8221;54px&#8221; content_font_size=&#8221;28px&#8221; subhead_font_size=&#8221;30px&#8221; subhead_line_height=&#8221;1.2em&#8221; background_enable_color=&#8221;off&#8221; background_enable_image=&#8221;off&#8221; background_video_mp4=&#8221;https:\/\/glowrehabilita.com\/wp-content\/uploads\/2025\/06\/Banner1600x1080web_Glow_CLEMENCE.mp4&#8243; background_video_webm=&#8221;https:\/\/glowrehabilita.com\/wp-content\/uploads\/2025\/06\/Banner1600x1080web_Glow_CLEMENCE.webm&#8221; custom_button_one=&#8221;on&#8221; button_one_text_color=&#8221;#ffffff&#8221; button_one_border_color=&#8221;#ffffff&#8221; link_option_url=&#8221;https:\/\/glowrehabilita.com\/ca\/clemence-reforma-integral-llum-i-vida-sant-cugat\/&#8221; custom_css_subtitle=&#8221;max-width:40%;&#8221; global_colors_info=&#8221;{}&#8221; custom_css_subtitle_last_edited=&#8221;on|phone&#8221; custom_css_subtitle_phone=&#8221;max-width: none;&#8221; custom_css_subtitle_tablet=&#8221;max-width:40%;&#8221;][\/et_pb_fullwidth_header][\/et_pb_section][et_pb_section fb_built=&#8221;1&#8243; fullwidth=&#8221;on&#8221; _builder_version=&#8221;4.27.4&#8243; background_enable_image=&#8221;off&#8221; background_video_mp4=&#8221;https:\/\/glowrehabilita.com\/wp-content\/uploads\/2025\/06\/Banner1600x1080web_Glow_ELODIE.mp4&#8243; background_video_webm=&#8221;https:\/\/glowrehabilita.com\/wp-content\/uploads\/2025\/06\/Banner1600x1080web_Glow_ELODIE.webm&#8221; locked=&#8221;off&#8221; global_colors_info=&#8221;{}&#8221;][et_pb_fullwidth_header title=&#8221;\u00c9lodie&#8221; subhead=&#8221;La reforma que converteix la cuina en el cor de la llar&#8221; header_fullscreen=&#8221;on&#8221; header_scroll_down=&#8221;on&#8221; scroll_down_icon=&#8221;%%8%%&#8221; scroll_down_icon_color=&#8221;#FFFFFF&#8221; scroll_down_icon_size=&#8221;5vw&#8221; button_one_url=&#8221;https:\/\/glowrehabilita.com\/ca\/elodie-la-cuina-el-cor-de-la-llar\/&#8221; button_two_text=&#8221; &#8221; button_two_url=&#8221;#one&#8221; background_overlay_color=&#8221;rgba(0,0,0,0.2)&#8221; scroll_down_icon_size_tablet=&#8221;5vw&#8221; scroll_down_icon_size_phone=&#8221;32px&#8221; scroll_down_icon_size_last_edited=&#8221;on|desktop&#8221; admin_label=&#8221;\u00c9lodie&#8221; module_id=&#8221;two&#8221; _builder_version=&#8221;4.27.4&#8243; title_font_size=&#8221;54px&#8221; subhead_font_size=&#8221;30px&#8221; subhead_line_height=&#8221;1.2em&#8221; background_color=&#8221;rgba(0,0,0,0)&#8221; background_enable_image=&#8221;off&#8221; custom_button_one=&#8221;on&#8221; button_one_text_color=&#8221;#ffffff&#8221; button_one_border_color=&#8221;#ffffff&#8221; custom_button_two=&#8221;on&#8221; button_two_text_size=&#8221;5vw&#8221; button_two_text_color=&#8221;#FFFFFF&#8221; button_two_border_width=&#8221;0px&#8221; button_two_icon=&#8221;&#xe043;||divi||400&#8243; button_two_on_hover=&#8221;off&#8221; button_two_custom_margin=&#8221;0px||||false|false&#8221; button_two_custom_padding=&#8221;0px||||false|false&#8221; link_option_url=&#8221;https:\/\/glowrehabilita.com\/ca\/elodie-la-cuina-el-cor-de-la-llar\/&#8221; button_two_text_size_tablet=&#8221;5vw&#8221; button_two_text_size_phone=&#8221;32px&#8221; button_two_text_size_last_edited=&#8221;on|desktop&#8221; custom_css_subtitle=&#8221;max-width:40%;&#8221; custom_css_button_2=&#8221;position: absolute;padding-left:0.4em !important;top: 0;left: 0;right: 0;margin: 0 auto;width: 0px;&#8221; global_colors_info=&#8221;{}&#8221; custom_css_subtitle_last_edited=&#8221;on|phone&#8221; custom_css_subtitle_phone=&#8221;max-width:none;&#8221; custom_css_subtitle_tablet=&#8221;max-width:40%;&#8221;][\/et_pb_fullwidth_header][\/et_pb_section][et_pb_section fb_built=&#8221;1&#8243; fullwidth=&#8221;on&#8221; _builder_version=&#8221;4.27.4&#8243; background_enable_image=&#8221;off&#8221; background_video_mp4=&#8221;https:\/\/glowrehabilita.com\/wp-content\/uploads\/2025\/06\/Banner1600x1080web_Glow_LILOU.mp4&#8243; background_video_webm=&#8221;https:\/\/glowrehabilita.com\/wp-content\/uploads\/2025\/06\/Banner1600x1080web_Glow_LILOU.webm&#8221; locked=&#8221;off&#8221; global_colors_info=&#8221;{}&#8221;][et_pb_fullwidth_header title=&#8221;Lilou&#8221; subhead=&#8221;Una nova etapa per a una llar amb car\u00e0cter en Sant Cugat del Vall\u00e8s&#8221; header_fullscreen=&#8221;on&#8221; header_scroll_down=&#8221;on&#8221; scroll_down_icon=&#8221;%%8%%&#8221; scroll_down_icon_color=&#8221;#FFFFFF&#8221; scroll_down_icon_size=&#8221;5vw&#8221; button_two_text=&#8221; &#8221; button_two_url=&#8221;#two&#8221; background_overlay_color=&#8221;rgba(0,0,0,0.2)&#8221; scroll_down_icon_size_tablet=&#8221;5vw&#8221; scroll_down_icon_size_phone=&#8221;32px&#8221; scroll_down_icon_size_last_edited=&#8221;on|desktop&#8221; admin_label=&#8221;Lilou&#8221; module_id=&#8221;three&#8221; _builder_version=&#8221;4.27.4&#8243; title_font_size=&#8221;54px&#8221; subhead_font_size=&#8221;30px&#8221; subhead_line_height=&#8221;1.2em&#8221; background_color=&#8221;rgba(0,0,0,0)&#8221; background_enable_image=&#8221;off&#8221; custom_button_one=&#8221;on&#8221; button_one_text_color=&#8221;#ffffff&#8221; button_one_border_color=&#8221;#ffffff&#8221; custom_button_two=&#8221;on&#8221; button_two_text_size=&#8221;5vw&#8221; button_two_text_color=&#8221;#FFFFFF&#8221; button_two_border_width=&#8221;0px&#8221; button_two_icon=&#8221;&#xe043;||divi||400&#8243; button_two_on_hover=&#8221;off&#8221; button_two_custom_margin=&#8221;0px||||false|false&#8221; button_two_custom_padding=&#8221;0px||||false|false&#8221; link_option_url=&#8221;https:\/\/glowrehabilita.com\/ca\/lilou-llar-amb-caracter-sant-cugat\/&#8221; button_two_text_size_tablet=&#8221;5vw&#8221; button_two_text_size_phone=&#8221;32px&#8221; button_two_text_size_last_edited=&#8221;on|desktop&#8221; custom_css_subtitle=&#8221;max-width:40%;&#8221; custom_css_button_2=&#8221;position: absolute;padding-left:0.4em !important;top: 0;left: 0;right: 0;margin: 0 auto;width: 0px;&#8221; global_colors_info=&#8221;{}&#8221; custom_css_subtitle_last_edited=&#8221;on|desktop&#8221; custom_css_subtitle_phone=&#8221;max-width:none;&#8221; custom_css_subtitle_tablet=&#8221;max-width:40%;&#8221;][\/et_pb_fullwidth_header][\/et_pb_section][et_pb_section fb_built=&#8221;1&#8243; _builder_version=&#8221;4.16&#8243; background_color=&#8221;#fafafa&#8221; custom_margin=&#8221;0px||0px||false|false&#8221; custom_padding=&#8221;80px||80px||false|false&#8221; global_colors_info=&#8221;{}&#8221;][et_pb_row column_structure=&#8221;1_3,2_3&#8243; _builder_version=&#8221;4.27.4&#8243; global_colors_info=&#8221;{}&#8221;][et_pb_column type=&#8221;1_3&#8243; _builder_version=&#8221;4.16&#8243; global_colors_info=&#8221;{}&#8221;][\/et_pb_column][et_pb_column type=&#8221;2_3&#8243; _builder_version=&#8221;4.16&#8243; global_colors_info=&#8221;{}&#8221;][et_pb_text _builder_version=&#8221;4.24.2&#8243; text_font_size=&#8221;1.8rem&#8221; text_line_height=&#8221;1.4em&#8221; global_colors_info=&#8221;{}&#8221;]<\/p>\n<p>Si busques un <strong>Estudi d&#8217;Interiorisme a Sant Cugat<\/strong>, apassionat per a transformar espais amb disseny i confort, Glow Rehabilita Studio \u00e9s la teva elecci\u00f3. <strong>Especialistes en reformes completes<\/strong>, ens ocupem de tot des del concepte inicial fins a l&#8217;acabat final. Benvingut on els somnis prenen forma!<\/p>\n<p>[\/et_pb_text][\/et_pb_column][\/et_pb_row][\/et_pb_section][et_pb_section fb_built=&#8221;1&#8243; admin_label=&#8221;Els nostres Projectes&#8221; _builder_version=&#8221;4.27.4&#8243; _module_preset=&#8221;default&#8221; background_color=&#8221;#eeeeee&#8221; background_enable_image=&#8221;off&#8221; locked=&#8221;off&#8221; global_colors_info=&#8221;{}&#8221;][et_pb_row _builder_version=&#8221;4.27.4&#8243; _module_preset=&#8221;default&#8221; module_alignment=&#8221;center&#8221; custom_margin=&#8221;||30px||false|false&#8221; custom_padding=&#8221;||0rem||false|false&#8221; locked=&#8221;off&#8221; global_colors_info=&#8221;{}&#8221;][et_pb_column type=&#8221;4_4&#8243; _builder_version=&#8221;4.16&#8243; _module_preset=&#8221;default&#8221; global_colors_info=&#8221;{}&#8221;][et_pb_text admin_label=&#8221;Els nostres Projectes&#8221; _builder_version=&#8221;4.27.4&#8243; _module_preset=&#8221;default&#8221; header_2_font=&#8221;|300|||||||&#8221; header_2_font_size=&#8221;50px&#8221; global_colors_info=&#8221;{}&#8221;]<\/p>\n<h2>Els nostres Projectes<\/h2>\n<p>[\/et_pb_text][\/et_pb_column][\/et_pb_row][et_pb_row _builder_version=&#8221;4.24.2&#8243; _module_preset=&#8221;default&#8221; width=&#8221;100%&#8221; module_alignment=&#8221;center&#8221; custom_margin=&#8221;0rem||||false|false&#8221; custom_padding=&#8221;0rem||||false|false&#8221; global_colors_info=&#8221;{}&#8221;][et_pb_column type=&#8221;4_4&#8243; _builder_version=&#8221;4.16&#8243; _module_preset=&#8221;default&#8221; global_colors_info=&#8221;{}&#8221;][dnxte_coverflowslider_parent dnxte_coverflow_autoplay_show_hide=&#8221;off&#8221; dnxte_coverflow_loop=&#8221;on&#8221; dnxte_coverflow_centered_slides=&#8221;on&#8221; dnxte_coverflow_grab=&#8221;on&#8221; dnxte_coverflow_speed=&#8221;934&#8243; dnxte_coverflow_spacebetween=&#8221;20&#8243; dnxte_coverflow_arrows=&#8221;on&#8221; dnxte_coverflow_pagination_type=&#8221;progressbar&#8221; dnxte_coverflow_arrow_color=&#8221;#000000&#8243; dnxte_coverflow_progressbar_fill_color=&#8221;#000000&#8243; dnxte_coverflow_arrow_position=&#8221;inner&#8221; _builder_version=&#8221;4.24.2&#8243; _module_preset=&#8221;default&#8221; text_font=&#8221;|300|||||||&#8221; text_text_color=&#8221;#303030&#8243; text_font_size=&#8221;30px&#8221; content_font=&#8221;|300|||||||&#8221; content_font_size=&#8221;16px&#8221; background_color=&#8221;#eeeeee&#8221; global_colors_info=&#8221;{}&#8221;][dnxte_coverflowslider_child admin_label_text=&#8221;Alizee&#8221; coverflowslider_layouts=&#8221;below-image&#8221; coverflowslider_text=&#8221;Alizee&#8221; coverflowslider_image=&#8221;https:\/\/glowrehabilita.com\/wp-content\/uploads\/2024\/03\/Alizee.jpg&#8221; coverflowslider_text_padding=&#8221;0px|0px||0px|false|true&#8221; coverflowslider_content_padding=&#8221;||30px||false|true&#8221; coverflowslider_content_wrapper_padding=&#8221;15px|0px|15px|0px|false|false&#8221; coverflowslider_button_margin=&#8221;|||20px|false|false&#8221; _builder_version=&#8221;4.24.2&#8243; _module_preset=&#8221;default&#8221; header_font=&#8221;|300|||||||&#8221; header_text_align=&#8221;right&#8221; header_font_size=&#8221;1.6rem&#8221; content_text_color=&#8221;#505050&#8243; content_font_size=&#8221;20px&#8221; background_color=&#8221;#eeeeee&#8221; background_enable_color=&#8221;on&#8221; link_option_url=&#8221;https:\/\/glowrehabilita.com\/alizee\/&#8221; global_colors_info=&#8221;{}&#8221;][\/dnxte_coverflowslider_child][dnxte_coverflowslider_child admin_label_text=&#8221;Sophie&#8221; coverflowslider_layouts=&#8221;below-image&#8221; coverflowslider_text=&#8221;Sophie&#8221; coverflowslider_image=&#8221;https:\/\/glowrehabilita.com\/wp-content\/uploads\/2024\/03\/Sophie.jpg&#8221; coverflowslider_text_padding=&#8221;0px|0px||0px|false|true&#8221; coverflowslider_content_padding=&#8221;||30px||false|true&#8221; coverflowslider_content_wrapper_padding=&#8221;15px|0px|15px|0px|false|false&#8221; coverflowslider_button_margin=&#8221;|||20px|false|false&#8221; _builder_version=&#8221;4.24.2&#8243; _module_preset=&#8221;default&#8221; header_font=&#8221;|300|||||||&#8221; header_text_align=&#8221;right&#8221; header_font_size=&#8221;1.6rem&#8221; content_text_color=&#8221;#505050&#8243; content_font_size=&#8221;20px&#8221; background_color=&#8221;#eeeeee&#8221; background_enable_color=&#8221;on&#8221; link_option_url=&#8221;https:\/\/glowrehabilita.com\/sophie-la-reforma-personalizada-de-un-piso-familiar-en-sant-cugat-del-valles\/&#8221; global_colors_info=&#8221;{}&#8221;][\/dnxte_coverflowslider_child][dnxte_coverflowslider_child admin_label_text=&#8221;Adrienne&#8221; coverflowslider_layouts=&#8221;below-image&#8221; coverflowslider_text=&#8221;Adrienne&#8221; coverflowslider_image=&#8221;https:\/\/glowrehabilita.com\/wp-content\/uploads\/2024\/03\/Adrienne.jpg&#8221; coverflowslider_text_padding=&#8221;0px|0px||0px|false|true&#8221; coverflowslider_content_padding=&#8221;||30px||false|true&#8221; coverflowslider_content_wrapper_padding=&#8221;15px|0px|15px|0px|false|false&#8221; coverflowslider_button_margin=&#8221;|||20px|false|false&#8221; _builder_version=&#8221;4.24.2&#8243; _module_preset=&#8221;default&#8221; header_font=&#8221;|300|||||||&#8221; header_text_align=&#8221;right&#8221; header_font_size=&#8221;1.6rem&#8221; content_text_color=&#8221;#505050&#8243; content_font_size=&#8221;20px&#8221; background_color=&#8221;#eeeeee&#8221; background_enable_color=&#8221;on&#8221; link_option_url=&#8221;https:\/\/glowrehabilita.com\/adrienne-un-refugio-estival-en-el-puerto-de-platja-daro\/&#8221; global_colors_info=&#8221;{}&#8221;][\/dnxte_coverflowslider_child][dnxte_coverflowslider_child admin_label_text=&#8221;Pauline&#8221; coverflowslider_layouts=&#8221;below-image&#8221; coverflowslider_text=&#8221;Pauline&#8221; coverflowslider_image=&#8221;https:\/\/glowrehabilita.com\/wp-content\/uploads\/2024\/03\/Pauline_2.jpg&#8221; coverflowslider_text_padding=&#8221;0px|0px||0px|false|true&#8221; coverflowslider_content_padding=&#8221;||30px||false|true&#8221; coverflowslider_content_wrapper_padding=&#8221;15px|0px|15px|0px|false|false&#8221; coverflowslider_button_margin=&#8221;|||20px|false|false&#8221; _builder_version=&#8221;4.24.2&#8243; _module_preset=&#8221;default&#8221; header_font=&#8221;|300|||||||&#8221; header_text_align=&#8221;right&#8221; header_font_size=&#8221;1.6rem&#8221; content_text_color=&#8221;#505050&#8243; content_font_size=&#8221;20px&#8221; background_color=&#8221;#eeeeee&#8221; background_enable_color=&#8221;on&#8221; link_option_url=&#8221;https:\/\/glowrehabilita.com\/pauline-la-reforma-integral-de-dos-pisos-en-uno-en-el-centro-de-barcelona\/&#8221; global_colors_info=&#8221;{}&#8221;][\/dnxte_coverflowslider_child][dnxte_coverflowslider_child admin_label_text=&#8221;Aveline&#8221; coverflowslider_layouts=&#8221;below-image&#8221; coverflowslider_text=&#8221;Aveline&#8221; coverflowslider_image=&#8221;https:\/\/glowrehabilita.com\/wp-content\/uploads\/2024\/03\/Aveline.jpg&#8221; coverflowslider_text_padding=&#8221;0px|0px||0px|false|true&#8221; coverflowslider_content_padding=&#8221;||30px||false|true&#8221; coverflowslider_content_wrapper_padding=&#8221;15px|0px|15px|0px|false|false&#8221; coverflowslider_button_margin=&#8221;|||20px|false|false&#8221; _builder_version=&#8221;4.24.2&#8243; _module_preset=&#8221;default&#8221; header_font=&#8221;|300|||||||&#8221; header_text_align=&#8221;right&#8221; header_font_size=&#8221;1.6rem&#8221; content_text_color=&#8221;#505050&#8243; content_font_size=&#8221;20px&#8221; background_color=&#8221;#eeeeee&#8221; background_enable_color=&#8221;on&#8221; link_option_url=&#8221;https:\/\/glowrehabilita.com\/aveline-una-reforma-integral-de-la-planta-baja-de-una-casa-en-sant-cugat-del-valles\/&#8221; global_colors_info=&#8221;{}&#8221;][\/dnxte_coverflowslider_child][\/dnxte_coverflowslider_parent][\/et_pb_column][\/et_pb_row][\/et_pb_section][et_pb_section fb_built=&#8221;1&#8243; admin_label=&#8221;Els nostres Clients&#8221; _builder_version=&#8221;4.27.4&#8243; _module_preset=&#8221;default&#8221; background_color=&#8221;#FFFFFF&#8221; width_tablet=&#8221;&#8221; width_phone=&#8221;100%&#8221; width_last_edited=&#8221;on|phone&#8221; max_width_tablet=&#8221;&#8221; max_width_phone=&#8221;100%&#8221; max_width_last_edited=&#8221;on|phone&#8221; locked=&#8221;off&#8221; global_colors_info=&#8221;{}&#8221;][et_pb_row _builder_version=&#8221;4.16&#8243; _module_preset=&#8221;default&#8221; background_enable_color=&#8221;off&#8221; global_colors_info=&#8221;{}&#8221;][et_pb_column type=&#8221;4_4&#8243; _builder_version=&#8221;4.16&#8243; _module_preset=&#8221;default&#8221; global_colors_info=&#8221;{}&#8221;][et_pb_text admin_label=&#8221;Els nostres Clients&#8221; _builder_version=&#8221;4.27.4&#8243; _module_preset=&#8221;default&#8221; header_2_font=&#8221;|300|||||||&#8221; header_2_font_size=&#8221;50px&#8221; locked=&#8221;off&#8221; global_colors_info=&#8221;{}&#8221;]<\/p>\n<h2>Els nostres Clients<\/h2>\n<p>[\/et_pb_text][dnxte_testimonial_parent dnxte_testimonial_use_icon=&#8221;on&#8221; dnxt_testimonial_loop=&#8221;on&#8221; dnxt_testimonial_grab=&#8221;on&#8221; dnxt_testimonial_speed=&#8221;1000&#8243; dnxt_testimonial_pagination_bullets=&#8221;off&#8221; dnxt_testimonial_arrow_color=&#8221;#0da0c5&#8243; dnxt_testimonial_arrow_background_color=&#8221;#e8e8e8&#8243; dnxt_testimonial_dots_color=&#8221;#000000&#8243; dnxt_testimonial_dots_active_color=&#8221;#0da0c5&#8243; dnxt_testimonial_arrow_size=&#8221;30&#8243; dnxt_testimonial_arrow_position=&#8221;inner&#8221; dnxt_testimonial_pause_on_hover=&#8221;on&#8221; dnxt_testimonial_breakpoint_desktop=&#8221;3&#8243; dnxt_testimonial_centered_slides=&#8221;on&#8221; dnxt_testimonial_spacebetween=&#8221;30&#8243; _builder_version=&#8221;4.24.2&#8243; _module_preset=&#8221;default&#8221; header_font=&#8221;Karla||||||||&#8221; body_font_size=&#8221;15px&#8221; background_color=&#8221;#ffffff&#8221; custom_padding=&#8221;20px||0px||false|false&#8221; custom_padding_tablet=&#8221;20px||0px||false|false&#8221; custom_padding_phone=&#8221;|0px||0px|false|false&#8221; custom_padding_last_edited=&#8221;on|phone&#8221; border_radii=&#8221;on|10px|10px|10px|10px&#8221; border_radii_image_border=&#8221;on|5512px|5512px|5512px|5512px&#8221; global_colors_info=&#8221;{}&#8221; body_font_size__hover_enabled=&#8221;off|desktop&#8221;][dnxte_testimonial_child dnxte_testimonial_name=&#8221;Salvador Ferrer&#8221; dnxte_testimonial_description=&#8221;Excelente experiencia con Glow debido a su gran profesionalidad y a su detallado y preciso seguimiento del proyecto. Lo recomiendo sin ninguna reserva.<br \/>\n&#8221; dnxte_testimonial_logo=&#8221;https:\/\/glowrehabilita.com\/wp-content\/uploads\/2024\/03\/googlelogo_color_92x30dp.png&#8221; dnxte_testimonial_description_padding=&#8221;20px|20px|20px|20px|true|true&#8221; _builder_version=&#8221;4.24.2&#8243; _module_preset=&#8221;default&#8221; header_font=&#8221;Poppins||||||||&#8221; header_text_color=&#8221;#303030&#8243; header_font_size=&#8221;20px&#8221; position_font=&#8221;Roboto|500|||||||&#8221; position_text_color=&#8221;#878787&#8243; description_font=&#8221;Poppins|500|||||||&#8221; description_text_color=&#8221;#505050&#8243; description_font_size=&#8221;15px&#8221; description_line_height=&#8221;1.5em&#8221; background_color=&#8221;#ffffff&#8221; background_enable_color=&#8221;on&#8221; custom_margin=&#8221;-10px||||false|false&#8221; border_color_bottom=&#8221;#0cc9a6&#8243; border_style_bottom=&#8221;inset&#8221; global_colors_info=&#8221;{}&#8221;][\/dnxte_testimonial_child][dnxte_testimonial_child dnxte_testimonial_name=&#8221;Maris\u00e9 Adsar\u00e0 Grau&#8221; dnxte_testimonial_description=&#8221;Estamos muy contentos y agradecidos a Glow Rehabilita por todo, su amable y eficiente personal, su responsabilidad a la hora de trabajar y sobretodo porque han conseguido convertir nuestra casa en el hogar que hab\u00edamos so\u00f1ado&#8221; dnxte_testimonial_logo=&#8221;https:\/\/glowrehabilita.com\/wp-content\/uploads\/2024\/03\/googlelogo_color_92x30dp.png&#8221; dnxte_testimonial_description_padding=&#8221;20px|20px|20px|20px|true|true&#8221; _builder_version=&#8221;4.24.2&#8243; _module_preset=&#8221;default&#8221; header_font=&#8221;Poppins||||||||&#8221; header_text_color=&#8221;#303030&#8243; header_font_size=&#8221;20px&#8221; position_font=&#8221;Roboto|500|||||||&#8221; position_text_color=&#8221;#878787&#8243; description_font=&#8221;Poppins|500|||||||&#8221; description_text_color=&#8221;#505050&#8243; description_font_size=&#8221;15px&#8221; description_line_height=&#8221;1.5em&#8221; background_color=&#8221;#ffffff&#8221; background_enable_color=&#8221;on&#8221; custom_margin=&#8221;-10px||||false|false&#8221; border_color_bottom=&#8221;#0cc9a6&#8243; border_style_bottom=&#8221;inset&#8221; global_colors_info=&#8221;{}&#8221;][\/dnxte_testimonial_child][dnxte_testimonial_child dnxte_testimonial_name=&#8221;I\u00f1igo F.&#8221; dnxte_testimonial_description=&#8221;Hemos reformado nuestra casa con Glow, y han hecho un trabajo extraordinario. Profesionales, bien planificados, cumplidores y muy atentos con nuestras necesidades y preferencias.&#8221; dnxte_testimonial_logo=&#8221;https:\/\/glowrehabilita.com\/wp-content\/uploads\/2024\/03\/googlelogo_color_92x30dp.png&#8221; dnxte_testimonial_description_padding=&#8221;20px|20px|20px|20px|true|true&#8221; _builder_version=&#8221;4.24.2&#8243; _module_preset=&#8221;default&#8221; header_font=&#8221;Poppins||||||||&#8221; header_text_color=&#8221;#303030&#8243; header_font_size=&#8221;20px&#8221; position_font=&#8221;Roboto|500|||||||&#8221; position_text_color=&#8221;#878787&#8243; description_font=&#8221;Poppins|500|||||||&#8221; description_text_color=&#8221;#505050&#8243; description_font_size=&#8221;15px&#8221; description_line_height=&#8221;1.5em&#8221; background_color=&#8221;#ffffff&#8221; background_enable_color=&#8221;on&#8221; custom_margin=&#8221;-10px||||false|false&#8221; border_color_bottom=&#8221;#0cc9a6&#8243; border_style_bottom=&#8221;inset&#8221; global_colors_info=&#8221;{}&#8221;][\/dnxte_testimonial_child][dnxte_testimonial_child dnxte_testimonial_name=&#8221;Alicia&#8221; dnxte_testimonial_description=&#8221;Contactamos con Glow Rehabilita para hacer una reforma integral del piso que acab\u00e1bamos de adquirir y desde el primer momento nos demostraron su profesionalidad y dedicaci\u00f3n&#8221; dnxte_testimonial_logo=&#8221;https:\/\/glowrehabilita.com\/wp-content\/uploads\/2024\/03\/googlelogo_color_92x30dp.png&#8221; dnxte_testimonial_description_padding=&#8221;20px|20px|20px|20px|true|true&#8221; _builder_version=&#8221;4.24.2&#8243; _module_preset=&#8221;default&#8221; header_font=&#8221;Poppins||||||||&#8221; header_text_color=&#8221;#303030&#8243; header_font_size=&#8221;20px&#8221; position_font=&#8221;Roboto|500|||||||&#8221; position_text_color=&#8221;#878787&#8243; description_font=&#8221;Poppins|500|||||||&#8221; description_text_color=&#8221;#505050&#8243; description_font_size=&#8221;15px&#8221; description_line_height=&#8221;1.5em&#8221; background_color=&#8221;#ffffff&#8221; background_enable_color=&#8221;on&#8221; custom_margin=&#8221;-10px||||false|false&#8221; border_color_bottom=&#8221;#0cc9a6&#8243; border_style_bottom=&#8221;inset&#8221; global_colors_info=&#8221;{}&#8221;][\/dnxte_testimonial_child][\/dnxte_testimonial_parent][\/et_pb_column][\/et_pb_row][\/et_pb_section][et_pb_section fb_built=&#8221;1&#8243; admin_label=&#8221;Instagram&#8221; _builder_version=&#8221;4.16&#8243; background_color=&#8221;#eeeeee&#8221; global_colors_info=&#8221;{}&#8221;][et_pb_row _builder_version=&#8221;4.27.4&#8243; global_colors_info=&#8221;{}&#8221;][et_pb_column type=&#8221;4_4&#8243; _builder_version=&#8221;4.16&#8243; global_colors_info=&#8221;{}&#8221;][et_pb_text _builder_version=&#8221;4.27.4&#8243; custom_margin=&#8221;||22px|||&#8221; global_colors_info=&#8221;{}&#8221;]<\/p>\n<p><span style=\"\"><strong>INSTAGRAM<\/strong><\/span> <a href=\"https:\/\/www.instagram.com\/glowrehabilitastudio\/\" rel=\"nofollow noopener\" target=\"_blank\">@glowrehabilitaestudio<\/a><\/p>\n<p>[\/et_pb_text][et_pb_text admin_label=&#8221;Instagram posts&#8221; _builder_version=&#8221;4.27.4&#8243; global_colors_info=&#8221;{}&#8221;]<style type=\"text\/css\">.zoom-instagram.feed-987511049{font-size:14px!important;padding:1px!important;}.zoom-instagram.feed-987511049 .zoom-instagram-widget__items{gap:10px!important;}.zoom-instagram.feed-987511049 .zoom-instagram-widget__items img {width:240px!important;}.zoom-instagram.feed-987511049 .zoom-instagram-widget__items.layout-fullwidth{grid-template-columns:repeat(5,1fr);}<\/style>\n<div class=\"zoom-instagram feed-987511049 layout-fullwidth columns-3 with-lightbox spacing-10 perpage-3\"><div class=\"zoom-instagram-widget__items-wrapper\"><ul class=\"zoom-instagram-widget__items zoom-instagram-widget__items--no-js layout-fullwidth\" data-layout=\"fullwidth\" data-lightbox=\"1\" data-spacing=\"10\" data-perpage=\"3\"><li class=\"zoom-instagram-widget__item media-icons-normal media-icons-hover\" data-media-id=\"18064819847371478\"data-nonce=\"5cb6ddc8b1\"data-regenerate-thumbnails=\"1\"data-media-type=\"image\"><div class=\"zoom-instagram-widget__item-inner-wrap\"><img class=\"zoom-instagram-link zoom-instagram-link-new\"  data-src=\"https:\/\/glowrehabilita.b-cdn.net\/wp-content\/uploads\/2024\/03\/681814929_18350247781214684_3296274718093759758_n-512x640.jpg\" data-mfp-src=\"18064819847371478\" width=\"512\" height=\"640\" alt=\"\u00bf\ud835\udde7\ud835\ude02 \ud835\uddf0\ud835\uddfc\ud835\uddf0\ud835\uddf6\ud835\uddfb\ud835\uddee \ud835\uddf2\ud835\ude00 \ud835\uddfc\ud835\ude00\ud835\uddf0\ud835\ude02\ud835\uddff\ud835\uddee \ud835\uddfc \ud835\ude00\ud835\uddf6\ud835\uddfa\ud835\uddfd\ud835\uddf9\ud835\uddf2\ud835\uddfa\ud835\uddf2\ud835\uddfb\ud835\ude01\ud835\uddf2 \ud835\uddf2\ud835\ude00\ud835\ude01\u00e1 \ud835\uddfa\ud835\uddee\ud835\uddf9 \ud835\uddf1\ud835\uddf6\ud835\ude00\ud835\ude01\ud835\uddff\ud835\uddf6\ud835\uddef\ud835\ude02\ud835\uddf6\ud835\uddf1\ud835\uddee? \ud83d\udca1\n\nEn \ud835\uddda\ud835\uddf9\ud835\uddfc\ud835\ude04 \ud835\udde5\ud835\uddf2\ud835\uddf5\ud835\uddee\ud835\uddef\ud835\uddf6\ud835\uddf9\ud835\uddf6\ud835\ude01\ud835\uddee \ud835\udde6\ud835\ude01\ud835\ude02\ud835\uddf1\ud835\uddf6\ud835\uddfc no solo instalamos muebles; repensamos la estructura para que la luz natural llegue a cada rinc\u00f3n.\n\nEn este proyecto, la clave fue eliminar barreras para ganar amplitud real. \n\ud83d\udd39 Tonos claros para dar aire y madera para aportar esa calidez necesaria.\n\nMenos &quot;decoraci\u00f3n&quot; y m\u00e1s ejecuci\u00f3n con criterio. \u2728\ud83d\udcd0\n\u00bfQuieres ganar esta luz en tu casa? \ud835\uddd8\ud835\ude00\ud835\uddf0\ud835\uddff\ud835\uddf6\ud835\uddef\ud835\uddf2 &quot;\ud835\udddf\ud835\udde8\ud835\udded&quot; \ud835\uddf2\ud835\uddfb \ud835\uddf0\ud835\uddfc\ud835\uddfa\ud835\uddf2\ud835\uddfb\ud835\ude01\ud835\uddee\ud835\uddff\ud835\uddf6\ud835\uddfc\ud835\ude00 \ud835\ude06 \ud835\uddf5\ud835\uddee\ud835\uddef\ud835\uddf9\ud835\uddee\ud835\uddfa\ud835\uddfc\ud835\ude00. \ud83d\udc47\ud83c\udffc\n--\n\ud835\udddf\ud835\uddee \ud835\ude01\ud835\uddf2\ud835\ude03\ud835\uddee \ud835\uddf0\ud835\ude02\ud835\uddf6\ud835\uddfb\ud835\uddee \u00e9\ud835\ude00 \ud835\uddf3\ud835\uddfc\ud835\ude00\ud835\uddf0\ud835\uddee \ud835\uddfc \ud835\ude00\ud835\uddf6\ud835\uddfa\ud835\uddfd\ud835\uddf9\ud835\uddf2\ud835\uddfa\ud835\uddf2\ud835\uddfb\ud835\ude01 \ud835\uddf2\ud835\ude00\ud835\ude01\u00e0 \ud835\uddfa\ud835\uddee\ud835\uddf9 \ud835\uddf1\ud835\uddf6\ud835\ude00\ud835\ude01\ud835\uddff\ud835\uddf6\ud835\uddef\ud835\ude02\u00ef\ud835\uddf1\ud835\uddee? \ud83d\udca1\n\nA \ud835\uddda\ud835\uddf9\ud835\uddfc\ud835\ude04 \ud835\udde5\ud835\uddf2\ud835\uddf5\ud835\uddee\ud835\uddef\ud835\uddf6\ud835\uddf9\ud835\uddf6\ud835\ude01\ud835\uddee \ud835\udde6\ud835\ude01\ud835\ude02\ud835\uddf1\ud835\uddf6\ud835\uddfc no nom\u00e9s instal\u00b7lem mobles; repensem l&#039;estructura perqu\u00e8 la llum natural arribi a cada rac\u00f3.\n\nEn aquest projecte, la clau va ser eliminar barreres per guanyar amplitud real.\n\ud83d\udd39 Tons clars per donar aire i fusta per aportar la calidesa necess\u00e0ria.\n\nMenys &quot;decoraci\u00f3&quot; i m\u00e9s execuci\u00f3 amb criteri. \u2728\ud83d\udcd0\nVols guanyar aquesta llum a casa teva? \ud835\uddd8\ud835\ude00\ud835\uddf0\ud835\uddff\ud835\uddf6\ud835\ude02 &quot;\ud835\udddf\ud835\udddf\ud835\udde8\ud835\udde0&quot; \ud835\uddee\ud835\uddf9\ud835\ude00 \ud835\uddf0\ud835\uddfc\ud835\uddfa\ud835\uddf2\ud835\uddfb\ud835\ude01\ud835\uddee\ud835\uddff\ud835\uddf6\ud835\ude00 \ud835\uddf6 \ud835\uddf2\ud835\uddfb \ud835\uddfd\ud835\uddee\ud835\uddff\ud835\uddf9\ud835\uddf2\ud835\uddfa. \ud83d\udc47\ud83c\udffc\n\n#glowrehabilitastudio #santcugatdelvalles  #reformasintegrales #cocinasluminosas #cocinasabiertas\" \/><div class=\"hover-layout zoom-instagram-widget__overlay zoom-instagram-widget__black \"><div class=\"zoom-instagram-icon-wrap\"><a class=\"zoom-svg-instagram-stroke\" href=\"https:\/\/www.instagram.com\/p\/DXopriADpXJ\/\" rel=\"noopener nofollow\" target=\"_blank\" title=\"\u00bf\ud835\udde7\ud835\ude02 \ud835\uddf0\ud835\uddfc\ud835\uddf0\ud835\uddf6\ud835\uddfb\ud835\uddee \ud835\uddf2\ud835\ude00 \ud835\uddfc\ud835\ude00\ud835\uddf0\ud835\ude02\ud835\uddff\ud835\uddee \ud835\uddfc \ud835\ude00\ud835\uddf6\ud835\uddfa\ud835\uddfd\ud835\uddf9\ud835\uddf2\ud835\uddfa\ud835\uddf2\ud835\uddfb\ud835\ude01\ud835\uddf2 \ud835\uddf2\ud835\ude00\ud835\ude01\u00e1 \ud835\uddfa\ud835\uddee\ud835\uddf9 \ud835\uddf1\ud835\uddf6\ud835\ude00\ud835\ude01\ud835\uddff\ud835\uddf6\ud835\uddef\ud835\ude02\ud835\uddf6\ud835\uddf1\ud835\uddee? \ud83d\udca1\n\nEn \ud835\uddda\ud835\uddf9\ud835\uddfc\ud835\ude04 \ud835\udde5\ud835\uddf2\ud835\uddf5\ud835\uddee\ud835\uddef\ud835\uddf6\ud835\uddf9\ud835\uddf6\ud835\ude01\ud835\uddee \ud835\udde6\ud835\ude01\ud835\ude02\ud835\uddf1\ud835\uddf6\ud835\uddfc no solo instalamos muebles; repensamos la estructura para que la luz natural llegue a cada rinc\u00f3n.\n\nEn este proyecto, la clave fue eliminar barreras para ganar amplitud real. \n\ud83d\udd39 Tonos claros para dar aire y madera para aportar esa calidez necesaria.\n\nMenos &quot;decoraci\u00f3n&quot; y m\u00e1s ejecuci\u00f3n con criterio. \u2728\ud83d\udcd0\n\u00bfQuieres ganar esta luz en tu casa? \ud835\uddd8\ud835\ude00\ud835\uddf0\ud835\uddff\ud835\uddf6\ud835\uddef\ud835\uddf2 &quot;\ud835\udddf\ud835\udde8\ud835\udded&quot; \ud835\uddf2\ud835\uddfb \ud835\uddf0\ud835\uddfc\ud835\uddfa\ud835\uddf2\ud835\uddfb\ud835\ude01\ud835\uddee\ud835\uddff\ud835\uddf6\ud835\uddfc\ud835\ude00 \ud835\ude06 \ud835\uddf5\ud835\uddee\ud835\uddef\ud835\uddf9\ud835\uddee\ud835\uddfa\ud835\uddfc\ud835\ude00. \ud83d\udc47\ud83c\udffc\n--\n\ud835\udddf\ud835\uddee \ud835\ude01\ud835\uddf2\ud835\ude03\ud835\uddee \ud835\uddf0\ud835\ude02\ud835\uddf6\ud835\uddfb\ud835\uddee \u00e9\ud835\ude00 \ud835\uddf3\ud835\uddfc\ud835\ude00\ud835\uddf0\ud835\uddee \ud835\uddfc \ud835\ude00\ud835\uddf6\ud835\uddfa\ud835\uddfd\ud835\uddf9\ud835\uddf2\ud835\uddfa\ud835\uddf2\ud835\uddfb\ud835\ude01 \ud835\uddf2\ud835\ude00\ud835\ude01\u00e0 \ud835\uddfa\ud835\uddee\ud835\uddf9 \ud835\uddf1\ud835\uddf6\ud835\ude00\ud835\ude01\ud835\uddff\ud835\uddf6\ud835\uddef\ud835\ude02\u00ef\ud835\uddf1\ud835\uddee? \ud83d\udca1\n\nA \ud835\uddda\ud835\uddf9\ud835\uddfc\ud835\ude04 \ud835\udde5\ud835\uddf2\ud835\uddf5\ud835\uddee\ud835\uddef\ud835\uddf6\ud835\uddf9\ud835\uddf6\ud835\ude01\ud835\uddee \ud835\udde6\ud835\ude01\ud835\ude02\ud835\uddf1\ud835\uddf6\ud835\uddfc no nom\u00e9s instal\u00b7lem mobles; repensem l&#039;estructura perqu\u00e8 la llum natural arribi a cada rac\u00f3.\n\nEn aquest projecte, la clau va ser eliminar barreres per guanyar amplitud real.\n\ud83d\udd39 Tons clars per donar aire i fusta per aportar la calidesa necess\u00e0ria.\n\nMenys &quot;decoraci\u00f3&quot; i m\u00e9s execuci\u00f3 amb criteri. \u2728\ud83d\udcd0\nVols guanyar aquesta llum a casa teva? \ud835\uddd8\ud835\ude00\ud835\uddf0\ud835\uddff\ud835\uddf6\ud835\ude02 &quot;\ud835\udddf\ud835\udddf\ud835\udde8\ud835\udde0&quot; \ud835\uddee\ud835\uddf9\ud835\ude00 \ud835\uddf0\ud835\uddfc\ud835\uddfa\ud835\uddf2\ud835\uddfb\ud835\ude01\ud835\uddee\ud835\uddff\ud835\uddf6\ud835\ude00 \ud835\uddf6 \ud835\uddf2\ud835\uddfb \ud835\uddfd\ud835\uddee\ud835\uddff\ud835\uddf9\ud835\uddf2\ud835\uddfa. \ud83d\udc47\ud83c\udffc\n\n#glowrehabilitastudio #santcugatdelvalles  #reformasintegrales #cocinasluminosas #cocinasabiertas\"><\/a><\/div><a class=\"zoom-instagram-link\" data-src=\"https:\/\/glowrehabilita.b-cdn.net\/wp-content\/uploads\/2024\/03\/681814929_18350247781214684_3296274718093759758_n-512x640.jpg\" data-mfp-src=\"18064819847371478\" href=\"https:\/\/www.instagram.com\/p\/DXopriADpXJ\/\" target=\"_blank\" rel=\"noopener nofollow\" title=\"\u00bf\ud835\udde7\ud835\ude02 \ud835\uddf0\ud835\uddfc\ud835\uddf0\ud835\uddf6\ud835\uddfb\ud835\uddee \ud835\uddf2\ud835\ude00 \ud835\uddfc\ud835\ude00\ud835\uddf0\ud835\ude02\ud835\uddff\ud835\uddee \ud835\uddfc \ud835\ude00\ud835\uddf6\ud835\uddfa\ud835\uddfd\ud835\uddf9\ud835\uddf2\ud835\uddfa\ud835\uddf2\ud835\uddfb\ud835\ude01\ud835\uddf2 \ud835\uddf2\ud835\ude00\ud835\ude01\u00e1 \ud835\uddfa\ud835\uddee\ud835\uddf9 \ud835\uddf1\ud835\uddf6\ud835\ude00\ud835\ude01\ud835\uddff\ud835\uddf6\ud835\uddef\ud835\ude02\ud835\uddf6\ud835\uddf1\ud835\uddee? \ud83d\udca1\n\nEn \ud835\uddda\ud835\uddf9\ud835\uddfc\ud835\ude04 \ud835\udde5\ud835\uddf2\ud835\uddf5\ud835\uddee\ud835\uddef\ud835\uddf6\ud835\uddf9\ud835\uddf6\ud835\ude01\ud835\uddee \ud835\udde6\ud835\ude01\ud835\ude02\ud835\uddf1\ud835\uddf6\ud835\uddfc no solo instalamos muebles; repensamos la estructura para que la luz natural llegue a cada rinc\u00f3n.\n\nEn este proyecto, la clave fue eliminar barreras para ganar amplitud real. \n\ud83d\udd39 Tonos claros para dar aire y madera para aportar esa calidez necesaria.\n\nMenos &quot;decoraci\u00f3n&quot; y m\u00e1s ejecuci\u00f3n con criterio. \u2728\ud83d\udcd0\n\u00bfQuieres ganar esta luz en tu casa? \ud835\uddd8\ud835\ude00\ud835\uddf0\ud835\uddff\ud835\uddf6\ud835\uddef\ud835\uddf2 &quot;\ud835\udddf\ud835\udde8\ud835\udded&quot; \ud835\uddf2\ud835\uddfb \ud835\uddf0\ud835\uddfc\ud835\uddfa\ud835\uddf2\ud835\uddfb\ud835\ude01\ud835\uddee\ud835\uddff\ud835\uddf6\ud835\uddfc\ud835\ude00 \ud835\ude06 \ud835\uddf5\ud835\uddee\ud835\uddef\ud835\uddf9\ud835\uddee\ud835\uddfa\ud835\uddfc\ud835\ude00. \ud83d\udc47\ud83c\udffc\n--\n\ud835\udddf\ud835\uddee \ud835\ude01\ud835\uddf2\ud835\ude03\ud835\uddee \ud835\uddf0\ud835\ude02\ud835\uddf6\ud835\uddfb\ud835\uddee \u00e9\ud835\ude00 \ud835\uddf3\ud835\uddfc\ud835\ude00\ud835\uddf0\ud835\uddee \ud835\uddfc \ud835\ude00\ud835\uddf6\ud835\uddfa\ud835\uddfd\ud835\uddf9\ud835\uddf2\ud835\uddfa\ud835\uddf2\ud835\uddfb\ud835\ude01 \ud835\uddf2\ud835\ude00\ud835\ude01\u00e0 \ud835\uddfa\ud835\uddee\ud835\uddf9 \ud835\uddf1\ud835\uddf6\ud835\ude00\ud835\ude01\ud835\uddff\ud835\uddf6\ud835\uddef\ud835\ude02\u00ef\ud835\uddf1\ud835\uddee? \ud83d\udca1\n\nA \ud835\uddda\ud835\uddf9\ud835\uddfc\ud835\ude04 \ud835\udde5\ud835\uddf2\ud835\uddf5\ud835\uddee\ud835\uddef\ud835\uddf6\ud835\uddf9\ud835\uddf6\ud835\ude01\ud835\uddee \ud835\udde6\ud835\ude01\ud835\ude02\ud835\uddf1\ud835\uddf6\ud835\uddfc no nom\u00e9s instal\u00b7lem mobles; repensem l&#039;estructura perqu\u00e8 la llum natural arribi a cada rac\u00f3.\n\nEn aquest projecte, la clau va ser eliminar barreres per guanyar amplitud real.\n\ud83d\udd39 Tons clars per donar aire i fusta per aportar la calidesa necess\u00e0ria.\n\nMenys &quot;decoraci\u00f3&quot; i m\u00e9s execuci\u00f3 amb criteri. \u2728\ud83d\udcd0\nVols guanyar aquesta llum a casa teva? \ud835\uddd8\ud835\ude00\ud835\uddf0\ud835\uddff\ud835\uddf6\ud835\ude02 &quot;\ud835\udddf\ud835\udddf\ud835\udde8\ud835\udde0&quot; \ud835\uddee\ud835\uddf9\ud835\ude00 \ud835\uddf0\ud835\uddfc\ud835\uddfa\ud835\uddf2\ud835\uddfb\ud835\ude01\ud835\uddee\ud835\uddff\ud835\uddf6\ud835\ude00 \ud835\uddf6 \ud835\uddf2\ud835\uddfb \ud835\uddfd\ud835\uddee\ud835\uddff\ud835\uddf9\ud835\uddf2\ud835\uddfa. \ud83d\udc47\ud83c\udffc\n\n#glowrehabilitastudio #santcugatdelvalles  #reformasintegrales #cocinasluminosas #cocinasabiertas\"><\/a><\/div><\/div><\/li><li class=\"zoom-instagram-widget__item media-icons-normal media-icons-hover\" data-media-id=\"17931803973250489\"data-nonce=\"066ea52d4d\"data-regenerate-thumbnails=\"1\"data-media-type=\"carousel_album\"><div class=\"zoom-instagram-widget__item-inner-wrap\"><img class=\"zoom-instagram-link zoom-instagram-link-new\"  data-src=\"https:\/\/glowrehabilita.b-cdn.net\/wp-content\/uploads\/2024\/03\/674515874_18349801807214684_1762753760790216621_n-480x640.jpg\" data-mfp-src=\"17931803973250489\" width=\"480\" height=\"640\" alt=\"\ud83d\udce2 \ud835\udde6\ud835\udde7\ud835\udde2\ud835\udde3 a les cuines petites i aclaparadores! \u274c\nA \ud835\uddda\ud835\uddf9\ud835\uddfc\ud835\ude04 \ud835\udde5\ud835\uddf2\ud835\uddf5\ud835\uddee\ud835\uddef\ud835\uddf6\ud835\uddf9\ud835\uddf6\ud835\ude01\ud835\uddee \ud835\udde6\ud835\ude01\ud835\ude02\ud835\uddf1\ud835\uddf6\ud835\uddfc creiem que la mida no importa si el disseny \u00e9s intel\u00b7ligent.\n\nEn aquest carrusel t\u2019ensenyem els 5 tips que has d\u2019entendre per optimitzar la teva cuina al detall.\n\nFem cr\u00e9ixer el teu espai gr\u00e0cies a l&#039;estrat\u00e8gia:\n\u2714\ufe0f Guanyem amplitud visual.\n\u2714\ufe0f Multipliquem l&#039;ordre.\n\nFes swipe i descobreix com aprofitar al m\u00e0xim l\u2019espai real de casa teva!\n\ud835\udde6\ud835\uddf6 \ud835\uddf2\ud835\ude00\ud835\ude01\u00e0\ud835\ude00 \ud835\uddfd\ud835\uddf2\ud835\uddfb\ud835\ude00\ud835\uddee\ud835\uddfb\ud835\ude01 \ud835\uddee \ud835\uddff\ud835\uddf2\ud835\uddfb\ud835\uddfc\ud835\ude03\ud835\uddee\ud835\uddff \ud835\uddf9\ud835\uddee \ud835\ude01\ud835\uddf2\ud835\ude03\ud835\uddee \ud835\uddf0\ud835\ude02\ud835\uddf6\ud835\uddfb\ud835\uddee, \ud835\uddf2\ud835\uddfb\ud835\ude03\ud835\uddf6\ud835\uddee\u2019\ud835\uddfb\ud835\ude00 \ud835\ude02\ud835\uddfb \ud835\uddd7\ud835\udde0 \ud835\uddf6 \ud835\uddfd\ud835\uddee\ud835\uddff\ud835\uddf9\ud835\uddf2\ud835\uddfa \ud835\uddf1\ud835\uddf2\ud835\uddf9 \ud835\ude01\ud835\uddf2\ud835\ude02 \ud835\uddfd\ud835\uddff\ud835\uddfc\ud835\uddf7\ud835\uddf2\ud835\uddf0\ud835\ude01\ud835\uddf2! \ud83d\udce9\n--\n\ud83d\udce2 \u00a1\ud835\udde6\ud835\udde7\ud835\udde2\ud835\udde3 a las cocinas peque\u00f1as y agobiantes! \u274c\nEn \ud835\uddda\ud835\uddf9\ud835\uddfc\ud835\ude04 \ud835\udde5\ud835\uddf2\ud835\uddf5\ud835\uddee\ud835\uddef\ud835\uddf6\ud835\uddf9\ud835\uddf6\ud835\ude01\ud835\uddee \ud835\udde6\ud835\ude01\ud835\ude02\ud835\uddf1\ud835\uddf6\ud835\uddfc creemos que el tama\u00f1o no importa si el dise\u00f1o es inteligente.\n\nEn este carrusel te ense\u00f1amos los 5 tips que debes entender para optimizar tu cocina al detalle.\n\nHacemos crecer tu espacio gracias a la estrategia:\n\u2714\ufe0f Ganamos amplitud visual.\n\u2714\ufe0f Multiplicamos el orden.\n\n\ud83d\udc40 \u00a1Haz swipe! y descubre c\u00f3mo aprovechar al m\u00e1ximo el espacio real de tu hogar.\n\n\ud835\udde6\ud835\uddf6 \ud835\uddf2\ud835\ude00\ud835\ude01\u00e1\ud835\ude00 \ud835\uddfd\ud835\uddf2\ud835\uddfb\ud835\ude00\ud835\uddee\ud835\uddfb\ud835\uddf1\ud835\uddfc \ud835\uddf2\ud835\uddfb \ud835\uddff\ud835\uddf2\ud835\uddfb\ud835\uddfc\ud835\ude03\ud835\uddee\ud835\uddff \ud835\ude01\ud835\ude02 \ud835\uddf0\ud835\uddfc\ud835\uddf0\ud835\uddf6\ud835\uddfb\ud835\uddee, \u00a1\ud835\uddf2\ud835\uddfb\ud835\ude03\u00ed\ud835\uddee\ud835\uddfb\ud835\uddfc\ud835\ude00 \ud835\ude02\ud835\uddfb \ud835\uddd7\ud835\udde0 \ud835\ude06 \ud835\uddf5\ud835\uddee\ud835\uddef\ud835\uddf9\ud835\uddf2\ud835\uddfa\ud835\uddfc\ud835\ude00 \ud835\uddf1\ud835\uddf2 \ud835\ude01\ud835\ude02 \ud835\uddfd\ud835\uddff\ud835\uddfc\ud835\ude06\ud835\uddf2\ud835\uddf0\ud835\ude01\ud835\uddfc! \ud83d\udce9\n\n#glowrehabilitastudio #santcugatdelvalles #dise\u00f1odecocinas #mobiliarioamedida #estilismococina #decoinspo\" \/><div class=\"hover-layout zoom-instagram-widget__overlay zoom-instagram-widget__black \"><svg class=\"svg-icon\" shape-rendering=\"geometricPrecision\"><use xlink:href=\"https:\/\/glowrehabilita.com\/wp-content\/plugins\/instagram-widget-by-wpzoom\/dist\/images\/frontend\/wpzoom-instagram-icons.svg#carousel_album\"><\/use><\/svg><div class=\"zoom-instagram-icon-wrap\"><a class=\"zoom-svg-instagram-stroke\" href=\"https:\/\/www.instagram.com\/p\/DXgjmRrjHEf\/\" rel=\"noopener nofollow\" target=\"_blank\" title=\"\ud83d\udce2 \ud835\udde6\ud835\udde7\ud835\udde2\ud835\udde3 a les cuines petites i aclaparadores! \u274c\nA \ud835\uddda\ud835\uddf9\ud835\uddfc\ud835\ude04 \ud835\udde5\ud835\uddf2\ud835\uddf5\ud835\uddee\ud835\uddef\ud835\uddf6\ud835\uddf9\ud835\uddf6\ud835\ude01\ud835\uddee \ud835\udde6\ud835\ude01\ud835\ude02\ud835\uddf1\ud835\uddf6\ud835\uddfc creiem que la mida no importa si el disseny \u00e9s intel\u00b7ligent.\n\nEn aquest carrusel t\u2019ensenyem els 5 tips que has d\u2019entendre per optimitzar la teva cuina al detall.\n\nFem cr\u00e9ixer el teu espai gr\u00e0cies a l&#039;estrat\u00e8gia:\n\u2714\ufe0f Guanyem amplitud visual.\n\u2714\ufe0f Multipliquem l&#039;ordre.\n\nFes swipe i descobreix com aprofitar al m\u00e0xim l\u2019espai real de casa teva!\n\ud835\udde6\ud835\uddf6 \ud835\uddf2\ud835\ude00\ud835\ude01\u00e0\ud835\ude00 \ud835\uddfd\ud835\uddf2\ud835\uddfb\ud835\ude00\ud835\uddee\ud835\uddfb\ud835\ude01 \ud835\uddee \ud835\uddff\ud835\uddf2\ud835\uddfb\ud835\uddfc\ud835\ude03\ud835\uddee\ud835\uddff \ud835\uddf9\ud835\uddee \ud835\ude01\ud835\uddf2\ud835\ude03\ud835\uddee \ud835\uddf0\ud835\ude02\ud835\uddf6\ud835\uddfb\ud835\uddee, \ud835\uddf2\ud835\uddfb\ud835\ude03\ud835\uddf6\ud835\uddee\u2019\ud835\uddfb\ud835\ude00 \ud835\ude02\ud835\uddfb \ud835\uddd7\ud835\udde0 \ud835\uddf6 \ud835\uddfd\ud835\uddee\ud835\uddff\ud835\uddf9\ud835\uddf2\ud835\uddfa \ud835\uddf1\ud835\uddf2\ud835\uddf9 \ud835\ude01\ud835\uddf2\ud835\ude02 \ud835\uddfd\ud835\uddff\ud835\uddfc\ud835\uddf7\ud835\uddf2\ud835\uddf0\ud835\ude01\ud835\uddf2! \ud83d\udce9\n--\n\ud83d\udce2 \u00a1\ud835\udde6\ud835\udde7\ud835\udde2\ud835\udde3 a las cocinas peque\u00f1as y agobiantes! \u274c\nEn \ud835\uddda\ud835\uddf9\ud835\uddfc\ud835\ude04 \ud835\udde5\ud835\uddf2\ud835\uddf5\ud835\uddee\ud835\uddef\ud835\uddf6\ud835\uddf9\ud835\uddf6\ud835\ude01\ud835\uddee \ud835\udde6\ud835\ude01\ud835\ude02\ud835\uddf1\ud835\uddf6\ud835\uddfc creemos que el tama\u00f1o no importa si el dise\u00f1o es inteligente.\n\nEn este carrusel te ense\u00f1amos los 5 tips que debes entender para optimizar tu cocina al detalle.\n\nHacemos crecer tu espacio gracias a la estrategia:\n\u2714\ufe0f Ganamos amplitud visual.\n\u2714\ufe0f Multiplicamos el orden.\n\n\ud83d\udc40 \u00a1Haz swipe! y descubre c\u00f3mo aprovechar al m\u00e1ximo el espacio real de tu hogar.\n\n\ud835\udde6\ud835\uddf6 \ud835\uddf2\ud835\ude00\ud835\ude01\u00e1\ud835\ude00 \ud835\uddfd\ud835\uddf2\ud835\uddfb\ud835\ude00\ud835\uddee\ud835\uddfb\ud835\uddf1\ud835\uddfc \ud835\uddf2\ud835\uddfb \ud835\uddff\ud835\uddf2\ud835\uddfb\ud835\uddfc\ud835\ude03\ud835\uddee\ud835\uddff \ud835\ude01\ud835\ude02 \ud835\uddf0\ud835\uddfc\ud835\uddf0\ud835\uddf6\ud835\uddfb\ud835\uddee, \u00a1\ud835\uddf2\ud835\uddfb\ud835\ude03\u00ed\ud835\uddee\ud835\uddfb\ud835\uddfc\ud835\ude00 \ud835\ude02\ud835\uddfb \ud835\uddd7\ud835\udde0 \ud835\ude06 \ud835\uddf5\ud835\uddee\ud835\uddef\ud835\uddf9\ud835\uddf2\ud835\uddfa\ud835\uddfc\ud835\ude00 \ud835\uddf1\ud835\uddf2 \ud835\ude01\ud835\ude02 \ud835\uddfd\ud835\uddff\ud835\uddfc\ud835\ude06\ud835\uddf2\ud835\uddf0\ud835\ude01\ud835\uddfc! \ud83d\udce9\n\n#glowrehabilitastudio #santcugatdelvalles #dise\u00f1odecocinas #mobiliarioamedida #estilismococina #decoinspo\"><\/a><\/div><a class=\"zoom-instagram-link\" data-src=\"https:\/\/glowrehabilita.b-cdn.net\/wp-content\/uploads\/2024\/03\/674515874_18349801807214684_1762753760790216621_n-480x640.jpg\" data-mfp-src=\"17931803973250489\" href=\"https:\/\/www.instagram.com\/p\/DXgjmRrjHEf\/\" target=\"_blank\" rel=\"noopener nofollow\" title=\"\ud83d\udce2 \ud835\udde6\ud835\udde7\ud835\udde2\ud835\udde3 a les cuines petites i aclaparadores! \u274c\nA \ud835\uddda\ud835\uddf9\ud835\uddfc\ud835\ude04 \ud835\udde5\ud835\uddf2\ud835\uddf5\ud835\uddee\ud835\uddef\ud835\uddf6\ud835\uddf9\ud835\uddf6\ud835\ude01\ud835\uddee \ud835\udde6\ud835\ude01\ud835\ude02\ud835\uddf1\ud835\uddf6\ud835\uddfc creiem que la mida no importa si el disseny \u00e9s intel\u00b7ligent.\n\nEn aquest carrusel t\u2019ensenyem els 5 tips que has d\u2019entendre per optimitzar la teva cuina al detall.\n\nFem cr\u00e9ixer el teu espai gr\u00e0cies a l&#039;estrat\u00e8gia:\n\u2714\ufe0f Guanyem amplitud visual.\n\u2714\ufe0f Multipliquem l&#039;ordre.\n\nFes swipe i descobreix com aprofitar al m\u00e0xim l\u2019espai real de casa teva!\n\ud835\udde6\ud835\uddf6 \ud835\uddf2\ud835\ude00\ud835\ude01\u00e0\ud835\ude00 \ud835\uddfd\ud835\uddf2\ud835\uddfb\ud835\ude00\ud835\uddee\ud835\uddfb\ud835\ude01 \ud835\uddee \ud835\uddff\ud835\uddf2\ud835\uddfb\ud835\uddfc\ud835\ude03\ud835\uddee\ud835\uddff \ud835\uddf9\ud835\uddee \ud835\ude01\ud835\uddf2\ud835\ude03\ud835\uddee \ud835\uddf0\ud835\ude02\ud835\uddf6\ud835\uddfb\ud835\uddee, \ud835\uddf2\ud835\uddfb\ud835\ude03\ud835\uddf6\ud835\uddee\u2019\ud835\uddfb\ud835\ude00 \ud835\ude02\ud835\uddfb \ud835\uddd7\ud835\udde0 \ud835\uddf6 \ud835\uddfd\ud835\uddee\ud835\uddff\ud835\uddf9\ud835\uddf2\ud835\uddfa \ud835\uddf1\ud835\uddf2\ud835\uddf9 \ud835\ude01\ud835\uddf2\ud835\ude02 \ud835\uddfd\ud835\uddff\ud835\uddfc\ud835\uddf7\ud835\uddf2\ud835\uddf0\ud835\ude01\ud835\uddf2! \ud83d\udce9\n--\n\ud83d\udce2 \u00a1\ud835\udde6\ud835\udde7\ud835\udde2\ud835\udde3 a las cocinas peque\u00f1as y agobiantes! \u274c\nEn \ud835\uddda\ud835\uddf9\ud835\uddfc\ud835\ude04 \ud835\udde5\ud835\uddf2\ud835\uddf5\ud835\uddee\ud835\uddef\ud835\uddf6\ud835\uddf9\ud835\uddf6\ud835\ude01\ud835\uddee \ud835\udde6\ud835\ude01\ud835\ude02\ud835\uddf1\ud835\uddf6\ud835\uddfc creemos que el tama\u00f1o no importa si el dise\u00f1o es inteligente.\n\nEn este carrusel te ense\u00f1amos los 5 tips que debes entender para optimizar tu cocina al detalle.\n\nHacemos crecer tu espacio gracias a la estrategia:\n\u2714\ufe0f Ganamos amplitud visual.\n\u2714\ufe0f Multiplicamos el orden.\n\n\ud83d\udc40 \u00a1Haz swipe! y descubre c\u00f3mo aprovechar al m\u00e1ximo el espacio real de tu hogar.\n\n\ud835\udde6\ud835\uddf6 \ud835\uddf2\ud835\ude00\ud835\ude01\u00e1\ud835\ude00 \ud835\uddfd\ud835\uddf2\ud835\uddfb\ud835\ude00\ud835\uddee\ud835\uddfb\ud835\uddf1\ud835\uddfc \ud835\uddf2\ud835\uddfb \ud835\uddff\ud835\uddf2\ud835\uddfb\ud835\uddfc\ud835\ude03\ud835\uddee\ud835\uddff \ud835\ude01\ud835\ude02 \ud835\uddf0\ud835\uddfc\ud835\uddf0\ud835\uddf6\ud835\uddfb\ud835\uddee, \u00a1\ud835\uddf2\ud835\uddfb\ud835\ude03\u00ed\ud835\uddee\ud835\uddfb\ud835\uddfc\ud835\ude00 \ud835\ude02\ud835\uddfb \ud835\uddd7\ud835\udde0 \ud835\ude06 \ud835\uddf5\ud835\uddee\ud835\uddef\ud835\uddf9\ud835\uddf2\ud835\uddfa\ud835\uddfc\ud835\ude00 \ud835\uddf1\ud835\uddf2 \ud835\ude01\ud835\ude02 \ud835\uddfd\ud835\uddff\ud835\uddfc\ud835\ude06\ud835\uddf2\ud835\uddf0\ud835\ude01\ud835\uddfc! \ud83d\udce9\n\n#glowrehabilitastudio #santcugatdelvalles #dise\u00f1odecocinas #mobiliarioamedida #estilismococina #decoinspo\"><\/a><\/div><\/div><\/li><li class=\"zoom-instagram-widget__item media-icons-normal media-icons-hover\" data-media-id=\"18263331523293678\"data-nonce=\"2a83f7aa78\"data-regenerate-thumbnails=\"1\"data-media-type=\"video\"><div class=\"zoom-instagram-widget__item-inner-wrap\"><img class=\"zoom-instagram-link zoom-instagram-link-new\"  data-src=\"https:\/\/glowrehabilita.b-cdn.net\/wp-content\/uploads\/2024\/03\/674461771_948559551221165_7195026685780283414_n-361x640.jpg\" data-mfp-src=\"18263331523293678\" width=\"361\" height=\"640\" alt=\"Bona Diada i feli\u00e7 Sant Jordi a tothom! \ud83c\udf39\n\nTens ja un rac\u00f3 per al teu llibre d&#039;avui? \n\n\ud83d\udcd6 A Glow Rehabilita Studio dissenyem espais on viure... noves hist\u00f2ries. Com aquestes llibreries que hem fet a mida, pensades per gaudir de cada cap\u00edtol a casa teva. \u2728\n--\n\u00a1Feliz Sant Jordi a todos! \ud83c\udf39\n\n\u00bfYa tienes rinc\u00f3n para tu libro de hoy? \n\n\ud83d\udcd6 En Glow Rehabilita Studio dise\u00f1amos espacios donde vivir... nuevas historias. Como estas librer\u00edas que hemos hecho a medida, pensadas para disfrutar de cada cap\u00edtulo en tu propia casa. \u2728\n\n#glowrehabilitastudio #reformasintegrales #reformasdeinteriores #dise\u00f1opersonalizado #dise\u00f1oamedida #arquitecturaydise\u00f1o #feli\u00e7santjordi\" \/><div class=\"hover-layout zoom-instagram-widget__overlay zoom-instagram-widget__black \"><svg class=\"svg-icon\" shape-rendering=\"geometricPrecision\"><use xlink:href=\"https:\/\/glowrehabilita.com\/wp-content\/plugins\/instagram-widget-by-wpzoom\/dist\/images\/frontend\/wpzoom-instagram-icons.svg#video\"><\/use><\/svg><div class=\"zoom-instagram-icon-wrap\"><a class=\"zoom-svg-instagram-stroke\" href=\"https:\/\/www.instagram.com\/reel\/DXeFuG0gWRZ\/\" rel=\"noopener nofollow\" target=\"_blank\" title=\"Bona Diada i feli\u00e7 Sant Jordi a tothom! \ud83c\udf39\n\nTens ja un rac\u00f3 per al teu llibre d&#039;avui? \n\n\ud83d\udcd6 A Glow Rehabilita Studio dissenyem espais on viure... noves hist\u00f2ries. Com aquestes llibreries que hem fet a mida, pensades per gaudir de cada cap\u00edtol a casa teva. \u2728\n--\n\u00a1Feliz Sant Jordi a todos! \ud83c\udf39\n\n\u00bfYa tienes rinc\u00f3n para tu libro de hoy? \n\n\ud83d\udcd6 En Glow Rehabilita Studio dise\u00f1amos espacios donde vivir... nuevas historias. Como estas librer\u00edas que hemos hecho a medida, pensadas para disfrutar de cada cap\u00edtulo en tu propia casa. \u2728\n\n#glowrehabilitastudio #reformasintegrales #reformasdeinteriores #dise\u00f1opersonalizado #dise\u00f1oamedida #arquitecturaydise\u00f1o #feli\u00e7santjordi\"><\/a><\/div><a class=\"zoom-instagram-link\" data-src=\"https:\/\/glowrehabilita.b-cdn.net\/wp-content\/uploads\/2024\/03\/674461771_948559551221165_7195026685780283414_n-361x640.jpg\" data-mfp-src=\"18263331523293678\" href=\"https:\/\/www.instagram.com\/reel\/DXeFuG0gWRZ\/\" target=\"_blank\" rel=\"noopener nofollow\" title=\"Bona Diada i feli\u00e7 Sant Jordi a tothom! \ud83c\udf39\n\nTens ja un rac\u00f3 per al teu llibre d&#039;avui? \n\n\ud83d\udcd6 A Glow Rehabilita Studio dissenyem espais on viure... noves hist\u00f2ries. Com aquestes llibreries que hem fet a mida, pensades per gaudir de cada cap\u00edtol a casa teva. \u2728\n--\n\u00a1Feliz Sant Jordi a todos! \ud83c\udf39\n\n\u00bfYa tienes rinc\u00f3n para tu libro de hoy? \n\n\ud83d\udcd6 En Glow Rehabilita Studio dise\u00f1amos espacios donde vivir... nuevas historias. Como estas librer\u00edas que hemos hecho a medida, pensadas para disfrutar de cada cap\u00edtulo en tu propia casa. \u2728\n\n#glowrehabilitastudio #reformasintegrales #reformasdeinteriores #dise\u00f1opersonalizado #dise\u00f1oamedida #arquitecturaydise\u00f1o #feli\u00e7santjordi\"><\/a><\/div><\/div><\/li><li class=\"zoom-instagram-widget__item media-icons-normal media-icons-hover\" data-media-id=\"18407262214182692\"data-nonce=\"8bd1c19d61\"data-regenerate-thumbnails=\"1\"data-media-type=\"carousel_album\"><div class=\"zoom-instagram-widget__item-inner-wrap\"><img class=\"zoom-instagram-link zoom-instagram-link-new\"  data-src=\"https:\/\/glowrehabilita.b-cdn.net\/wp-content\/uploads\/2024\/03\/671832659_18349311049214684_4505696725207815915_n-512x640.jpg\" data-mfp-src=\"18407262214182692\" width=\"512\" height=\"640\" alt=\"En esta \ud835\uddff\ud835\uddf2\ud835\uddf0\ud835\uddfc\ud835\uddfd\ud835\uddf6\ud835\uddf9\ud835\uddee\ud835\uddf0\ud835\uddf6\u00f3\ud835\uddfb \ud835\uddf1\ud835\uddf2 \ud835\uddf3\ud835\uddfc\ud835\ude01\ud835\uddfc\ud835\ude00 queremos destacar \ud835\uddf0\ud835\uddfc\ud835\uddf0\ud835\uddf6\ud835\uddfb\ud835\uddee\ud835\ude00 \ud835\uddf6\ud835\uddfb\ud835\ude01\ud835\uddf2\ud835\uddf4\ud835\uddff\ud835\uddee\ud835\uddf1\ud835\uddee\ud835\ude00 \ud835\uddf2\ud835\uddfb \ud835\uddf2\ud835\uddf9 \ud835\uddf0\ud835\uddfc\ud835\uddfa\ud835\uddf2\ud835\uddf1\ud835\uddfc\ud835\uddff. Te ense\u00f1amos c\u00f3mo ganar amplitud eliminando barreras visuales y dejando que la casa respire:\n\nM\u00e1s claridad\nConexi\u00f3n real\nDise\u00f1o integrado\nDesliza para descubrir c\u00f3mo transformamos la oscuridad en espacios de vida.\n\n\u00bf\ud835\uddd8\ud835\uddff\ud835\uddf2\ud835\ude00 \ud835\uddf1\ud835\uddf2 \ud835\uddf9\ud835\uddfc\ud835\ude00 \ud835\uddfe\ud835\ude02\ud835\uddf2 \ud835\uddfd\ud835\uddff\ud835\uddf6\ud835\uddfc\ud835\uddff\ud835\uddf6\ud835\ude07\ud835\uddee \ud835\uddf9\ud835\uddee \ud835\uddf9\ud835\ude02\ud835\ude07 \ud835\uddfb\ud835\uddee\ud835\ude01\ud835\ude02\ud835\uddff\ud835\uddee\ud835\uddf9 \ud835\uddfd\ud835\uddfc\ud835\uddff \ud835\uddf2\ud835\uddfb\ud835\uddf0\ud835\uddf6\ud835\uddfa\ud835\uddee \ud835\uddf1\ud835\uddf2 \ud835\ude01\ud835\uddfc\ud835\uddf1\ud835\uddfc? \u00a1\ud835\udde7\ud835\uddf2 \ud835\uddf9\ud835\uddf2\ud835\uddf2\ud835\uddfa\ud835\uddfc\ud835\ude00! \ud83d\udc47\ud83c\udffc\n--\nEn aquesta \ud835\uddff\ud835\uddf2\ud835\uddf0\ud835\uddfc\ud835\uddfd\ud835\uddf6\ud835\uddf9\ud835\uddee\ud835\uddf0\ud835\uddf6\u00f3 \ud835\uddf1\ud835\uddf2 \ud835\uddf3\ud835\uddfc\ud835\ude01\ud835\uddfc\ud835\ude00 volem destacar \ud835\uddf0\ud835\ude02\ud835\uddf6\ud835\uddfb\ud835\uddf2\ud835\ude00 \ud835\uddf6\ud835\uddfb\ud835\ude01\ud835\uddf2\ud835\uddf4\ud835\uddff\ud835\uddee\ud835\uddf1\ud835\uddf2\ud835\ude00 \ud835\uddee\ud835\uddf9 \ud835\uddfa\ud835\uddf2\ud835\uddfb\ud835\uddf7\ud835\uddee\ud835\uddf1\ud835\uddfc\ud835\uddff. Et mostrem com guanyar amplitud eliminant barreres visuals i deixant que la casa respiri:\n\nM\u00e9s claredat\nConnexi\u00f3 real\nDisseny integrat\nDespla\u00e7a per descobrir com transformem la foscor en espais de vida.\n\n\ud835\uddd8\ud835\ude01\ud835\ude00 \ud835\uddf1\ud835\uddf2\ud835\uddf9\ud835\ude00 \ud835\uddfe\ud835\ude02\ud835\uddf2 \ud835\uddfd\ud835\uddff\ud835\uddf6\ud835\uddfc\ud835\uddff\ud835\uddf6\ud835\ude01\ud835\ude07\ud835\uddf2\ud835\uddfb \ud835\uddf9\ud835\uddee \ud835\uddf9\ud835\uddf9\ud835\ude02\ud835\uddfa \ud835\uddfb\ud835\uddee\ud835\ude01\ud835\ude02\ud835\uddff\ud835\uddee\ud835\uddf9 \ud835\uddfd\ud835\uddf2\ud835\uddff \ud835\ude00\ud835\uddfc\ud835\uddef\ud835\uddff\ud835\uddf2 \ud835\uddf1\ud835\uddf2 \ud835\ude01\ud835\uddfc\ud835\ude01? \ud835\udde7\u2019\ud835\uddf5\ud835\uddf6 \ud835\uddf9\ud835\uddf9\ud835\uddf2\ud835\uddf4\ud835\uddf6\ud835\uddfa! \ud83d\udc47\ud83c\udffc\n\n#glowrehabilitastudio #santcugatdelvalles #reformaintegral #arquitecturainterior #valldoreix #laplorella\" \/><div class=\"hover-layout zoom-instagram-widget__overlay zoom-instagram-widget__black \"><svg class=\"svg-icon\" shape-rendering=\"geometricPrecision\"><use xlink:href=\"https:\/\/glowrehabilita.com\/wp-content\/plugins\/instagram-widget-by-wpzoom\/dist\/images\/frontend\/wpzoom-instagram-icons.svg#carousel_album\"><\/use><\/svg><div class=\"zoom-instagram-icon-wrap\"><a class=\"zoom-svg-instagram-stroke\" href=\"https:\/\/www.instagram.com\/p\/DXWoI0gjk98\/\" rel=\"noopener nofollow\" target=\"_blank\" title=\"En esta \ud835\uddff\ud835\uddf2\ud835\uddf0\ud835\uddfc\ud835\uddfd\ud835\uddf6\ud835\uddf9\ud835\uddee\ud835\uddf0\ud835\uddf6\u00f3\ud835\uddfb \ud835\uddf1\ud835\uddf2 \ud835\uddf3\ud835\uddfc\ud835\ude01\ud835\uddfc\ud835\ude00 queremos destacar \ud835\uddf0\ud835\uddfc\ud835\uddf0\ud835\uddf6\ud835\uddfb\ud835\uddee\ud835\ude00 \ud835\uddf6\ud835\uddfb\ud835\ude01\ud835\uddf2\ud835\uddf4\ud835\uddff\ud835\uddee\ud835\uddf1\ud835\uddee\ud835\ude00 \ud835\uddf2\ud835\uddfb \ud835\uddf2\ud835\uddf9 \ud835\uddf0\ud835\uddfc\ud835\uddfa\ud835\uddf2\ud835\uddf1\ud835\uddfc\ud835\uddff. Te ense\u00f1amos c\u00f3mo ganar amplitud eliminando barreras visuales y dejando que la casa respire:\n\nM\u00e1s claridad\nConexi\u00f3n real\nDise\u00f1o integrado\nDesliza para descubrir c\u00f3mo transformamos la oscuridad en espacios de vida.\n\n\u00bf\ud835\uddd8\ud835\uddff\ud835\uddf2\ud835\ude00 \ud835\uddf1\ud835\uddf2 \ud835\uddf9\ud835\uddfc\ud835\ude00 \ud835\uddfe\ud835\ude02\ud835\uddf2 \ud835\uddfd\ud835\uddff\ud835\uddf6\ud835\uddfc\ud835\uddff\ud835\uddf6\ud835\ude07\ud835\uddee \ud835\uddf9\ud835\uddee \ud835\uddf9\ud835\ude02\ud835\ude07 \ud835\uddfb\ud835\uddee\ud835\ude01\ud835\ude02\ud835\uddff\ud835\uddee\ud835\uddf9 \ud835\uddfd\ud835\uddfc\ud835\uddff \ud835\uddf2\ud835\uddfb\ud835\uddf0\ud835\uddf6\ud835\uddfa\ud835\uddee \ud835\uddf1\ud835\uddf2 \ud835\ude01\ud835\uddfc\ud835\uddf1\ud835\uddfc? \u00a1\ud835\udde7\ud835\uddf2 \ud835\uddf9\ud835\uddf2\ud835\uddf2\ud835\uddfa\ud835\uddfc\ud835\ude00! \ud83d\udc47\ud83c\udffc\n--\nEn aquesta \ud835\uddff\ud835\uddf2\ud835\uddf0\ud835\uddfc\ud835\uddfd\ud835\uddf6\ud835\uddf9\ud835\uddee\ud835\uddf0\ud835\uddf6\u00f3 \ud835\uddf1\ud835\uddf2 \ud835\uddf3\ud835\uddfc\ud835\ude01\ud835\uddfc\ud835\ude00 volem destacar \ud835\uddf0\ud835\ude02\ud835\uddf6\ud835\uddfb\ud835\uddf2\ud835\ude00 \ud835\uddf6\ud835\uddfb\ud835\ude01\ud835\uddf2\ud835\uddf4\ud835\uddff\ud835\uddee\ud835\uddf1\ud835\uddf2\ud835\ude00 \ud835\uddee\ud835\uddf9 \ud835\uddfa\ud835\uddf2\ud835\uddfb\ud835\uddf7\ud835\uddee\ud835\uddf1\ud835\uddfc\ud835\uddff. Et mostrem com guanyar amplitud eliminant barreres visuals i deixant que la casa respiri:\n\nM\u00e9s claredat\nConnexi\u00f3 real\nDisseny integrat\nDespla\u00e7a per descobrir com transformem la foscor en espais de vida.\n\n\ud835\uddd8\ud835\ude01\ud835\ude00 \ud835\uddf1\ud835\uddf2\ud835\uddf9\ud835\ude00 \ud835\uddfe\ud835\ude02\ud835\uddf2 \ud835\uddfd\ud835\uddff\ud835\uddf6\ud835\uddfc\ud835\uddff\ud835\uddf6\ud835\ude01\ud835\ude07\ud835\uddf2\ud835\uddfb \ud835\uddf9\ud835\uddee \ud835\uddf9\ud835\uddf9\ud835\ude02\ud835\uddfa \ud835\uddfb\ud835\uddee\ud835\ude01\ud835\ude02\ud835\uddff\ud835\uddee\ud835\uddf9 \ud835\uddfd\ud835\uddf2\ud835\uddff \ud835\ude00\ud835\uddfc\ud835\uddef\ud835\uddff\ud835\uddf2 \ud835\uddf1\ud835\uddf2 \ud835\ude01\ud835\uddfc\ud835\ude01? \ud835\udde7\u2019\ud835\uddf5\ud835\uddf6 \ud835\uddf9\ud835\uddf9\ud835\uddf2\ud835\uddf4\ud835\uddf6\ud835\uddfa! \ud83d\udc47\ud83c\udffc\n\n#glowrehabilitastudio #santcugatdelvalles #reformaintegral #arquitecturainterior #valldoreix #laplorella\"><\/a><\/div><a class=\"zoom-instagram-link\" data-src=\"https:\/\/glowrehabilita.b-cdn.net\/wp-content\/uploads\/2024\/03\/671832659_18349311049214684_4505696725207815915_n-512x640.jpg\" data-mfp-src=\"18407262214182692\" href=\"https:\/\/www.instagram.com\/p\/DXWoI0gjk98\/\" target=\"_blank\" rel=\"noopener nofollow\" title=\"En esta \ud835\uddff\ud835\uddf2\ud835\uddf0\ud835\uddfc\ud835\uddfd\ud835\uddf6\ud835\uddf9\ud835\uddee\ud835\uddf0\ud835\uddf6\u00f3\ud835\uddfb \ud835\uddf1\ud835\uddf2 \ud835\uddf3\ud835\uddfc\ud835\ude01\ud835\uddfc\ud835\ude00 queremos destacar \ud835\uddf0\ud835\uddfc\ud835\uddf0\ud835\uddf6\ud835\uddfb\ud835\uddee\ud835\ude00 \ud835\uddf6\ud835\uddfb\ud835\ude01\ud835\uddf2\ud835\uddf4\ud835\uddff\ud835\uddee\ud835\uddf1\ud835\uddee\ud835\ude00 \ud835\uddf2\ud835\uddfb \ud835\uddf2\ud835\uddf9 \ud835\uddf0\ud835\uddfc\ud835\uddfa\ud835\uddf2\ud835\uddf1\ud835\uddfc\ud835\uddff. Te ense\u00f1amos c\u00f3mo ganar amplitud eliminando barreras visuales y dejando que la casa respire:\n\nM\u00e1s claridad\nConexi\u00f3n real\nDise\u00f1o integrado\nDesliza para descubrir c\u00f3mo transformamos la oscuridad en espacios de vida.\n\n\u00bf\ud835\uddd8\ud835\uddff\ud835\uddf2\ud835\ude00 \ud835\uddf1\ud835\uddf2 \ud835\uddf9\ud835\uddfc\ud835\ude00 \ud835\uddfe\ud835\ude02\ud835\uddf2 \ud835\uddfd\ud835\uddff\ud835\uddf6\ud835\uddfc\ud835\uddff\ud835\uddf6\ud835\ude07\ud835\uddee \ud835\uddf9\ud835\uddee \ud835\uddf9\ud835\ude02\ud835\ude07 \ud835\uddfb\ud835\uddee\ud835\ude01\ud835\ude02\ud835\uddff\ud835\uddee\ud835\uddf9 \ud835\uddfd\ud835\uddfc\ud835\uddff \ud835\uddf2\ud835\uddfb\ud835\uddf0\ud835\uddf6\ud835\uddfa\ud835\uddee \ud835\uddf1\ud835\uddf2 \ud835\ude01\ud835\uddfc\ud835\uddf1\ud835\uddfc? \u00a1\ud835\udde7\ud835\uddf2 \ud835\uddf9\ud835\uddf2\ud835\uddf2\ud835\uddfa\ud835\uddfc\ud835\ude00! \ud83d\udc47\ud83c\udffc\n--\nEn aquesta \ud835\uddff\ud835\uddf2\ud835\uddf0\ud835\uddfc\ud835\uddfd\ud835\uddf6\ud835\uddf9\ud835\uddee\ud835\uddf0\ud835\uddf6\u00f3 \ud835\uddf1\ud835\uddf2 \ud835\uddf3\ud835\uddfc\ud835\ude01\ud835\uddfc\ud835\ude00 volem destacar \ud835\uddf0\ud835\ude02\ud835\uddf6\ud835\uddfb\ud835\uddf2\ud835\ude00 \ud835\uddf6\ud835\uddfb\ud835\ude01\ud835\uddf2\ud835\uddf4\ud835\uddff\ud835\uddee\ud835\uddf1\ud835\uddf2\ud835\ude00 \ud835\uddee\ud835\uddf9 \ud835\uddfa\ud835\uddf2\ud835\uddfb\ud835\uddf7\ud835\uddee\ud835\uddf1\ud835\uddfc\ud835\uddff. Et mostrem com guanyar amplitud eliminant barreres visuals i deixant que la casa respiri:\n\nM\u00e9s claredat\nConnexi\u00f3 real\nDisseny integrat\nDespla\u00e7a per descobrir com transformem la foscor en espais de vida.\n\n\ud835\uddd8\ud835\ude01\ud835\ude00 \ud835\uddf1\ud835\uddf2\ud835\uddf9\ud835\ude00 \ud835\uddfe\ud835\ude02\ud835\uddf2 \ud835\uddfd\ud835\uddff\ud835\uddf6\ud835\uddfc\ud835\uddff\ud835\uddf6\ud835\ude01\ud835\ude07\ud835\uddf2\ud835\uddfb \ud835\uddf9\ud835\uddee \ud835\uddf9\ud835\uddf9\ud835\ude02\ud835\uddfa \ud835\uddfb\ud835\uddee\ud835\ude01\ud835\ude02\ud835\uddff\ud835\uddee\ud835\uddf9 \ud835\uddfd\ud835\uddf2\ud835\uddff \ud835\ude00\ud835\uddfc\ud835\uddef\ud835\uddff\ud835\uddf2 \ud835\uddf1\ud835\uddf2 \ud835\ude01\ud835\uddfc\ud835\ude01? \ud835\udde7\u2019\ud835\uddf5\ud835\uddf6 \ud835\uddf9\ud835\uddf9\ud835\uddf2\ud835\uddf4\ud835\uddf6\ud835\uddfa! \ud83d\udc47\ud83c\udffc\n\n#glowrehabilitastudio #santcugatdelvalles #reformaintegral #arquitecturainterior #valldoreix #laplorella\"><\/a><\/div><\/div><\/li><li class=\"zoom-instagram-widget__item media-icons-normal media-icons-hover\" data-media-id=\"18001811591874780\"data-nonce=\"e440673368\"data-regenerate-thumbnails=\"1\"data-media-type=\"video\"><div class=\"zoom-instagram-widget__item-inner-wrap\"><img class=\"zoom-instagram-link zoom-instagram-link-new\"  data-src=\"https:\/\/glowrehabilita.b-cdn.net\/wp-content\/uploads\/2024\/03\/675300078_946772051416471_4294782567671493463_n-361x640.jpg\" data-mfp-src=\"18001811591874780\" width=\"361\" height=\"640\" alt=\"\ud835\udde1\ud835\uddfc \u00e9\ud835\ude00 \ud835\uddf2\ud835\uddf9 \ud835\uddfa\ud835\uddee\ud835\ude01\ud835\uddf2\ud835\uddff\ud835\uddf6\ud835\uddee\ud835\uddf9. \u00c9\ud835\ude00 \ud835\uddf9\ud835\uddee \ud835\uddf1\ud835\uddf2\ud835\uddf0\ud835\uddf6\ud835\ude00\ud835\uddf6\u00f3 \ud835\uddee\ud835\uddef\ud835\uddee\ud835\uddfb\ud835\ude00.\n\nTriar acabats sense entendre l\u2019espai \u00e9s un error car. Abans de triar la cuina o les rajoles, a \ud835\uddda\ud835\uddf9\ud835\uddfc\ud835\ude04 \ud835\udde5\ud835\uddf2\ud835\uddf5\ud835\uddee\ud835\uddef\ud835\uddf6\ud835\uddf9\ud835\uddf6\ud835\ude01\ud835\uddee \ud835\udde6\ud835\ude01\ud835\ude02\ud835\uddf1\ud835\uddf6\ud835\uddfc prioritzem tres pilars:\n\n1\ufe0f\u20e3 Llum natural\n2\ufe0f\u20e3 Circulaci\u00f3\n3\ufe0f\u20e3 Distribuci\u00f3\n\nLa teva reforma no comen\u00e7a a la botiga, comen\u00e7a analitzant el teu estil de vida sobre el pl\u00e0nol. \ud83c\udfd7\ufe0f\n\nVols fer-ho b\u00e9 des del principi? Escriu &quot;\ud835\udde3\ud835\udddf\ud835\uddd4\ud835\udde1\ud835\udde2\ud835\udddf&quot; als comentaris i t\u2019ajudem. \ud83d\udc47\ud83c\udffc\n--\n\ud835\udde1\ud835\uddfc \ud835\uddf2\ud835\ude00 \ud835\uddf2\ud835\uddf9 \ud835\uddfa\ud835\uddee\ud835\ude01\ud835\uddf2\ud835\uddff\ud835\uddf6\ud835\uddee\ud835\uddf9. \ud835\uddd8\ud835\ude00 \ud835\uddf9\ud835\uddee \ud835\uddf1\ud835\uddf2\ud835\uddf0\ud835\uddf6\ud835\ude00\ud835\uddf6\u00f3\ud835\uddfb \ud835\uddfd\ud835\uddff\ud835\uddf2\ud835\ude03\ud835\uddf6\ud835\uddee.\n\nElegir acabados sin entender el espacio es un error caro. Antes de elegir la cocina o las baldosas, en \ud835\uddda\ud835\uddf9\ud835\uddfc\ud835\ude04 \ud835\udde5\ud835\uddf2\ud835\uddf5\ud835\uddee\ud835\uddef\ud835\uddf6\ud835\uddf9\ud835\uddf6\ud835\ude01\ud835\uddee \ud835\udde6\ud835\ude01\ud835\ude02\ud835\uddf1\ud835\uddf6\ud835\uddfc priorizamos tres pilares:\n\n1\ufe0f\u20e3 Luz natural \n2\ufe0f\u20e3 Circulaci\u00f3 \n3\ufe0f\u20e3 Distribuci\u00f3n\n\nTu reforma no empieza en la tienda, empieza analizando tu estilo de vida sobre el plano. \ud83c\udfd7\ufe0f\n\n\u00bfQuieres hacerlo bien desde el principio? Escribe &quot;\ud835\udde3\ud835\udddf\ud835\uddd4\ud835\udde1\ud835\udde2&quot; en los comentarios y te ayudamos. \ud83d\udc47\ud83c\udffc\n\n#glowrehabilitastudio #reformesintegrals #santcugatdelvalles #arquitectura #planificacion #interiorismo\" \/><div class=\"hover-layout zoom-instagram-widget__overlay zoom-instagram-widget__black \"><svg class=\"svg-icon\" shape-rendering=\"geometricPrecision\"><use xlink:href=\"https:\/\/glowrehabilita.com\/wp-content\/plugins\/instagram-widget-by-wpzoom\/dist\/images\/frontend\/wpzoom-instagram-icons.svg#video\"><\/use><\/svg><div class=\"zoom-instagram-icon-wrap\"><a class=\"zoom-svg-instagram-stroke\" href=\"https:\/\/www.instagram.com\/reel\/DXPfq4Nkq1B\/\" rel=\"noopener nofollow\" target=\"_blank\" title=\"\ud835\udde1\ud835\uddfc \u00e9\ud835\ude00 \ud835\uddf2\ud835\uddf9 \ud835\uddfa\ud835\uddee\ud835\ude01\ud835\uddf2\ud835\uddff\ud835\uddf6\ud835\uddee\ud835\uddf9. \u00c9\ud835\ude00 \ud835\uddf9\ud835\uddee \ud835\uddf1\ud835\uddf2\ud835\uddf0\ud835\uddf6\ud835\ude00\ud835\uddf6\u00f3 \ud835\uddee\ud835\uddef\ud835\uddee\ud835\uddfb\ud835\ude00.\n\nTriar acabats sense entendre l\u2019espai \u00e9s un error car. Abans de triar la cuina o les rajoles, a \ud835\uddda\ud835\uddf9\ud835\uddfc\ud835\ude04 \ud835\udde5\ud835\uddf2\ud835\uddf5\ud835\uddee\ud835\uddef\ud835\uddf6\ud835\uddf9\ud835\uddf6\ud835\ude01\ud835\uddee \ud835\udde6\ud835\ude01\ud835\ude02\ud835\uddf1\ud835\uddf6\ud835\uddfc prioritzem tres pilars:\n\n1\ufe0f\u20e3 Llum natural\n2\ufe0f\u20e3 Circulaci\u00f3\n3\ufe0f\u20e3 Distribuci\u00f3\n\nLa teva reforma no comen\u00e7a a la botiga, comen\u00e7a analitzant el teu estil de vida sobre el pl\u00e0nol. \ud83c\udfd7\ufe0f\n\nVols fer-ho b\u00e9 des del principi? Escriu &quot;\ud835\udde3\ud835\udddf\ud835\uddd4\ud835\udde1\ud835\udde2\ud835\udddf&quot; als comentaris i t\u2019ajudem. \ud83d\udc47\ud83c\udffc\n--\n\ud835\udde1\ud835\uddfc \ud835\uddf2\ud835\ude00 \ud835\uddf2\ud835\uddf9 \ud835\uddfa\ud835\uddee\ud835\ude01\ud835\uddf2\ud835\uddff\ud835\uddf6\ud835\uddee\ud835\uddf9. \ud835\uddd8\ud835\ude00 \ud835\uddf9\ud835\uddee \ud835\uddf1\ud835\uddf2\ud835\uddf0\ud835\uddf6\ud835\ude00\ud835\uddf6\u00f3\ud835\uddfb \ud835\uddfd\ud835\uddff\ud835\uddf2\ud835\ude03\ud835\uddf6\ud835\uddee.\n\nElegir acabados sin entender el espacio es un error caro. Antes de elegir la cocina o las baldosas, en \ud835\uddda\ud835\uddf9\ud835\uddfc\ud835\ude04 \ud835\udde5\ud835\uddf2\ud835\uddf5\ud835\uddee\ud835\uddef\ud835\uddf6\ud835\uddf9\ud835\uddf6\ud835\ude01\ud835\uddee \ud835\udde6\ud835\ude01\ud835\ude02\ud835\uddf1\ud835\uddf6\ud835\uddfc priorizamos tres pilares:\n\n1\ufe0f\u20e3 Luz natural \n2\ufe0f\u20e3 Circulaci\u00f3 \n3\ufe0f\u20e3 Distribuci\u00f3n\n\nTu reforma no empieza en la tienda, empieza analizando tu estilo de vida sobre el plano. \ud83c\udfd7\ufe0f\n\n\u00bfQuieres hacerlo bien desde el principio? Escribe &quot;\ud835\udde3\ud835\udddf\ud835\uddd4\ud835\udde1\ud835\udde2&quot; en los comentarios y te ayudamos. \ud83d\udc47\ud83c\udffc\n\n#glowrehabilitastudio #reformesintegrals #santcugatdelvalles #arquitectura #planificacion #interiorismo\"><\/a><\/div><a class=\"zoom-instagram-link\" data-src=\"https:\/\/glowrehabilita.b-cdn.net\/wp-content\/uploads\/2024\/03\/675300078_946772051416471_4294782567671493463_n-361x640.jpg\" data-mfp-src=\"18001811591874780\" href=\"https:\/\/www.instagram.com\/reel\/DXPfq4Nkq1B\/\" target=\"_blank\" rel=\"noopener nofollow\" title=\"\ud835\udde1\ud835\uddfc \u00e9\ud835\ude00 \ud835\uddf2\ud835\uddf9 \ud835\uddfa\ud835\uddee\ud835\ude01\ud835\uddf2\ud835\uddff\ud835\uddf6\ud835\uddee\ud835\uddf9. \u00c9\ud835\ude00 \ud835\uddf9\ud835\uddee \ud835\uddf1\ud835\uddf2\ud835\uddf0\ud835\uddf6\ud835\ude00\ud835\uddf6\u00f3 \ud835\uddee\ud835\uddef\ud835\uddee\ud835\uddfb\ud835\ude00.\n\nTriar acabats sense entendre l\u2019espai \u00e9s un error car. Abans de triar la cuina o les rajoles, a \ud835\uddda\ud835\uddf9\ud835\uddfc\ud835\ude04 \ud835\udde5\ud835\uddf2\ud835\uddf5\ud835\uddee\ud835\uddef\ud835\uddf6\ud835\uddf9\ud835\uddf6\ud835\ude01\ud835\uddee \ud835\udde6\ud835\ude01\ud835\ude02\ud835\uddf1\ud835\uddf6\ud835\uddfc prioritzem tres pilars:\n\n1\ufe0f\u20e3 Llum natural\n2\ufe0f\u20e3 Circulaci\u00f3\n3\ufe0f\u20e3 Distribuci\u00f3\n\nLa teva reforma no comen\u00e7a a la botiga, comen\u00e7a analitzant el teu estil de vida sobre el pl\u00e0nol. \ud83c\udfd7\ufe0f\n\nVols fer-ho b\u00e9 des del principi? Escriu &quot;\ud835\udde3\ud835\udddf\ud835\uddd4\ud835\udde1\ud835\udde2\ud835\udddf&quot; als comentaris i t\u2019ajudem. \ud83d\udc47\ud83c\udffc\n--\n\ud835\udde1\ud835\uddfc \ud835\uddf2\ud835\ude00 \ud835\uddf2\ud835\uddf9 \ud835\uddfa\ud835\uddee\ud835\ude01\ud835\uddf2\ud835\uddff\ud835\uddf6\ud835\uddee\ud835\uddf9. \ud835\uddd8\ud835\ude00 \ud835\uddf9\ud835\uddee \ud835\uddf1\ud835\uddf2\ud835\uddf0\ud835\uddf6\ud835\ude00\ud835\uddf6\u00f3\ud835\uddfb \ud835\uddfd\ud835\uddff\ud835\uddf2\ud835\ude03\ud835\uddf6\ud835\uddee.\n\nElegir acabados sin entender el espacio es un error caro. Antes de elegir la cocina o las baldosas, en \ud835\uddda\ud835\uddf9\ud835\uddfc\ud835\ude04 \ud835\udde5\ud835\uddf2\ud835\uddf5\ud835\uddee\ud835\uddef\ud835\uddf6\ud835\uddf9\ud835\uddf6\ud835\ude01\ud835\uddee \ud835\udde6\ud835\ude01\ud835\ude02\ud835\uddf1\ud835\uddf6\ud835\uddfc priorizamos tres pilares:\n\n1\ufe0f\u20e3 Luz natural \n2\ufe0f\u20e3 Circulaci\u00f3 \n3\ufe0f\u20e3 Distribuci\u00f3n\n\nTu reforma no empieza en la tienda, empieza analizando tu estilo de vida sobre el plano. \ud83c\udfd7\ufe0f\n\n\u00bfQuieres hacerlo bien desde el principio? Escribe &quot;\ud835\udde3\ud835\udddf\ud835\uddd4\ud835\udde1\ud835\udde2&quot; en los comentarios y te ayudamos. \ud83d\udc47\ud83c\udffc\n\n#glowrehabilitastudio #reformesintegrals #santcugatdelvalles #arquitectura #planificacion #interiorismo\"><\/a><\/div><\/div><\/li><\/ul><\/div><div class=\"zoom-instagram-widget__footer\"><a href=\"https:\/\/www.instagram.com\/glowrehabilitastudio\" target=\"_blank\" rel=\"noopener nofollow\" class=\"wpz-button wpz-button-primary wpz-insta-view-on-insta-button\"><span class=\"button-icon zoom-svg-instagram-stroke\"><\/span> View in Instagram<\/a><\/div><div class=\"wpz-insta-lightbox-wrapper mfp-hide\"><div class=\"swiper\"><div class=\"swiper-wrapper\"><div data-uid=\"18064819847371478\" class=\"swiper-slide wpz-insta-lightbox-item\"><div class=\"wpz-insta-lightbox\"><div class=\"image-wrapper\"><img class=\"wpzoom-swiper-image swiper-lazy\" data-src=\"https:\/\/glowrehabilita.b-cdn.net\/wp-content\/uploads\/2024\/03\/681814929_18350247781214684_3296274718093759758_n.jpg\" alt=\"\u00bf\ud835\udde7\ud835\ude02 \ud835\uddf0\ud835\uddfc\ud835\uddf0\ud835\uddf6\ud835\uddfb\ud835\uddee \ud835\uddf2\ud835\ude00 \ud835\uddfc\ud835\ude00\ud835\uddf0\ud835\ude02\ud835\uddff\ud835\uddee \ud835\uddfc \ud835\ude00\ud835\uddf6\ud835\uddfa\ud835\uddfd\ud835\uddf9\ud835\uddf2\ud835\uddfa\ud835\uddf2\ud835\uddfb\ud835\ude01\ud835\uddf2 \ud835\uddf2\ud835\ude00\ud835\ude01\u00e1 \ud835\uddfa\ud835\uddee\ud835\uddf9 \ud835\uddf1\ud835\uddf6\ud835\ude00\ud835\ude01\ud835\uddff\ud835\uddf6\ud835\uddef\ud835\ude02\ud835\uddf6\ud835\uddf1\ud835\uddee? \ud83d\udca1\n\nEn \ud835\uddda\ud835\uddf9\ud835\uddfc\ud835\ude04 \ud835\udde5\ud835\uddf2\ud835\uddf5\ud835\uddee\ud835\uddef\ud835\uddf6\ud835\uddf9\ud835\uddf6\ud835\ude01\ud835\uddee \ud835\udde6\ud835\ude01\ud835\ude02\ud835\uddf1\ud835\uddf6\ud835\uddfc no solo instalamos muebles; repensamos la estructura para que la luz natural llegue a cada rinc\u00f3n.\n\nEn este proyecto, la clave fue eliminar barreras para ganar amplitud real. \n\ud83d\udd39 Tonos claros para dar aire y madera para aportar esa calidez necesaria.\n\nMenos &quot;decoraci\u00f3n&quot; y m\u00e1s ejecuci\u00f3n con criterio. \u2728\ud83d\udcd0\n\u00bfQuieres ganar esta luz en tu casa? \ud835\uddd8\ud835\ude00\ud835\uddf0\ud835\uddff\ud835\uddf6\ud835\uddef\ud835\uddf2 &quot;\ud835\udddf\ud835\udde8\ud835\udded&quot; \ud835\uddf2\ud835\uddfb \ud835\uddf0\ud835\uddfc\ud835\uddfa\ud835\uddf2\ud835\uddfb\ud835\ude01\ud835\uddee\ud835\uddff\ud835\uddf6\ud835\uddfc\ud835\ude00 \ud835\ude06 \ud835\uddf5\ud835\uddee\ud835\uddef\ud835\uddf9\ud835\uddee\ud835\uddfa\ud835\uddfc\ud835\ude00. \ud83d\udc47\ud83c\udffc\n--\n\ud835\udddf\ud835\uddee \ud835\ude01\ud835\uddf2\ud835\ude03\ud835\uddee \ud835\uddf0\ud835\ude02\ud835\uddf6\ud835\uddfb\ud835\uddee \u00e9\ud835\ude00 \ud835\uddf3\ud835\uddfc\ud835\ude00\ud835\uddf0\ud835\uddee \ud835\uddfc \ud835\ude00\ud835\uddf6\ud835\uddfa\ud835\uddfd\ud835\uddf9\ud835\uddf2\ud835\uddfa\ud835\uddf2\ud835\uddfb\ud835\ude01 \ud835\uddf2\ud835\ude00\ud835\ude01\u00e0 \ud835\uddfa\ud835\uddee\ud835\uddf9 \ud835\uddf1\ud835\uddf6\ud835\ude00\ud835\ude01\ud835\uddff\ud835\uddf6\ud835\uddef\ud835\ude02\u00ef\ud835\uddf1\ud835\uddee? \ud83d\udca1\n\nA \ud835\uddda\ud835\uddf9\ud835\uddfc\ud835\ude04 \ud835\udde5\ud835\uddf2\ud835\uddf5\ud835\uddee\ud835\uddef\ud835\uddf6\ud835\uddf9\ud835\uddf6\ud835\ude01\ud835\uddee \ud835\udde6\ud835\ude01\ud835\ude02\ud835\uddf1\ud835\uddf6\ud835\uddfc no nom\u00e9s instal\u00b7lem mobles; repensem l&#039;estructura perqu\u00e8 la llum natural arribi a cada rac\u00f3.\n\nEn aquest projecte, la clau va ser eliminar barreres per guanyar amplitud real.\n\ud83d\udd39 Tons clars per donar aire i fusta per aportar la calidesa necess\u00e0ria.\n\nMenys &quot;decoraci\u00f3&quot; i m\u00e9s execuci\u00f3 amb criteri. \u2728\ud83d\udcd0\nVols guanyar aquesta llum a casa teva? \ud835\uddd8\ud835\ude00\ud835\uddf0\ud835\uddff\ud835\uddf6\ud835\ude02 &quot;\ud835\udddf\ud835\udddf\ud835\udde8\ud835\udde0&quot; \ud835\uddee\ud835\uddf9\ud835\ude00 \ud835\uddf0\ud835\uddfc\ud835\uddfa\ud835\uddf2\ud835\uddfb\ud835\ude01\ud835\uddee\ud835\uddff\ud835\uddf6\ud835\ude00 \ud835\uddf6 \ud835\uddf2\ud835\uddfb \ud835\uddfd\ud835\uddee\ud835\uddff\ud835\uddf9\ud835\uddf2\ud835\uddfa. \ud83d\udc47\ud83c\udffc\n\n#glowrehabilitastudio #santcugatdelvalles  #reformasintegrales #cocinasluminosas #cocinasabiertas\"\/><div class=\"swiper-lazy-preloader swiper-lazy-preloader-white\"><\/div><\/div>\n\t\t\t\t\t<div class=\"details-wrapper\">\n\t\t\t\t\t<div class=\"wpz-insta-header\">\n\t\t\t\t\t\t<div class=\"wpz-insta-avatar\">\n\t\t\t\t\t\t\t<img loading=\"lazy\" decoding=\"async\" src=\"https:\/\/glowrehabilita.b-cdn.net\/wp-content\/uploads\/2025\/10\/93519455_2655935304652048_3151073052440133632_n-1-150x150.jpg\" alt=\"@glowrehabilitastudio\" width=\"42\" height=\"42\"\/>\n\t\t\t\t\t\t<\/div>\n\t\t\t\t\t\t<div class=\"wpz-insta-buttons\">\n\t\t\t\t\t\t\t<div class=\"wpz-insta-username\">\n\t\t\t\t\t\t\t\t<a rel=\"noopener nofollow\" target=\"_blank\" href=\"https:\/\/instagram.com\/glowrehabilitastudio\">@glowrehabilitastudio<\/a>\n\t\t\t\t\t\t\t<\/div>\n\t\t\t\t\t\t\t<div>&bull;<\/div>\n\t\t\t\t\t\t\t<div class=\"wpz-insta-follow\">\n\t\t\t\t\t\t\t\t<a target=\"_blank\" rel=\"noopener nofollow\" href=\"https:\/\/instagram.com\/glowrehabilitastudio?ref=badge\">\n\t\t\t\t\t\t\t\t\tFollow\n\t\t\t\t\t\t\t\t<\/a>\n\t\t\t\t\t\t\t<\/div>\n\t\t\t\t\t\t<\/div>\n\t\t\t\t\t<\/div><div class=\"wpz-insta-caption\">\u00bf\ud835\udde7\ud835\ude02 \ud835\uddf0\ud835\uddfc\ud835\uddf0\ud835\uddf6\ud835\uddfb\ud835\uddee \ud835\uddf2\ud835\ude00 \ud835\uddfc\ud835\ude00\ud835\uddf0\ud835\ude02\ud835\uddff\ud835\uddee \ud835\uddfc \ud835\ude00\ud835\uddf6\ud835\uddfa\ud835\uddfd\ud835\uddf9\ud835\uddf2\ud835\uddfa\ud835\uddf2\ud835\uddfb\ud835\ude01\ud835\uddf2 \ud835\uddf2\ud835\ude00\ud835\ude01\u00e1 \ud835\uddfa\ud835\uddee\ud835\uddf9 \ud835\uddf1\ud835\uddf6\ud835\ude00\ud835\ude01\ud835\uddff\ud835\uddf6\ud835\uddef\ud835\ude02\ud835\uddf6\ud835\uddf1\ud835\uddee? \ud83d\udca1\n\nEn \ud835\uddda\ud835\uddf9\ud835\uddfc\ud835\ude04 \ud835\udde5\ud835\uddf2\ud835\uddf5\ud835\uddee\ud835\uddef\ud835\uddf6\ud835\uddf9\ud835\uddf6\ud835\ude01\ud835\uddee \ud835\udde6\ud835\ude01\ud835\ude02\ud835\uddf1\ud835\uddf6\ud835\uddfc no solo instalamos muebles; repensamos la estructura para que la luz natural llegue a cada rinc\u00f3n.\n\nEn este proyecto, la clave fue eliminar barreras para ganar amplitud real. \n\ud83d\udd39 Tonos claros para dar aire y madera para aportar esa calidez necesaria.\n\nMenos &quot;decoraci\u00f3n&quot; y m\u00e1s ejecuci\u00f3n con criterio. \u2728\ud83d\udcd0\n\u00bfQuieres ganar esta luz en tu casa? \ud835\uddd8\ud835\ude00\ud835\uddf0\ud835\uddff\ud835\uddf6\ud835\uddef\ud835\uddf2 &quot;\ud835\udddf\ud835\udde8\ud835\udded&quot; \ud835\uddf2\ud835\uddfb \ud835\uddf0\ud835\uddfc\ud835\uddfa\ud835\uddf2\ud835\uddfb\ud835\ude01\ud835\uddee\ud835\uddff\ud835\uddf6\ud835\uddfc\ud835\ude00 \ud835\ude06 \ud835\uddf5\ud835\uddee\ud835\uddef\ud835\uddf9\ud835\uddee\ud835\uddfa\ud835\uddfc\ud835\ude00. \ud83d\udc47\ud83c\udffc\n--\n\ud835\udddf\ud835\uddee \ud835\ude01\ud835\uddf2\ud835\ude03\ud835\uddee \ud835\uddf0\ud835\ude02\ud835\uddf6\ud835\uddfb\ud835\uddee \u00e9\ud835\ude00 \ud835\uddf3\ud835\uddfc\ud835\ude00\ud835\uddf0\ud835\uddee \ud835\uddfc \ud835\ude00\ud835\uddf6\ud835\uddfa\ud835\uddfd\ud835\uddf9\ud835\uddf2\ud835\uddfa\ud835\uddf2\ud835\uddfb\ud835\ude01 \ud835\uddf2\ud835\ude00\ud835\ude01\u00e0 \ud835\uddfa\ud835\uddee\ud835\uddf9 \ud835\uddf1\ud835\uddf6\ud835\ude00\ud835\ude01\ud835\uddff\ud835\uddf6\ud835\uddef\ud835\ude02\u00ef\ud835\uddf1\ud835\uddee? \ud83d\udca1\n\nA \ud835\uddda\ud835\uddf9\ud835\uddfc\ud835\ude04 \ud835\udde5\ud835\uddf2\ud835\uddf5\ud835\uddee\ud835\uddef\ud835\uddf6\ud835\uddf9\ud835\uddf6\ud835\ude01\ud835\uddee \ud835\udde6\ud835\ude01\ud835\ude02\ud835\uddf1\ud835\uddf6\ud835\uddfc no nom\u00e9s instal\u00b7lem mobles; repensem l&#039;estructura perqu\u00e8 la llum natural arribi a cada rac\u00f3.\n\nEn aquest projecte, la clau va ser eliminar barreres per guanyar amplitud real.\n\ud83d\udd39 Tons clars per donar aire i fusta per aportar la calidesa necess\u00e0ria.\n\nMenys &quot;decoraci\u00f3&quot; i m\u00e9s execuci\u00f3 amb criteri. \u2728\ud83d\udcd0\nVols guanyar aquesta llum a casa teva? \ud835\uddd8\ud835\ude00\ud835\uddf0\ud835\uddff\ud835\uddf6\ud835\ude02 &quot;\ud835\udddf\ud835\udddf\ud835\udde8\ud835\udde0&quot; \ud835\uddee\ud835\uddf9\ud835\ude00 \ud835\uddf0\ud835\uddfc\ud835\uddfa\ud835\uddf2\ud835\uddfb\ud835\ude01\ud835\uddee\ud835\uddff\ud835\uddf6\ud835\ude00 \ud835\uddf6 \ud835\uddf2\ud835\uddfb \ud835\uddfd\ud835\uddee\ud835\uddff\ud835\uddf9\ud835\uddf2\ud835\uddfa. \ud83d\udc47\ud83c\udffc\n\n#glowrehabilitastudio #santcugatdelvalles  #reformasintegrales #cocinasluminosas #cocinasabiertas<\/div><div class=\"wpz-insta-date\">2 dies ago<\/div><div class=\"wpz-insta-counts\"><span class=\"wpz-insta-likes\"><svg width=\"18\" height=\"18\" xmlns=\"http:\/\/www.w3.org\/2000\/svg\" viewBox=\"0 0 25 25\" id=\"heart-outline\"><path fill=\"none\" stroke=\"#c0c7ca\" stroke-width=\"2\" d=\"M12 21.35l-1.45-1.32C5.4 15.36 2 12.28 2 8.5 2 5.42 4.42 3 7.5 3c1.74 0 3.41.81 4.5 2.09C13.09 3.81 14.76 3 16.5 3 19.58 3 22 5.42 22 8.5c0 3.78-3.4 6.86-8.55 11.54L12 21.35z\"><\/path><\/svg>8<\/span><\/div><div class=\"view-post\">\n\t\t\t\t\t<a href=\"https:\/\/www.instagram.com\/p\/DXopriADpXJ\/\" target=\"_blank\" rel=\"noopener nofollow\"><span class=\"dashicons dashicons-instagram\"><\/span>View on Instagram<\/a>\n\t\t\t\t\t<span class=\"delimiter\">|<\/span>\n\t\t\t\t\t<div class=\"wpz-insta-pagination\">1\/5<\/div>\n\t\t\t\t\t<\/div><\/div><\/div><\/div><div data-uid=\"17931803973250489\" class=\"swiper-slide wpz-insta-lightbox-item\"><div class=\"wpz-insta-lightbox\"><div class=\"image-wrapper\"><div class=\"swiper\" style=\"height: 100%;\"><div class=\"swiper-wrapper wpz-insta-album-images\"><div class=\"swiper-slide wpz-insta-album-image\" data-media-type=\"image\"><img class=\"wpzoom-swiper-image swiper-lazy\" data-src=\"https:\/\/scontent-cdg4-2.cdninstagram.com\/v\/t51.82787-15\/674515874_18349801807214684_1762753760790216621_n.jpg?stp=dst-jpg_e35_tt6&#038;_nc_cat=100&#038;ccb=7-5&#038;_nc_sid=18de74&#038;efg=eyJlZmdfdGFnIjoiQ0FST1VTRUxfSVRFTS5iZXN0X2ltYWdlX3VybGdlbi5DMyJ9&#038;_nc_ohc=01o30mD9YVYQ7kNvwGOeBZV&#038;_nc_oc=AdqMOsY9_lNWMet72WDLmhXPa1QQnBVcyEE51CDA6XDpEdLOIQ89kSe50eXWjqKs0KDu7cmLb08mLjWbM6D1Jg6t&#038;_nc_zt=23&#038;_nc_ht=scontent-cdg4-2.cdninstagram.com&#038;edm=AM6HXa8EAAAA&#038;_nc_gid=Zq_uqnPWJRW0VB4rAJ5-zQ&#038;oh=00_Af2vNG3oMfj2XN_wWlKpO_d_ArXcxxJsNlp0ytsY6Oc_Hw&#038;oe=69F7539D\" alt=\"\ud83d\udce2 \ud835\udde6\ud835\udde7\ud835\udde2\ud835\udde3 a les cuines petites i aclaparadores! \u274c\nA \ud835\uddda\ud835\uddf9\ud835\uddfc\ud835\ude04 \ud835\udde5\ud835\uddf2\ud835\uddf5\ud835\uddee\ud835\uddef\ud835\uddf6\ud835\uddf9\ud835\uddf6\ud835\ude01\ud835\uddee \ud835\udde6\ud835\ude01\ud835\ude02\ud835\uddf1\ud835\uddf6\ud835\uddfc creiem que la mida no importa si el disseny \u00e9s intel\u00b7ligent.\n\nEn aquest carrusel t\u2019ensenyem els 5 tips que has d\u2019entendre per optimitzar la teva cuina al detall.\n\nFem cr\u00e9ixer el teu espai gr\u00e0cies a l&#039;estrat\u00e8gia:\n\u2714\ufe0f Guanyem amplitud visual.\n\u2714\ufe0f Multipliquem l&#039;ordre.\n\nFes swipe i descobreix com aprofitar al m\u00e0xim l\u2019espai real de casa teva!\n\ud835\udde6\ud835\uddf6 \ud835\uddf2\ud835\ude00\ud835\ude01\u00e0\ud835\ude00 \ud835\uddfd\ud835\uddf2\ud835\uddfb\ud835\ude00\ud835\uddee\ud835\uddfb\ud835\ude01 \ud835\uddee \ud835\uddff\ud835\uddf2\ud835\uddfb\ud835\uddfc\ud835\ude03\ud835\uddee\ud835\uddff \ud835\uddf9\ud835\uddee \ud835\ude01\ud835\uddf2\ud835\ude03\ud835\uddee \ud835\uddf0\ud835\ude02\ud835\uddf6\ud835\uddfb\ud835\uddee, \ud835\uddf2\ud835\uddfb\ud835\ude03\ud835\uddf6\ud835\uddee\u2019\ud835\uddfb\ud835\ude00 \ud835\ude02\ud835\uddfb \ud835\uddd7\ud835\udde0 \ud835\uddf6 \ud835\uddfd\ud835\uddee\ud835\uddff\ud835\uddf9\ud835\uddf2\ud835\uddfa \ud835\uddf1\ud835\uddf2\ud835\uddf9 \ud835\ude01\ud835\uddf2\ud835\ude02 \ud835\uddfd\ud835\uddff\ud835\uddfc\ud835\uddf7\ud835\uddf2\ud835\uddf0\ud835\ude01\ud835\uddf2! \ud83d\udce9\n--\n\ud83d\udce2 \u00a1\ud835\udde6\ud835\udde7\ud835\udde2\ud835\udde3 a las cocinas peque\u00f1as y agobiantes! \u274c\nEn \ud835\uddda\ud835\uddf9\ud835\uddfc\ud835\ude04 \ud835\udde5\ud835\uddf2\ud835\uddf5\ud835\uddee\ud835\uddef\ud835\uddf6\ud835\uddf9\ud835\uddf6\ud835\ude01\ud835\uddee \ud835\udde6\ud835\ude01\ud835\ude02\ud835\uddf1\ud835\uddf6\ud835\uddfc creemos que el tama\u00f1o no importa si el dise\u00f1o es inteligente.\n\nEn este carrusel te ense\u00f1amos los 5 tips que debes entender para optimizar tu cocina al detalle.\n\nHacemos crecer tu espacio gracias a la estrategia:\n\u2714\ufe0f Ganamos amplitud visual.\n\u2714\ufe0f Multiplicamos el orden.\n\n\ud83d\udc40 \u00a1Haz swipe! y descubre c\u00f3mo aprovechar al m\u00e1ximo el espacio real de tu hogar.\n\n\ud835\udde6\ud835\uddf6 \ud835\uddf2\ud835\ude00\ud835\ude01\u00e1\ud835\ude00 \ud835\uddfd\ud835\uddf2\ud835\uddfb\ud835\ude00\ud835\uddee\ud835\uddfb\ud835\uddf1\ud835\uddfc \ud835\uddf2\ud835\uddfb \ud835\uddff\ud835\uddf2\ud835\uddfb\ud835\uddfc\ud835\ude03\ud835\uddee\ud835\uddff \ud835\ude01\ud835\ude02 \ud835\uddf0\ud835\uddfc\ud835\uddf0\ud835\uddf6\ud835\uddfb\ud835\uddee, \u00a1\ud835\uddf2\ud835\uddfb\ud835\ude03\u00ed\ud835\uddee\ud835\uddfb\ud835\uddfc\ud835\ude00 \ud835\ude02\ud835\uddfb \ud835\uddd7\ud835\udde0 \ud835\ude06 \ud835\uddf5\ud835\uddee\ud835\uddef\ud835\uddf9\ud835\uddf2\ud835\uddfa\ud835\uddfc\ud835\ude00 \ud835\uddf1\ud835\uddf2 \ud835\ude01\ud835\ude02 \ud835\uddfd\ud835\uddff\ud835\uddfc\ud835\ude06\ud835\uddf2\ud835\uddf0\ud835\ude01\ud835\uddfc! \ud83d\udce9\n\n#glowrehabilitastudio #santcugatdelvalles #dise\u00f1odecocinas #mobiliarioamedida #estilismococina #decoinspo\"\/><div class=\"swiper-lazy-preloader swiper-lazy-preloader-white\"><\/div><\/div><div class=\"swiper-slide wpz-insta-album-image\" data-media-type=\"image\"><img class=\"wpzoom-swiper-image swiper-lazy\" data-src=\"https:\/\/scontent-cdg4-1.cdninstagram.com\/v\/t51.82787-15\/672345615_18349801825214684_551839259012318030_n.jpg?stp=dst-jpg_e35_tt6&#038;_nc_cat=104&#038;ccb=7-5&#038;_nc_sid=18de74&#038;efg=eyJlZmdfdGFnIjoiQ0FST1VTRUxfSVRFTS5iZXN0X2ltYWdlX3VybGdlbi5DMyJ9&#038;_nc_ohc=-2lYmy5rH5YQ7kNvwFJWgLr&#038;_nc_oc=AdrOyT4PXO2SkjMVZIQq9iXhdeqQ_9qEWBVJ9WEhySjHIBmni8COLZ0MPMnXXpu3escCGj8wVBLW3MHA7H56KOUR&#038;_nc_zt=23&#038;_nc_ht=scontent-cdg4-1.cdninstagram.com&#038;edm=AM6HXa8EAAAA&#038;_nc_gid=Zq_uqnPWJRW0VB4rAJ5-zQ&#038;oh=00_Af3cFxLIluJR7TdbmENTmlpYqoinW5DGwZQD55WruexsNA&#038;oe=69F74BDB\" alt=\"\ud83d\udce2 \ud835\udde6\ud835\udde7\ud835\udde2\ud835\udde3 a les cuines petites i aclaparadores! \u274c\nA \ud835\uddda\ud835\uddf9\ud835\uddfc\ud835\ude04 \ud835\udde5\ud835\uddf2\ud835\uddf5\ud835\uddee\ud835\uddef\ud835\uddf6\ud835\uddf9\ud835\uddf6\ud835\ude01\ud835\uddee \ud835\udde6\ud835\ude01\ud835\ude02\ud835\uddf1\ud835\uddf6\ud835\uddfc creiem que la mida no importa si el disseny \u00e9s intel\u00b7ligent.\n\nEn aquest carrusel t\u2019ensenyem els 5 tips que has d\u2019entendre per optimitzar la teva cuina al detall.\n\nFem cr\u00e9ixer el teu espai gr\u00e0cies a l&#039;estrat\u00e8gia:\n\u2714\ufe0f Guanyem amplitud visual.\n\u2714\ufe0f Multipliquem l&#039;ordre.\n\nFes swipe i descobreix com aprofitar al m\u00e0xim l\u2019espai real de casa teva!\n\ud835\udde6\ud835\uddf6 \ud835\uddf2\ud835\ude00\ud835\ude01\u00e0\ud835\ude00 \ud835\uddfd\ud835\uddf2\ud835\uddfb\ud835\ude00\ud835\uddee\ud835\uddfb\ud835\ude01 \ud835\uddee \ud835\uddff\ud835\uddf2\ud835\uddfb\ud835\uddfc\ud835\ude03\ud835\uddee\ud835\uddff \ud835\uddf9\ud835\uddee \ud835\ude01\ud835\uddf2\ud835\ude03\ud835\uddee \ud835\uddf0\ud835\ude02\ud835\uddf6\ud835\uddfb\ud835\uddee, \ud835\uddf2\ud835\uddfb\ud835\ude03\ud835\uddf6\ud835\uddee\u2019\ud835\uddfb\ud835\ude00 \ud835\ude02\ud835\uddfb \ud835\uddd7\ud835\udde0 \ud835\uddf6 \ud835\uddfd\ud835\uddee\ud835\uddff\ud835\uddf9\ud835\uddf2\ud835\uddfa \ud835\uddf1\ud835\uddf2\ud835\uddf9 \ud835\ude01\ud835\uddf2\ud835\ude02 \ud835\uddfd\ud835\uddff\ud835\uddfc\ud835\uddf7\ud835\uddf2\ud835\uddf0\ud835\ude01\ud835\uddf2! \ud83d\udce9\n--\n\ud83d\udce2 \u00a1\ud835\udde6\ud835\udde7\ud835\udde2\ud835\udde3 a las cocinas peque\u00f1as y agobiantes! \u274c\nEn \ud835\uddda\ud835\uddf9\ud835\uddfc\ud835\ude04 \ud835\udde5\ud835\uddf2\ud835\uddf5\ud835\uddee\ud835\uddef\ud835\uddf6\ud835\uddf9\ud835\uddf6\ud835\ude01\ud835\uddee \ud835\udde6\ud835\ude01\ud835\ude02\ud835\uddf1\ud835\uddf6\ud835\uddfc creemos que el tama\u00f1o no importa si el dise\u00f1o es inteligente.\n\nEn este carrusel te ense\u00f1amos los 5 tips que debes entender para optimizar tu cocina al detalle.\n\nHacemos crecer tu espacio gracias a la estrategia:\n\u2714\ufe0f Ganamos amplitud visual.\n\u2714\ufe0f Multiplicamos el orden.\n\n\ud83d\udc40 \u00a1Haz swipe! y descubre c\u00f3mo aprovechar al m\u00e1ximo el espacio real de tu hogar.\n\n\ud835\udde6\ud835\uddf6 \ud835\uddf2\ud835\ude00\ud835\ude01\u00e1\ud835\ude00 \ud835\uddfd\ud835\uddf2\ud835\uddfb\ud835\ude00\ud835\uddee\ud835\uddfb\ud835\uddf1\ud835\uddfc \ud835\uddf2\ud835\uddfb \ud835\uddff\ud835\uddf2\ud835\uddfb\ud835\uddfc\ud835\ude03\ud835\uddee\ud835\uddff \ud835\ude01\ud835\ude02 \ud835\uddf0\ud835\uddfc\ud835\uddf0\ud835\uddf6\ud835\uddfb\ud835\uddee, \u00a1\ud835\uddf2\ud835\uddfb\ud835\ude03\u00ed\ud835\uddee\ud835\uddfb\ud835\uddfc\ud835\ude00 \ud835\ude02\ud835\uddfb \ud835\uddd7\ud835\udde0 \ud835\ude06 \ud835\uddf5\ud835\uddee\ud835\uddef\ud835\uddf9\ud835\uddf2\ud835\uddfa\ud835\uddfc\ud835\ude00 \ud835\uddf1\ud835\uddf2 \ud835\ude01\ud835\ude02 \ud835\uddfd\ud835\uddff\ud835\uddfc\ud835\ude06\ud835\uddf2\ud835\uddf0\ud835\ude01\ud835\uddfc! \ud83d\udce9\n\n#glowrehabilitastudio #santcugatdelvalles #dise\u00f1odecocinas #mobiliarioamedida #estilismococina #decoinspo\"\/><div class=\"swiper-lazy-preloader swiper-lazy-preloader-white\"><\/div><\/div><div class=\"swiper-slide wpz-insta-album-image\" data-media-type=\"image\"><img class=\"wpzoom-swiper-image swiper-lazy\" data-src=\"https:\/\/scontent-cdg4-1.cdninstagram.com\/v\/t51.82787-15\/658373762_18349801840214684_9043068785818975899_n.jpg?stp=dst-jpg_e35_tt6&#038;_nc_cat=104&#038;ccb=7-5&#038;_nc_sid=18de74&#038;efg=eyJlZmdfdGFnIjoiQ0FST1VTRUxfSVRFTS5iZXN0X2ltYWdlX3VybGdlbi5DMyJ9&#038;_nc_ohc=gViHdZoZBLwQ7kNvwGOSMul&#038;_nc_oc=Ador6QlLc-40G0-YbcvrkGFlhErJEwPZ0bC-jmdW0jBnxavqjcC6tH7Pj2NYQBY6qWQmW8VhPBJKjgVWHAkv7-yH&#038;_nc_zt=23&#038;_nc_ht=scontent-cdg4-1.cdninstagram.com&#038;edm=AM6HXa8EAAAA&#038;_nc_gid=Zq_uqnPWJRW0VB4rAJ5-zQ&#038;oh=00_Af2HJW2Z_BRbh9LWLQFeskeGi57dsJP_J7eKTk2cIbg24A&#038;oe=69F76F46\" alt=\"\ud83d\udce2 \ud835\udde6\ud835\udde7\ud835\udde2\ud835\udde3 a les cuines petites i aclaparadores! \u274c\nA \ud835\uddda\ud835\uddf9\ud835\uddfc\ud835\ude04 \ud835\udde5\ud835\uddf2\ud835\uddf5\ud835\uddee\ud835\uddef\ud835\uddf6\ud835\uddf9\ud835\uddf6\ud835\ude01\ud835\uddee \ud835\udde6\ud835\ude01\ud835\ude02\ud835\uddf1\ud835\uddf6\ud835\uddfc creiem que la mida no importa si el disseny \u00e9s intel\u00b7ligent.\n\nEn aquest carrusel t\u2019ensenyem els 5 tips que has d\u2019entendre per optimitzar la teva cuina al detall.\n\nFem cr\u00e9ixer el teu espai gr\u00e0cies a l&#039;estrat\u00e8gia:\n\u2714\ufe0f Guanyem amplitud visual.\n\u2714\ufe0f Multipliquem l&#039;ordre.\n\nFes swipe i descobreix com aprofitar al m\u00e0xim l\u2019espai real de casa teva!\n\ud835\udde6\ud835\uddf6 \ud835\uddf2\ud835\ude00\ud835\ude01\u00e0\ud835\ude00 \ud835\uddfd\ud835\uddf2\ud835\uddfb\ud835\ude00\ud835\uddee\ud835\uddfb\ud835\ude01 \ud835\uddee \ud835\uddff\ud835\uddf2\ud835\uddfb\ud835\uddfc\ud835\ude03\ud835\uddee\ud835\uddff \ud835\uddf9\ud835\uddee \ud835\ude01\ud835\uddf2\ud835\ude03\ud835\uddee \ud835\uddf0\ud835\ude02\ud835\uddf6\ud835\uddfb\ud835\uddee, \ud835\uddf2\ud835\uddfb\ud835\ude03\ud835\uddf6\ud835\uddee\u2019\ud835\uddfb\ud835\ude00 \ud835\ude02\ud835\uddfb \ud835\uddd7\ud835\udde0 \ud835\uddf6 \ud835\uddfd\ud835\uddee\ud835\uddff\ud835\uddf9\ud835\uddf2\ud835\uddfa \ud835\uddf1\ud835\uddf2\ud835\uddf9 \ud835\ude01\ud835\uddf2\ud835\ude02 \ud835\uddfd\ud835\uddff\ud835\uddfc\ud835\uddf7\ud835\uddf2\ud835\uddf0\ud835\ude01\ud835\uddf2! \ud83d\udce9\n--\n\ud83d\udce2 \u00a1\ud835\udde6\ud835\udde7\ud835\udde2\ud835\udde3 a las cocinas peque\u00f1as y agobiantes! \u274c\nEn \ud835\uddda\ud835\uddf9\ud835\uddfc\ud835\ude04 \ud835\udde5\ud835\uddf2\ud835\uddf5\ud835\uddee\ud835\uddef\ud835\uddf6\ud835\uddf9\ud835\uddf6\ud835\ude01\ud835\uddee \ud835\udde6\ud835\ude01\ud835\ude02\ud835\uddf1\ud835\uddf6\ud835\uddfc creemos que el tama\u00f1o no importa si el dise\u00f1o es inteligente.\n\nEn este carrusel te ense\u00f1amos los 5 tips que debes entender para optimizar tu cocina al detalle.\n\nHacemos crecer tu espacio gracias a la estrategia:\n\u2714\ufe0f Ganamos amplitud visual.\n\u2714\ufe0f Multiplicamos el orden.\n\n\ud83d\udc40 \u00a1Haz swipe! y descubre c\u00f3mo aprovechar al m\u00e1ximo el espacio real de tu hogar.\n\n\ud835\udde6\ud835\uddf6 \ud835\uddf2\ud835\ude00\ud835\ude01\u00e1\ud835\ude00 \ud835\uddfd\ud835\uddf2\ud835\uddfb\ud835\ude00\ud835\uddee\ud835\uddfb\ud835\uddf1\ud835\uddfc \ud835\uddf2\ud835\uddfb \ud835\uddff\ud835\uddf2\ud835\uddfb\ud835\uddfc\ud835\ude03\ud835\uddee\ud835\uddff \ud835\ude01\ud835\ude02 \ud835\uddf0\ud835\uddfc\ud835\uddf0\ud835\uddf6\ud835\uddfb\ud835\uddee, \u00a1\ud835\uddf2\ud835\uddfb\ud835\ude03\u00ed\ud835\uddee\ud835\uddfb\ud835\uddfc\ud835\ude00 \ud835\ude02\ud835\uddfb \ud835\uddd7\ud835\udde0 \ud835\ude06 \ud835\uddf5\ud835\uddee\ud835\uddef\ud835\uddf9\ud835\uddf2\ud835\uddfa\ud835\uddfc\ud835\ude00 \ud835\uddf1\ud835\uddf2 \ud835\ude01\ud835\ude02 \ud835\uddfd\ud835\uddff\ud835\uddfc\ud835\ude06\ud835\uddf2\ud835\uddf0\ud835\ude01\ud835\uddfc! \ud83d\udce9\n\n#glowrehabilitastudio #santcugatdelvalles #dise\u00f1odecocinas #mobiliarioamedida #estilismococina #decoinspo\"\/><div class=\"swiper-lazy-preloader swiper-lazy-preloader-white\"><\/div><\/div><div class=\"swiper-slide wpz-insta-album-image\" data-media-type=\"image\"><img class=\"wpzoom-swiper-image swiper-lazy\" data-src=\"https:\/\/scontent-cdg6-1.cdninstagram.com\/v\/t51.82787-15\/674505706_18349801888214684_4270735461020412770_n.jpg?stp=dst-jpg_e35_tt6&#038;_nc_cat=105&#038;ccb=7-5&#038;_nc_sid=18de74&#038;efg=eyJlZmdfdGFnIjoiQ0FST1VTRUxfSVRFTS5iZXN0X2ltYWdlX3VybGdlbi5DMyJ9&#038;_nc_ohc=0u81AgfZrgsQ7kNvwFj2fK8&#038;_nc_oc=AdqUpj-_EWhpFM2Jx3PYI-U43PnxkIu56LAoAueGgnjxxPwWw5MOEsjPoTF3uq7MimCjJRNr6BSgHNJ7S4zr5msp&#038;_nc_zt=23&#038;_nc_ht=scontent-cdg6-1.cdninstagram.com&#038;edm=AM6HXa8EAAAA&#038;_nc_gid=Zq_uqnPWJRW0VB4rAJ5-zQ&#038;oh=00_Af0e4AzEwVRJXZq-KUUCRRuVWUUJvnOpRCIpUW5XOzWOgQ&#038;oe=69F7671E\" alt=\"\ud83d\udce2 \ud835\udde6\ud835\udde7\ud835\udde2\ud835\udde3 a les cuines petites i aclaparadores! \u274c\nA \ud835\uddda\ud835\uddf9\ud835\uddfc\ud835\ude04 \ud835\udde5\ud835\uddf2\ud835\uddf5\ud835\uddee\ud835\uddef\ud835\uddf6\ud835\uddf9\ud835\uddf6\ud835\ude01\ud835\uddee \ud835\udde6\ud835\ude01\ud835\ude02\ud835\uddf1\ud835\uddf6\ud835\uddfc creiem que la mida no importa si el disseny \u00e9s intel\u00b7ligent.\n\nEn aquest carrusel t\u2019ensenyem els 5 tips que has d\u2019entendre per optimitzar la teva cuina al detall.\n\nFem cr\u00e9ixer el teu espai gr\u00e0cies a l&#039;estrat\u00e8gia:\n\u2714\ufe0f Guanyem amplitud visual.\n\u2714\ufe0f Multipliquem l&#039;ordre.\n\nFes swipe i descobreix com aprofitar al m\u00e0xim l\u2019espai real de casa teva!\n\ud835\udde6\ud835\uddf6 \ud835\uddf2\ud835\ude00\ud835\ude01\u00e0\ud835\ude00 \ud835\uddfd\ud835\uddf2\ud835\uddfb\ud835\ude00\ud835\uddee\ud835\uddfb\ud835\ude01 \ud835\uddee \ud835\uddff\ud835\uddf2\ud835\uddfb\ud835\uddfc\ud835\ude03\ud835\uddee\ud835\uddff \ud835\uddf9\ud835\uddee \ud835\ude01\ud835\uddf2\ud835\ude03\ud835\uddee \ud835\uddf0\ud835\ude02\ud835\uddf6\ud835\uddfb\ud835\uddee, \ud835\uddf2\ud835\uddfb\ud835\ude03\ud835\uddf6\ud835\uddee\u2019\ud835\uddfb\ud835\ude00 \ud835\ude02\ud835\uddfb \ud835\uddd7\ud835\udde0 \ud835\uddf6 \ud835\uddfd\ud835\uddee\ud835\uddff\ud835\uddf9\ud835\uddf2\ud835\uddfa \ud835\uddf1\ud835\uddf2\ud835\uddf9 \ud835\ude01\ud835\uddf2\ud835\ude02 \ud835\uddfd\ud835\uddff\ud835\uddfc\ud835\uddf7\ud835\uddf2\ud835\uddf0\ud835\ude01\ud835\uddf2! \ud83d\udce9\n--\n\ud83d\udce2 \u00a1\ud835\udde6\ud835\udde7\ud835\udde2\ud835\udde3 a las cocinas peque\u00f1as y agobiantes! \u274c\nEn \ud835\uddda\ud835\uddf9\ud835\uddfc\ud835\ude04 \ud835\udde5\ud835\uddf2\ud835\uddf5\ud835\uddee\ud835\uddef\ud835\uddf6\ud835\uddf9\ud835\uddf6\ud835\ude01\ud835\uddee \ud835\udde6\ud835\ude01\ud835\ude02\ud835\uddf1\ud835\uddf6\ud835\uddfc creemos que el tama\u00f1o no importa si el dise\u00f1o es inteligente.\n\nEn este carrusel te ense\u00f1amos los 5 tips que debes entender para optimizar tu cocina al detalle.\n\nHacemos crecer tu espacio gracias a la estrategia:\n\u2714\ufe0f Ganamos amplitud visual.\n\u2714\ufe0f Multiplicamos el orden.\n\n\ud83d\udc40 \u00a1Haz swipe! y descubre c\u00f3mo aprovechar al m\u00e1ximo el espacio real de tu hogar.\n\n\ud835\udde6\ud835\uddf6 \ud835\uddf2\ud835\ude00\ud835\ude01\u00e1\ud835\ude00 \ud835\uddfd\ud835\uddf2\ud835\uddfb\ud835\ude00\ud835\uddee\ud835\uddfb\ud835\uddf1\ud835\uddfc \ud835\uddf2\ud835\uddfb \ud835\uddff\ud835\uddf2\ud835\uddfb\ud835\uddfc\ud835\ude03\ud835\uddee\ud835\uddff \ud835\ude01\ud835\ude02 \ud835\uddf0\ud835\uddfc\ud835\uddf0\ud835\uddf6\ud835\uddfb\ud835\uddee, \u00a1\ud835\uddf2\ud835\uddfb\ud835\ude03\u00ed\ud835\uddee\ud835\uddfb\ud835\uddfc\ud835\ude00 \ud835\ude02\ud835\uddfb \ud835\uddd7\ud835\udde0 \ud835\ude06 \ud835\uddf5\ud835\uddee\ud835\uddef\ud835\uddf9\ud835\uddf2\ud835\uddfa\ud835\uddfc\ud835\ude00 \ud835\uddf1\ud835\uddf2 \ud835\ude01\ud835\ude02 \ud835\uddfd\ud835\uddff\ud835\uddfc\ud835\ude06\ud835\uddf2\ud835\uddf0\ud835\ude01\ud835\uddfc! \ud83d\udce9\n\n#glowrehabilitastudio #santcugatdelvalles #dise\u00f1odecocinas #mobiliarioamedida #estilismococina #decoinspo\"\/><div class=\"swiper-lazy-preloader swiper-lazy-preloader-white\"><\/div><\/div><div class=\"swiper-slide wpz-insta-album-image\" data-media-type=\"image\"><img class=\"wpzoom-swiper-image swiper-lazy\" data-src=\"https:\/\/scontent-cdg4-1.cdninstagram.com\/v\/t51.82787-15\/673848372_18349801900214684_7023473505228861756_n.jpg?stp=dst-jpg_e35_tt6&#038;_nc_cat=102&#038;ccb=7-5&#038;_nc_sid=18de74&#038;efg=eyJlZmdfdGFnIjoiQ0FST1VTRUxfSVRFTS5iZXN0X2ltYWdlX3VybGdlbi5DMyJ9&#038;_nc_ohc=GVVWkUQlgIUQ7kNvwEPZ16k&#038;_nc_oc=Adoppu-kPp67000ZXHlfCC89_FGsARFK47hNflayf9BuNo-UeQ1rlPzXIHbY41H25cbYSbCSeIyH_9h_HWLDoxgG&#038;_nc_zt=23&#038;_nc_ht=scontent-cdg4-1.cdninstagram.com&#038;edm=AM6HXa8EAAAA&#038;_nc_gid=Zq_uqnPWJRW0VB4rAJ5-zQ&#038;oh=00_Af2eTd0X8THkzwJh_EHKIT49hvfRAWOA75T0lL0ktpeA3Q&#038;oe=69F75906\" alt=\"\ud83d\udce2 \ud835\udde6\ud835\udde7\ud835\udde2\ud835\udde3 a les cuines petites i aclaparadores! \u274c\nA \ud835\uddda\ud835\uddf9\ud835\uddfc\ud835\ude04 \ud835\udde5\ud835\uddf2\ud835\uddf5\ud835\uddee\ud835\uddef\ud835\uddf6\ud835\uddf9\ud835\uddf6\ud835\ude01\ud835\uddee \ud835\udde6\ud835\ude01\ud835\ude02\ud835\uddf1\ud835\uddf6\ud835\uddfc creiem que la mida no importa si el disseny \u00e9s intel\u00b7ligent.\n\nEn aquest carrusel t\u2019ensenyem els 5 tips que has d\u2019entendre per optimitzar la teva cuina al detall.\n\nFem cr\u00e9ixer el teu espai gr\u00e0cies a l&#039;estrat\u00e8gia:\n\u2714\ufe0f Guanyem amplitud visual.\n\u2714\ufe0f Multipliquem l&#039;ordre.\n\nFes swipe i descobreix com aprofitar al m\u00e0xim l\u2019espai real de casa teva!\n\ud835\udde6\ud835\uddf6 \ud835\uddf2\ud835\ude00\ud835\ude01\u00e0\ud835\ude00 \ud835\uddfd\ud835\uddf2\ud835\uddfb\ud835\ude00\ud835\uddee\ud835\uddfb\ud835\ude01 \ud835\uddee \ud835\uddff\ud835\uddf2\ud835\uddfb\ud835\uddfc\ud835\ude03\ud835\uddee\ud835\uddff \ud835\uddf9\ud835\uddee \ud835\ude01\ud835\uddf2\ud835\ude03\ud835\uddee \ud835\uddf0\ud835\ude02\ud835\uddf6\ud835\uddfb\ud835\uddee, \ud835\uddf2\ud835\uddfb\ud835\ude03\ud835\uddf6\ud835\uddee\u2019\ud835\uddfb\ud835\ude00 \ud835\ude02\ud835\uddfb \ud835\uddd7\ud835\udde0 \ud835\uddf6 \ud835\uddfd\ud835\uddee\ud835\uddff\ud835\uddf9\ud835\uddf2\ud835\uddfa \ud835\uddf1\ud835\uddf2\ud835\uddf9 \ud835\ude01\ud835\uddf2\ud835\ude02 \ud835\uddfd\ud835\uddff\ud835\uddfc\ud835\uddf7\ud835\uddf2\ud835\uddf0\ud835\ude01\ud835\uddf2! \ud83d\udce9\n--\n\ud83d\udce2 \u00a1\ud835\udde6\ud835\udde7\ud835\udde2\ud835\udde3 a las cocinas peque\u00f1as y agobiantes! \u274c\nEn \ud835\uddda\ud835\uddf9\ud835\uddfc\ud835\ude04 \ud835\udde5\ud835\uddf2\ud835\uddf5\ud835\uddee\ud835\uddef\ud835\uddf6\ud835\uddf9\ud835\uddf6\ud835\ude01\ud835\uddee \ud835\udde6\ud835\ude01\ud835\ude02\ud835\uddf1\ud835\uddf6\ud835\uddfc creemos que el tama\u00f1o no importa si el dise\u00f1o es inteligente.\n\nEn este carrusel te ense\u00f1amos los 5 tips que debes entender para optimizar tu cocina al detalle.\n\nHacemos crecer tu espacio gracias a la estrategia:\n\u2714\ufe0f Ganamos amplitud visual.\n\u2714\ufe0f Multiplicamos el orden.\n\n\ud83d\udc40 \u00a1Haz swipe! y descubre c\u00f3mo aprovechar al m\u00e1ximo el espacio real de tu hogar.\n\n\ud835\udde6\ud835\uddf6 \ud835\uddf2\ud835\ude00\ud835\ude01\u00e1\ud835\ude00 \ud835\uddfd\ud835\uddf2\ud835\uddfb\ud835\ude00\ud835\uddee\ud835\uddfb\ud835\uddf1\ud835\uddfc \ud835\uddf2\ud835\uddfb \ud835\uddff\ud835\uddf2\ud835\uddfb\ud835\uddfc\ud835\ude03\ud835\uddee\ud835\uddff \ud835\ude01\ud835\ude02 \ud835\uddf0\ud835\uddfc\ud835\uddf0\ud835\uddf6\ud835\uddfb\ud835\uddee, \u00a1\ud835\uddf2\ud835\uddfb\ud835\ude03\u00ed\ud835\uddee\ud835\uddfb\ud835\uddfc\ud835\ude00 \ud835\ude02\ud835\uddfb \ud835\uddd7\ud835\udde0 \ud835\ude06 \ud835\uddf5\ud835\uddee\ud835\uddef\ud835\uddf9\ud835\uddf2\ud835\uddfa\ud835\uddfc\ud835\ude00 \ud835\uddf1\ud835\uddf2 \ud835\ude01\ud835\ude02 \ud835\uddfd\ud835\uddff\ud835\uddfc\ud835\ude06\ud835\uddf2\ud835\uddf0\ud835\ude01\ud835\uddfc! \ud83d\udce9\n\n#glowrehabilitastudio #santcugatdelvalles #dise\u00f1odecocinas #mobiliarioamedida #estilismococina #decoinspo\"\/><div class=\"swiper-lazy-preloader swiper-lazy-preloader-white\"><\/div><\/div><div class=\"swiper-slide wpz-insta-album-image\" data-media-type=\"image\"><img class=\"wpzoom-swiper-image swiper-lazy\" data-src=\"https:\/\/scontent-cdg6-1.cdninstagram.com\/v\/t51.82787-15\/658957062_18349801915214684_2685229711476686839_n.jpg?stp=dst-jpg_e35_tt6&#038;_nc_cat=106&#038;ccb=7-5&#038;_nc_sid=18de74&#038;efg=eyJlZmdfdGFnIjoiQ0FST1VTRUxfSVRFTS5iZXN0X2ltYWdlX3VybGdlbi5DMyJ9&#038;_nc_ohc=GjyyufYyCQMQ7kNvwEc0loq&#038;_nc_oc=AdrSMdptAFfk1XVgvkfRxZWG8xuXqWeGJyVxsuJazRESnIZT2VLOpT04k63yiywDaozHS5XVtOmpmk0m6X4B7AKz&#038;_nc_zt=23&#038;_nc_ht=scontent-cdg6-1.cdninstagram.com&#038;edm=AM6HXa8EAAAA&#038;_nc_gid=Zq_uqnPWJRW0VB4rAJ5-zQ&#038;oh=00_Af1m6i3u320CLSnD0zrSPEso4Hhu8O_uYhdY4SLgk3Vq1g&#038;oe=69F76A26\" alt=\"\ud83d\udce2 \ud835\udde6\ud835\udde7\ud835\udde2\ud835\udde3 a les cuines petites i aclaparadores! \u274c\nA \ud835\uddda\ud835\uddf9\ud835\uddfc\ud835\ude04 \ud835\udde5\ud835\uddf2\ud835\uddf5\ud835\uddee\ud835\uddef\ud835\uddf6\ud835\uddf9\ud835\uddf6\ud835\ude01\ud835\uddee \ud835\udde6\ud835\ude01\ud835\ude02\ud835\uddf1\ud835\uddf6\ud835\uddfc creiem que la mida no importa si el disseny \u00e9s intel\u00b7ligent.\n\nEn aquest carrusel t\u2019ensenyem els 5 tips que has d\u2019entendre per optimitzar la teva cuina al detall.\n\nFem cr\u00e9ixer el teu espai gr\u00e0cies a l&#039;estrat\u00e8gia:\n\u2714\ufe0f Guanyem amplitud visual.\n\u2714\ufe0f Multipliquem l&#039;ordre.\n\nFes swipe i descobreix com aprofitar al m\u00e0xim l\u2019espai real de casa teva!\n\ud835\udde6\ud835\uddf6 \ud835\uddf2\ud835\ude00\ud835\ude01\u00e0\ud835\ude00 \ud835\uddfd\ud835\uddf2\ud835\uddfb\ud835\ude00\ud835\uddee\ud835\uddfb\ud835\ude01 \ud835\uddee \ud835\uddff\ud835\uddf2\ud835\uddfb\ud835\uddfc\ud835\ude03\ud835\uddee\ud835\uddff \ud835\uddf9\ud835\uddee \ud835\ude01\ud835\uddf2\ud835\ude03\ud835\uddee \ud835\uddf0\ud835\ude02\ud835\uddf6\ud835\uddfb\ud835\uddee, \ud835\uddf2\ud835\uddfb\ud835\ude03\ud835\uddf6\ud835\uddee\u2019\ud835\uddfb\ud835\ude00 \ud835\ude02\ud835\uddfb \ud835\uddd7\ud835\udde0 \ud835\uddf6 \ud835\uddfd\ud835\uddee\ud835\uddff\ud835\uddf9\ud835\uddf2\ud835\uddfa \ud835\uddf1\ud835\uddf2\ud835\uddf9 \ud835\ude01\ud835\uddf2\ud835\ude02 \ud835\uddfd\ud835\uddff\ud835\uddfc\ud835\uddf7\ud835\uddf2\ud835\uddf0\ud835\ude01\ud835\uddf2! \ud83d\udce9\n--\n\ud83d\udce2 \u00a1\ud835\udde6\ud835\udde7\ud835\udde2\ud835\udde3 a las cocinas peque\u00f1as y agobiantes! \u274c\nEn \ud835\uddda\ud835\uddf9\ud835\uddfc\ud835\ude04 \ud835\udde5\ud835\uddf2\ud835\uddf5\ud835\uddee\ud835\uddef\ud835\uddf6\ud835\uddf9\ud835\uddf6\ud835\ude01\ud835\uddee \ud835\udde6\ud835\ude01\ud835\ude02\ud835\uddf1\ud835\uddf6\ud835\uddfc creemos que el tama\u00f1o no importa si el dise\u00f1o es inteligente.\n\nEn este carrusel te ense\u00f1amos los 5 tips que debes entender para optimizar tu cocina al detalle.\n\nHacemos crecer tu espacio gracias a la estrategia:\n\u2714\ufe0f Ganamos amplitud visual.\n\u2714\ufe0f Multiplicamos el orden.\n\n\ud83d\udc40 \u00a1Haz swipe! y descubre c\u00f3mo aprovechar al m\u00e1ximo el espacio real de tu hogar.\n\n\ud835\udde6\ud835\uddf6 \ud835\uddf2\ud835\ude00\ud835\ude01\u00e1\ud835\ude00 \ud835\uddfd\ud835\uddf2\ud835\uddfb\ud835\ude00\ud835\uddee\ud835\uddfb\ud835\uddf1\ud835\uddfc \ud835\uddf2\ud835\uddfb \ud835\uddff\ud835\uddf2\ud835\uddfb\ud835\uddfc\ud835\ude03\ud835\uddee\ud835\uddff \ud835\ude01\ud835\ude02 \ud835\uddf0\ud835\uddfc\ud835\uddf0\ud835\uddf6\ud835\uddfb\ud835\uddee, \u00a1\ud835\uddf2\ud835\uddfb\ud835\ude03\u00ed\ud835\uddee\ud835\uddfb\ud835\uddfc\ud835\ude00 \ud835\ude02\ud835\uddfb \ud835\uddd7\ud835\udde0 \ud835\ude06 \ud835\uddf5\ud835\uddee\ud835\uddef\ud835\uddf9\ud835\uddf2\ud835\uddfa\ud835\uddfc\ud835\ude00 \ud835\uddf1\ud835\uddf2 \ud835\ude01\ud835\ude02 \ud835\uddfd\ud835\uddff\ud835\uddfc\ud835\ude06\ud835\uddf2\ud835\uddf0\ud835\ude01\ud835\uddfc! \ud83d\udce9\n\n#glowrehabilitastudio #santcugatdelvalles #dise\u00f1odecocinas #mobiliarioamedida #estilismococina #decoinspo\"\/><div class=\"swiper-lazy-preloader swiper-lazy-preloader-white\"><\/div><\/div><div class=\"swiper-slide wpz-insta-album-image\" data-media-type=\"image\"><img class=\"wpzoom-swiper-image swiper-lazy\" data-src=\"https:\/\/scontent-cdg6-1.cdninstagram.com\/v\/t51.82787-15\/657722800_18349801933214684_2599142413755511178_n.jpg?stp=dst-jpg_e35_tt6&#038;_nc_cat=105&#038;ccb=7-5&#038;_nc_sid=18de74&#038;efg=eyJlZmdfdGFnIjoiQ0FST1VTRUxfSVRFTS5iZXN0X2ltYWdlX3VybGdlbi5DMyJ9&#038;_nc_ohc=Sy0Yf_EgWSAQ7kNvwFsuiw6&#038;_nc_oc=AdrluhZ8uQ3FsbbRkRKqMu_2Ur6reJ0xHNKsKIpQgU0HuAO0J2mRp-IsjJIFurY_HLQlz_ufVFFAYRhFXMmqU6ia&#038;_nc_zt=23&#038;_nc_ht=scontent-cdg6-1.cdninstagram.com&#038;edm=AM6HXa8EAAAA&#038;_nc_gid=Zq_uqnPWJRW0VB4rAJ5-zQ&#038;oh=00_Af27XpNrrLRFY_4R8wFPpzN4alLFieez45fLZGXKuV7kUA&#038;oe=69F75D86\" alt=\"\ud83d\udce2 \ud835\udde6\ud835\udde7\ud835\udde2\ud835\udde3 a les cuines petites i aclaparadores! \u274c\nA \ud835\uddda\ud835\uddf9\ud835\uddfc\ud835\ude04 \ud835\udde5\ud835\uddf2\ud835\uddf5\ud835\uddee\ud835\uddef\ud835\uddf6\ud835\uddf9\ud835\uddf6\ud835\ude01\ud835\uddee \ud835\udde6\ud835\ude01\ud835\ude02\ud835\uddf1\ud835\uddf6\ud835\uddfc creiem que la mida no importa si el disseny \u00e9s intel\u00b7ligent.\n\nEn aquest carrusel t\u2019ensenyem els 5 tips que has d\u2019entendre per optimitzar la teva cuina al detall.\n\nFem cr\u00e9ixer el teu espai gr\u00e0cies a l&#039;estrat\u00e8gia:\n\u2714\ufe0f Guanyem amplitud visual.\n\u2714\ufe0f Multipliquem l&#039;ordre.\n\nFes swipe i descobreix com aprofitar al m\u00e0xim l\u2019espai real de casa teva!\n\ud835\udde6\ud835\uddf6 \ud835\uddf2\ud835\ude00\ud835\ude01\u00e0\ud835\ude00 \ud835\uddfd\ud835\uddf2\ud835\uddfb\ud835\ude00\ud835\uddee\ud835\uddfb\ud835\ude01 \ud835\uddee \ud835\uddff\ud835\uddf2\ud835\uddfb\ud835\uddfc\ud835\ude03\ud835\uddee\ud835\uddff \ud835\uddf9\ud835\uddee \ud835\ude01\ud835\uddf2\ud835\ude03\ud835\uddee \ud835\uddf0\ud835\ude02\ud835\uddf6\ud835\uddfb\ud835\uddee, \ud835\uddf2\ud835\uddfb\ud835\ude03\ud835\uddf6\ud835\uddee\u2019\ud835\uddfb\ud835\ude00 \ud835\ude02\ud835\uddfb \ud835\uddd7\ud835\udde0 \ud835\uddf6 \ud835\uddfd\ud835\uddee\ud835\uddff\ud835\uddf9\ud835\uddf2\ud835\uddfa \ud835\uddf1\ud835\uddf2\ud835\uddf9 \ud835\ude01\ud835\uddf2\ud835\ude02 \ud835\uddfd\ud835\uddff\ud835\uddfc\ud835\uddf7\ud835\uddf2\ud835\uddf0\ud835\ude01\ud835\uddf2! \ud83d\udce9\n--\n\ud83d\udce2 \u00a1\ud835\udde6\ud835\udde7\ud835\udde2\ud835\udde3 a las cocinas peque\u00f1as y agobiantes! \u274c\nEn \ud835\uddda\ud835\uddf9\ud835\uddfc\ud835\ude04 \ud835\udde5\ud835\uddf2\ud835\uddf5\ud835\uddee\ud835\uddef\ud835\uddf6\ud835\uddf9\ud835\uddf6\ud835\ude01\ud835\uddee \ud835\udde6\ud835\ude01\ud835\ude02\ud835\uddf1\ud835\uddf6\ud835\uddfc creemos que el tama\u00f1o no importa si el dise\u00f1o es inteligente.\n\nEn este carrusel te ense\u00f1amos los 5 tips que debes entender para optimizar tu cocina al detalle.\n\nHacemos crecer tu espacio gracias a la estrategia:\n\u2714\ufe0f Ganamos amplitud visual.\n\u2714\ufe0f Multiplicamos el orden.\n\n\ud83d\udc40 \u00a1Haz swipe! y descubre c\u00f3mo aprovechar al m\u00e1ximo el espacio real de tu hogar.\n\n\ud835\udde6\ud835\uddf6 \ud835\uddf2\ud835\ude00\ud835\ude01\u00e1\ud835\ude00 \ud835\uddfd\ud835\uddf2\ud835\uddfb\ud835\ude00\ud835\uddee\ud835\uddfb\ud835\uddf1\ud835\uddfc \ud835\uddf2\ud835\uddfb \ud835\uddff\ud835\uddf2\ud835\uddfb\ud835\uddfc\ud835\ude03\ud835\uddee\ud835\uddff \ud835\ude01\ud835\ude02 \ud835\uddf0\ud835\uddfc\ud835\uddf0\ud835\uddf6\ud835\uddfb\ud835\uddee, \u00a1\ud835\uddf2\ud835\uddfb\ud835\ude03\u00ed\ud835\uddee\ud835\uddfb\ud835\uddfc\ud835\ude00 \ud835\ude02\ud835\uddfb \ud835\uddd7\ud835\udde0 \ud835\ude06 \ud835\uddf5\ud835\uddee\ud835\uddef\ud835\uddf9\ud835\uddf2\ud835\uddfa\ud835\uddfc\ud835\ude00 \ud835\uddf1\ud835\uddf2 \ud835\ude01\ud835\ude02 \ud835\uddfd\ud835\uddff\ud835\uddfc\ud835\ude06\ud835\uddf2\ud835\uddf0\ud835\ude01\ud835\uddfc! \ud83d\udce9\n\n#glowrehabilitastudio #santcugatdelvalles #dise\u00f1odecocinas #mobiliarioamedida #estilismococina #decoinspo\"\/><div class=\"swiper-lazy-preloader swiper-lazy-preloader-white\"><\/div><\/div><\/div><div class=\"swiper-pagination\"><\/div><div class=\"swiper-button-prev\"><\/div><div class=\"swiper-button-next\"><\/div><\/div><\/div>\n\t\t\t\t\t<div class=\"details-wrapper\">\n\t\t\t\t\t<div class=\"wpz-insta-header\">\n\t\t\t\t\t\t<div class=\"wpz-insta-avatar\">\n\t\t\t\t\t\t\t<img loading=\"lazy\" decoding=\"async\" src=\"https:\/\/glowrehabilita.b-cdn.net\/wp-content\/uploads\/2025\/10\/93519455_2655935304652048_3151073052440133632_n-1-150x150.jpg\" alt=\"@glowrehabilitastudio\" width=\"42\" height=\"42\"\/>\n\t\t\t\t\t\t<\/div>\n\t\t\t\t\t\t<div class=\"wpz-insta-buttons\">\n\t\t\t\t\t\t\t<div class=\"wpz-insta-username\">\n\t\t\t\t\t\t\t\t<a rel=\"noopener nofollow\" target=\"_blank\" href=\"https:\/\/instagram.com\/glowrehabilitastudio\">@glowrehabilitastudio<\/a>\n\t\t\t\t\t\t\t<\/div>\n\t\t\t\t\t\t\t<div>&bull;<\/div>\n\t\t\t\t\t\t\t<div class=\"wpz-insta-follow\">\n\t\t\t\t\t\t\t\t<a target=\"_blank\" rel=\"noopener nofollow\" href=\"https:\/\/instagram.com\/glowrehabilitastudio?ref=badge\">\n\t\t\t\t\t\t\t\t\tFollow\n\t\t\t\t\t\t\t\t<\/a>\n\t\t\t\t\t\t\t<\/div>\n\t\t\t\t\t\t<\/div>\n\t\t\t\t\t<\/div><div class=\"wpz-insta-caption\">\ud83d\udce2 \ud835\udde6\ud835\udde7\ud835\udde2\ud835\udde3 a les cuines petites i aclaparadores! \u274c\nA \ud835\uddda\ud835\uddf9\ud835\uddfc\ud835\ude04 \ud835\udde5\ud835\uddf2\ud835\uddf5\ud835\uddee\ud835\uddef\ud835\uddf6\ud835\uddf9\ud835\uddf6\ud835\ude01\ud835\uddee \ud835\udde6\ud835\ude01\ud835\ude02\ud835\uddf1\ud835\uddf6\ud835\uddfc creiem que la mida no importa si el disseny \u00e9s intel\u00b7ligent.\n\nEn aquest carrusel t\u2019ensenyem els 5 tips que has d\u2019entendre per optimitzar la teva cuina al detall.\n\nFem cr\u00e9ixer el teu espai gr\u00e0cies a l&#039;estrat\u00e8gia:\n\u2714\ufe0f Guanyem amplitud visual.\n\u2714\ufe0f Multipliquem l&#039;ordre.\n\nFes swipe i descobreix com aprofitar al m\u00e0xim l\u2019espai real de casa teva!\n\ud835\udde6\ud835\uddf6 \ud835\uddf2\ud835\ude00\ud835\ude01\u00e0\ud835\ude00 \ud835\uddfd\ud835\uddf2\ud835\uddfb\ud835\ude00\ud835\uddee\ud835\uddfb\ud835\ude01 \ud835\uddee \ud835\uddff\ud835\uddf2\ud835\uddfb\ud835\uddfc\ud835\ude03\ud835\uddee\ud835\uddff \ud835\uddf9\ud835\uddee \ud835\ude01\ud835\uddf2\ud835\ude03\ud835\uddee \ud835\uddf0\ud835\ude02\ud835\uddf6\ud835\uddfb\ud835\uddee, \ud835\uddf2\ud835\uddfb\ud835\ude03\ud835\uddf6\ud835\uddee\u2019\ud835\uddfb\ud835\ude00 \ud835\ude02\ud835\uddfb \ud835\uddd7\ud835\udde0 \ud835\uddf6 \ud835\uddfd\ud835\uddee\ud835\uddff\ud835\uddf9\ud835\uddf2\ud835\uddfa \ud835\uddf1\ud835\uddf2\ud835\uddf9 \ud835\ude01\ud835\uddf2\ud835\ude02 \ud835\uddfd\ud835\uddff\ud835\uddfc\ud835\uddf7\ud835\uddf2\ud835\uddf0\ud835\ude01\ud835\uddf2! \ud83d\udce9\n--\n\ud83d\udce2 \u00a1\ud835\udde6\ud835\udde7\ud835\udde2\ud835\udde3 a las cocinas peque\u00f1as y agobiantes! \u274c\nEn \ud835\uddda\ud835\uddf9\ud835\uddfc\ud835\ude04 \ud835\udde5\ud835\uddf2\ud835\uddf5\ud835\uddee\ud835\uddef\ud835\uddf6\ud835\uddf9\ud835\uddf6\ud835\ude01\ud835\uddee \ud835\udde6\ud835\ude01\ud835\ude02\ud835\uddf1\ud835\uddf6\ud835\uddfc creemos que el tama\u00f1o no importa si el dise\u00f1o es inteligente.\n\nEn este carrusel te ense\u00f1amos los 5 tips que debes entender para optimizar tu cocina al detalle.\n\nHacemos crecer tu espacio gracias a la estrategia:\n\u2714\ufe0f Ganamos amplitud visual.\n\u2714\ufe0f Multiplicamos el orden.\n\n\ud83d\udc40 \u00a1Haz swipe! y descubre c\u00f3mo aprovechar al m\u00e1ximo el espacio real de tu hogar.\n\n\ud835\udde6\ud835\uddf6 \ud835\uddf2\ud835\ude00\ud835\ude01\u00e1\ud835\ude00 \ud835\uddfd\ud835\uddf2\ud835\uddfb\ud835\ude00\ud835\uddee\ud835\uddfb\ud835\uddf1\ud835\uddfc \ud835\uddf2\ud835\uddfb \ud835\uddff\ud835\uddf2\ud835\uddfb\ud835\uddfc\ud835\ude03\ud835\uddee\ud835\uddff \ud835\ude01\ud835\ude02 \ud835\uddf0\ud835\uddfc\ud835\uddf0\ud835\uddf6\ud835\uddfb\ud835\uddee, \u00a1\ud835\uddf2\ud835\uddfb\ud835\ude03\u00ed\ud835\uddee\ud835\uddfb\ud835\uddfc\ud835\ude00 \ud835\ude02\ud835\uddfb \ud835\uddd7\ud835\udde0 \ud835\ude06 \ud835\uddf5\ud835\uddee\ud835\uddef\ud835\uddf9\ud835\uddf2\ud835\uddfa\ud835\uddfc\ud835\ude00 \ud835\uddf1\ud835\uddf2 \ud835\ude01\ud835\ude02 \ud835\uddfd\ud835\uddff\ud835\uddfc\ud835\ude06\ud835\uddf2\ud835\uddf0\ud835\ude01\ud835\uddfc! \ud83d\udce9\n\n#glowrehabilitastudio #santcugatdelvalles #dise\u00f1odecocinas #mobiliarioamedida #estilismococina #decoinspo<\/div><div class=\"wpz-insta-date\">6 dies ago<\/div><div class=\"wpz-insta-counts\"><span class=\"wpz-insta-likes\"><svg width=\"18\" height=\"18\" xmlns=\"http:\/\/www.w3.org\/2000\/svg\" viewBox=\"0 0 25 25\" id=\"heart-outline\"><path fill=\"none\" stroke=\"#c0c7ca\" stroke-width=\"2\" d=\"M12 21.35l-1.45-1.32C5.4 15.36 2 12.28 2 8.5 2 5.42 4.42 3 7.5 3c1.74 0 3.41.81 4.5 2.09C13.09 3.81 14.76 3 16.5 3 19.58 3 22 5.42 22 8.5c0 3.78-3.4 6.86-8.55 11.54L12 21.35z\"><\/path><\/svg>12<\/span><span class=\"wpz-insta-comments\"><svg width=\"18\" height=\"18\" xmlns=\"http:\/\/www.w3.org\/2000\/svg\" viewBox=\"0 0 28 28\" id=\"comment\"><path fill=\"#c0c7ca\" d=\"M25.784 21.017A10.992 10.992 0 0 0 27 16c0-6.065-4.935-11-11-11S5 9.935 5 16s4.935 11 11 11c1.742 0 3.468-.419 5.018-1.215l4.74 1.185a.996.996 0 0 0 .949-.263 1 1 0 0 0 .263-.95l-1.186-4.74zm-2.033.11.874 3.498-3.498-.875a1.006 1.006 0 0 0-.731.098A8.99 8.99 0 0 1 16 25c-4.963 0-9-4.038-9-9s4.037-9 9-9 9 4.038 9 9a8.997 8.997 0 0 1-1.151 4.395.995.995 0 0 0-.098.732z\"><\/path><\/svg>1<\/span><\/div><div class=\"view-post\">\n\t\t\t\t\t<a href=\"https:\/\/www.instagram.com\/p\/DXgjmRrjHEf\/\" target=\"_blank\" rel=\"noopener nofollow\"><span class=\"dashicons dashicons-instagram\"><\/span>View on Instagram<\/a>\n\t\t\t\t\t<span class=\"delimiter\">|<\/span>\n\t\t\t\t\t<div class=\"wpz-insta-pagination\">2\/5<\/div>\n\t\t\t\t\t<\/div><\/div><\/div><\/div><div data-uid=\"18263331523293678\" class=\"swiper-slide wpz-insta-lightbox-item\"><div class=\"wpz-insta-lightbox\"><div class=\"image-wrapper\"><video controls muted preload=\"none\"><source src=\"https:\/\/scontent-cdg4-2.cdninstagram.com\/o1\/v\/t2\/f2\/m86\/AQNNwjye5iJXBA8ronsEy2BLV6ST7BCKRaqr_qxKmHGqbSiOTE_pCl7xhqwhaINiem0R53cy5C8zQYXOyubFhuxif7DPUfFBrlX60Is.mp4?_nc_cat=100&#038;_nc_sid=5e9851&#038;_nc_ht=scontent-cdg4-2.cdninstagram.com&#038;_nc_ohc=TQu3X92UErgQ7kNvwGc0Mpl&#038;efg=eyJ2ZW5jb2RlX3RhZyI6Inhwdl9wcm9ncmVzc2l2ZS5JTlNUQUdSQU0uQ0xJUFMuQzMuNzIwLmRhc2hfYmFzZWxpbmVfMV92MSIsInhwdl9hc3NldF9pZCI6MTgzNDk2NzU3MTEyMTQ2ODQsImFzc2V0X2FnZV9kYXlzIjo1LCJ2aV91c2VjYXNlX2lkIjoxMDA5OSwiZHVyYXRpb25fcyI6MjMsInVybGdlbl9zb3VyY2UiOiJ3d3cifQ%3D%3D&#038;ccb=17-1&#038;vs=6662889cf30529ce&#038;_nc_vs=HBksFQIYUmlnX3hwdl9yZWVsc19wZXJtYW5lbnRfc3JfcHJvZC9DMzQ4QTJFQUE0MjEzRDg0MTU2RjI5QzRDNjg3OTg5NF92aWRlb19kYXNoaW5pdC5tcDQVAALIARIAFQIYUWlnX3hwdl9wbGFjZW1lbnRfcGVybWFuZW50X3YyL0Q3NEQwRTg1OEI2RTkzQUJDODgwNDhCNEJFRkIzQkE1X2F1ZGlvX2Rhc2hpbml0Lm1wNBUCAsgBEgAoABgAGwKIB3VzZV9vaWwBMRJwcm9ncmVzc2l2ZV9yZWNpcGUBMRUAACa40ZXo2buYQRUCKAJDMywXQDeiDEm6XjUYEmRhc2hfYmFzZWxpbmVfMV92MREAdf4HZeadAQA&#038;_nc_gid=Zq_uqnPWJRW0VB4rAJ5-zQ&#038;edm=AM6HXa8EAAAA&#038;_nc_zt=28&#038;oh=00_Af0IQC8xTCOXEWoWQ55bDgZ_RvzHebYBxonqJN5yTlv1Lg&#038;oe=69F38939\" type=\"video\/mp4\"\/><\/video><\/div>\n\t\t\t\t\t<div class=\"details-wrapper\">\n\t\t\t\t\t<div class=\"wpz-insta-header\">\n\t\t\t\t\t\t<div class=\"wpz-insta-avatar\">\n\t\t\t\t\t\t\t<img loading=\"lazy\" decoding=\"async\" src=\"https:\/\/glowrehabilita.b-cdn.net\/wp-content\/uploads\/2025\/10\/93519455_2655935304652048_3151073052440133632_n-1-150x150.jpg\" alt=\"@glowrehabilitastudio\" width=\"42\" height=\"42\"\/>\n\t\t\t\t\t\t<\/div>\n\t\t\t\t\t\t<div class=\"wpz-insta-buttons\">\n\t\t\t\t\t\t\t<div class=\"wpz-insta-username\">\n\t\t\t\t\t\t\t\t<a rel=\"noopener nofollow\" target=\"_blank\" href=\"https:\/\/instagram.com\/glowrehabilitastudio\">@glowrehabilitastudio<\/a>\n\t\t\t\t\t\t\t<\/div>\n\t\t\t\t\t\t\t<div>&bull;<\/div>\n\t\t\t\t\t\t\t<div class=\"wpz-insta-follow\">\n\t\t\t\t\t\t\t\t<a target=\"_blank\" rel=\"noopener nofollow\" href=\"https:\/\/instagram.com\/glowrehabilitastudio?ref=badge\">\n\t\t\t\t\t\t\t\t\tFollow\n\t\t\t\t\t\t\t\t<\/a>\n\t\t\t\t\t\t\t<\/div>\n\t\t\t\t\t\t<\/div>\n\t\t\t\t\t<\/div><div class=\"wpz-insta-caption\">Bona Diada i feli\u00e7 Sant Jordi a tothom! \ud83c\udf39\n\nTens ja un rac\u00f3 per al teu llibre d&#039;avui? \n\n\ud83d\udcd6 A Glow Rehabilita Studio dissenyem espais on viure... noves hist\u00f2ries. Com aquestes llibreries que hem fet a mida, pensades per gaudir de cada cap\u00edtol a casa teva. \u2728\n--\n\u00a1Feliz Sant Jordi a todos! \ud83c\udf39\n\n\u00bfYa tienes rinc\u00f3n para tu libro de hoy? \n\n\ud83d\udcd6 En Glow Rehabilita Studio dise\u00f1amos espacios donde vivir... nuevas historias. Como estas librer\u00edas que hemos hecho a medida, pensadas para disfrutar de cada cap\u00edtulo en tu propia casa. \u2728\n\n#glowrehabilitastudio #reformasintegrales #reformasdeinteriores #dise\u00f1opersonalizado #dise\u00f1oamedida #arquitecturaydise\u00f1o #feli\u00e7santjordi<\/div><div class=\"wpz-insta-date\">7 dies ago<\/div><div class=\"wpz-insta-counts\"><span class=\"wpz-insta-likes\"><svg width=\"18\" height=\"18\" xmlns=\"http:\/\/www.w3.org\/2000\/svg\" viewBox=\"0 0 25 25\" id=\"heart-outline\"><path fill=\"none\" stroke=\"#c0c7ca\" stroke-width=\"2\" d=\"M12 21.35l-1.45-1.32C5.4 15.36 2 12.28 2 8.5 2 5.42 4.42 3 7.5 3c1.74 0 3.41.81 4.5 2.09C13.09 3.81 14.76 3 16.5 3 19.58 3 22 5.42 22 8.5c0 3.78-3.4 6.86-8.55 11.54L12 21.35z\"><\/path><\/svg>5<\/span><\/div><div class=\"view-post\">\n\t\t\t\t\t<a href=\"https:\/\/www.instagram.com\/reel\/DXeFuG0gWRZ\/\" target=\"_blank\" rel=\"noopener nofollow\"><span class=\"dashicons dashicons-instagram\"><\/span>View on Instagram<\/a>\n\t\t\t\t\t<span class=\"delimiter\">|<\/span>\n\t\t\t\t\t<div class=\"wpz-insta-pagination\">3\/5<\/div>\n\t\t\t\t\t<\/div><\/div><\/div><\/div><div data-uid=\"18407262214182692\" class=\"swiper-slide wpz-insta-lightbox-item\"><div class=\"wpz-insta-lightbox\"><div class=\"image-wrapper\"><div class=\"swiper\" style=\"height: 100%;\"><div class=\"swiper-wrapper wpz-insta-album-images\"><div class=\"swiper-slide wpz-insta-album-image\" data-media-type=\"image\"><img class=\"wpzoom-swiper-image swiper-lazy\" data-src=\"https:\/\/scontent-cdg4-1.cdninstagram.com\/v\/t51.82787-15\/671832659_18349311049214684_4505696725207815915_n.jpg?stp=dst-jpg_e35_tt6&#038;_nc_cat=104&#038;ccb=7-5&#038;_nc_sid=18de74&#038;efg=eyJlZmdfdGFnIjoiQ0FST1VTRUxfSVRFTS5iZXN0X2ltYWdlX3VybGdlbi5DMyJ9&#038;_nc_ohc=S7E1C9pZdUsQ7kNvwH7dBAf&#038;_nc_oc=Adorfq3MzthhWeOjdBmaMdn2DUg9DmErqR8o_N0tU6X6mmZpuTVcETh4iX15vInUiPmvHYEmlto-z1dCAr9t3Pxs&#038;_nc_zt=23&#038;_nc_ht=scontent-cdg4-1.cdninstagram.com&#038;edm=AM6HXa8EAAAA&#038;_nc_gid=Zq_uqnPWJRW0VB4rAJ5-zQ&#038;oh=00_Af2l60aAUJBRi96EiS_Yh0J0Sa_GHAvGRZNy7elgJGKQvA&#038;oe=69F75C08\" alt=\"En esta \ud835\uddff\ud835\uddf2\ud835\uddf0\ud835\uddfc\ud835\uddfd\ud835\uddf6\ud835\uddf9\ud835\uddee\ud835\uddf0\ud835\uddf6\u00f3\ud835\uddfb \ud835\uddf1\ud835\uddf2 \ud835\uddf3\ud835\uddfc\ud835\ude01\ud835\uddfc\ud835\ude00 queremos destacar \ud835\uddf0\ud835\uddfc\ud835\uddf0\ud835\uddf6\ud835\uddfb\ud835\uddee\ud835\ude00 \ud835\uddf6\ud835\uddfb\ud835\ude01\ud835\uddf2\ud835\uddf4\ud835\uddff\ud835\uddee\ud835\uddf1\ud835\uddee\ud835\ude00 \ud835\uddf2\ud835\uddfb \ud835\uddf2\ud835\uddf9 \ud835\uddf0\ud835\uddfc\ud835\uddfa\ud835\uddf2\ud835\uddf1\ud835\uddfc\ud835\uddff. Te ense\u00f1amos c\u00f3mo ganar amplitud eliminando barreras visuales y dejando que la casa respire:\n\nM\u00e1s claridad\nConexi\u00f3n real\nDise\u00f1o integrado\nDesliza para descubrir c\u00f3mo transformamos la oscuridad en espacios de vida.\n\n\u00bf\ud835\uddd8\ud835\uddff\ud835\uddf2\ud835\ude00 \ud835\uddf1\ud835\uddf2 \ud835\uddf9\ud835\uddfc\ud835\ude00 \ud835\uddfe\ud835\ude02\ud835\uddf2 \ud835\uddfd\ud835\uddff\ud835\uddf6\ud835\uddfc\ud835\uddff\ud835\uddf6\ud835\ude07\ud835\uddee \ud835\uddf9\ud835\uddee \ud835\uddf9\ud835\ude02\ud835\ude07 \ud835\uddfb\ud835\uddee\ud835\ude01\ud835\ude02\ud835\uddff\ud835\uddee\ud835\uddf9 \ud835\uddfd\ud835\uddfc\ud835\uddff \ud835\uddf2\ud835\uddfb\ud835\uddf0\ud835\uddf6\ud835\uddfa\ud835\uddee \ud835\uddf1\ud835\uddf2 \ud835\ude01\ud835\uddfc\ud835\uddf1\ud835\uddfc? \u00a1\ud835\udde7\ud835\uddf2 \ud835\uddf9\ud835\uddf2\ud835\uddf2\ud835\uddfa\ud835\uddfc\ud835\ude00! \ud83d\udc47\ud83c\udffc\n--\nEn aquesta \ud835\uddff\ud835\uddf2\ud835\uddf0\ud835\uddfc\ud835\uddfd\ud835\uddf6\ud835\uddf9\ud835\uddee\ud835\uddf0\ud835\uddf6\u00f3 \ud835\uddf1\ud835\uddf2 \ud835\uddf3\ud835\uddfc\ud835\ude01\ud835\uddfc\ud835\ude00 volem destacar \ud835\uddf0\ud835\ude02\ud835\uddf6\ud835\uddfb\ud835\uddf2\ud835\ude00 \ud835\uddf6\ud835\uddfb\ud835\ude01\ud835\uddf2\ud835\uddf4\ud835\uddff\ud835\uddee\ud835\uddf1\ud835\uddf2\ud835\ude00 \ud835\uddee\ud835\uddf9 \ud835\uddfa\ud835\uddf2\ud835\uddfb\ud835\uddf7\ud835\uddee\ud835\uddf1\ud835\uddfc\ud835\uddff. Et mostrem com guanyar amplitud eliminant barreres visuals i deixant que la casa respiri:\n\nM\u00e9s claredat\nConnexi\u00f3 real\nDisseny integrat\nDespla\u00e7a per descobrir com transformem la foscor en espais de vida.\n\n\ud835\uddd8\ud835\ude01\ud835\ude00 \ud835\uddf1\ud835\uddf2\ud835\uddf9\ud835\ude00 \ud835\uddfe\ud835\ude02\ud835\uddf2 \ud835\uddfd\ud835\uddff\ud835\uddf6\ud835\uddfc\ud835\uddff\ud835\uddf6\ud835\ude01\ud835\ude07\ud835\uddf2\ud835\uddfb \ud835\uddf9\ud835\uddee \ud835\uddf9\ud835\uddf9\ud835\ude02\ud835\uddfa \ud835\uddfb\ud835\uddee\ud835\ude01\ud835\ude02\ud835\uddff\ud835\uddee\ud835\uddf9 \ud835\uddfd\ud835\uddf2\ud835\uddff \ud835\ude00\ud835\uddfc\ud835\uddef\ud835\uddff\ud835\uddf2 \ud835\uddf1\ud835\uddf2 \ud835\ude01\ud835\uddfc\ud835\ude01? \ud835\udde7\u2019\ud835\uddf5\ud835\uddf6 \ud835\uddf9\ud835\uddf9\ud835\uddf2\ud835\uddf4\ud835\uddf6\ud835\uddfa! \ud83d\udc47\ud83c\udffc\n\n#glowrehabilitastudio #santcugatdelvalles #reformaintegral #arquitecturainterior #valldoreix #laplorella\"\/><div class=\"swiper-lazy-preloader swiper-lazy-preloader-white\"><\/div><\/div><div class=\"swiper-slide wpz-insta-album-image\" data-media-type=\"image\"><img class=\"wpzoom-swiper-image swiper-lazy\" data-src=\"https:\/\/scontent-cdg4-3.cdninstagram.com\/v\/t51.82787-15\/673053702_18349311061214684_5114993477075877062_n.jpg?stp=dst-jpg_e35_tt6&#038;_nc_cat=111&#038;ccb=7-5&#038;_nc_sid=18de74&#038;efg=eyJlZmdfdGFnIjoiQ0FST1VTRUxfSVRFTS5iZXN0X2ltYWdlX3VybGdlbi5DMyJ9&#038;_nc_ohc=A6iEmh1KJhAQ7kNvwHvgWIs&#038;_nc_oc=AdqZwY2_GW4OneyOvHIqdBsFlvl_kdTxf8P4DhfUoY6x4cEwxjy2J08AkukDxNQuNB8rcH82-ZYCq3mfDn__Pvj8&#038;_nc_zt=23&#038;_nc_ht=scontent-cdg4-3.cdninstagram.com&#038;edm=AM6HXa8EAAAA&#038;_nc_gid=Zq_uqnPWJRW0VB4rAJ5-zQ&#038;oh=00_Af1-KGWahl3BSUsbzL4IwTRIRXP86wdIf4U-BBr00kuFfg&#038;oe=69F76053\" alt=\"En esta \ud835\uddff\ud835\uddf2\ud835\uddf0\ud835\uddfc\ud835\uddfd\ud835\uddf6\ud835\uddf9\ud835\uddee\ud835\uddf0\ud835\uddf6\u00f3\ud835\uddfb \ud835\uddf1\ud835\uddf2 \ud835\uddf3\ud835\uddfc\ud835\ude01\ud835\uddfc\ud835\ude00 queremos destacar \ud835\uddf0\ud835\uddfc\ud835\uddf0\ud835\uddf6\ud835\uddfb\ud835\uddee\ud835\ude00 \ud835\uddf6\ud835\uddfb\ud835\ude01\ud835\uddf2\ud835\uddf4\ud835\uddff\ud835\uddee\ud835\uddf1\ud835\uddee\ud835\ude00 \ud835\uddf2\ud835\uddfb \ud835\uddf2\ud835\uddf9 \ud835\uddf0\ud835\uddfc\ud835\uddfa\ud835\uddf2\ud835\uddf1\ud835\uddfc\ud835\uddff. Te ense\u00f1amos c\u00f3mo ganar amplitud eliminando barreras visuales y dejando que la casa respire:\n\nM\u00e1s claridad\nConexi\u00f3n real\nDise\u00f1o integrado\nDesliza para descubrir c\u00f3mo transformamos la oscuridad en espacios de vida.\n\n\u00bf\ud835\uddd8\ud835\uddff\ud835\uddf2\ud835\ude00 \ud835\uddf1\ud835\uddf2 \ud835\uddf9\ud835\uddfc\ud835\ude00 \ud835\uddfe\ud835\ude02\ud835\uddf2 \ud835\uddfd\ud835\uddff\ud835\uddf6\ud835\uddfc\ud835\uddff\ud835\uddf6\ud835\ude07\ud835\uddee \ud835\uddf9\ud835\uddee \ud835\uddf9\ud835\ude02\ud835\ude07 \ud835\uddfb\ud835\uddee\ud835\ude01\ud835\ude02\ud835\uddff\ud835\uddee\ud835\uddf9 \ud835\uddfd\ud835\uddfc\ud835\uddff \ud835\uddf2\ud835\uddfb\ud835\uddf0\ud835\uddf6\ud835\uddfa\ud835\uddee \ud835\uddf1\ud835\uddf2 \ud835\ude01\ud835\uddfc\ud835\uddf1\ud835\uddfc? \u00a1\ud835\udde7\ud835\uddf2 \ud835\uddf9\ud835\uddf2\ud835\uddf2\ud835\uddfa\ud835\uddfc\ud835\ude00! \ud83d\udc47\ud83c\udffc\n--\nEn aquesta \ud835\uddff\ud835\uddf2\ud835\uddf0\ud835\uddfc\ud835\uddfd\ud835\uddf6\ud835\uddf9\ud835\uddee\ud835\uddf0\ud835\uddf6\u00f3 \ud835\uddf1\ud835\uddf2 \ud835\uddf3\ud835\uddfc\ud835\ude01\ud835\uddfc\ud835\ude00 volem destacar \ud835\uddf0\ud835\ude02\ud835\uddf6\ud835\uddfb\ud835\uddf2\ud835\ude00 \ud835\uddf6\ud835\uddfb\ud835\ude01\ud835\uddf2\ud835\uddf4\ud835\uddff\ud835\uddee\ud835\uddf1\ud835\uddf2\ud835\ude00 \ud835\uddee\ud835\uddf9 \ud835\uddfa\ud835\uddf2\ud835\uddfb\ud835\uddf7\ud835\uddee\ud835\uddf1\ud835\uddfc\ud835\uddff. Et mostrem com guanyar amplitud eliminant barreres visuals i deixant que la casa respiri:\n\nM\u00e9s claredat\nConnexi\u00f3 real\nDisseny integrat\nDespla\u00e7a per descobrir com transformem la foscor en espais de vida.\n\n\ud835\uddd8\ud835\ude01\ud835\ude00 \ud835\uddf1\ud835\uddf2\ud835\uddf9\ud835\ude00 \ud835\uddfe\ud835\ude02\ud835\uddf2 \ud835\uddfd\ud835\uddff\ud835\uddf6\ud835\uddfc\ud835\uddff\ud835\uddf6\ud835\ude01\ud835\ude07\ud835\uddf2\ud835\uddfb \ud835\uddf9\ud835\uddee \ud835\uddf9\ud835\uddf9\ud835\ude02\ud835\uddfa \ud835\uddfb\ud835\uddee\ud835\ude01\ud835\ude02\ud835\uddff\ud835\uddee\ud835\uddf9 \ud835\uddfd\ud835\uddf2\ud835\uddff \ud835\ude00\ud835\uddfc\ud835\uddef\ud835\uddff\ud835\uddf2 \ud835\uddf1\ud835\uddf2 \ud835\ude01\ud835\uddfc\ud835\ude01? \ud835\udde7\u2019\ud835\uddf5\ud835\uddf6 \ud835\uddf9\ud835\uddf9\ud835\uddf2\ud835\uddf4\ud835\uddf6\ud835\uddfa! \ud83d\udc47\ud83c\udffc\n\n#glowrehabilitastudio #santcugatdelvalles #reformaintegral #arquitecturainterior #valldoreix #laplorella\"\/><div class=\"swiper-lazy-preloader swiper-lazy-preloader-white\"><\/div><\/div><div class=\"swiper-slide wpz-insta-album-image\" data-media-type=\"image\"><img class=\"wpzoom-swiper-image swiper-lazy\" data-src=\"https:\/\/scontent-cdg6-1.cdninstagram.com\/v\/t51.82787-15\/670970870_18349311079214684_131920212222161400_n.jpg?stp=dst-jpg_e35_tt6&#038;_nc_cat=103&#038;ccb=7-5&#038;_nc_sid=18de74&#038;efg=eyJlZmdfdGFnIjoiQ0FST1VTRUxfSVRFTS5iZXN0X2ltYWdlX3VybGdlbi5DMyJ9&#038;_nc_ohc=fyKzEeasnJ8Q7kNvwFzhQNq&#038;_nc_oc=AdrxvVB9WfY6TcHepOZJgDJpg8D-yKqgDx4eXiy8FB--BHpl2Eb9G-y3ilETwAYeZVfQmWbNrPwyh23gvWGhP2Xc&#038;_nc_zt=23&#038;_nc_ht=scontent-cdg6-1.cdninstagram.com&#038;edm=AM6HXa8EAAAA&#038;_nc_gid=Zq_uqnPWJRW0VB4rAJ5-zQ&#038;oh=00_Af05sMF4f6m2iN6eem3ieVw7ZcoaXEPBqqvZOFFJ2Pca0Q&#038;oe=69F77980\" alt=\"En esta \ud835\uddff\ud835\uddf2\ud835\uddf0\ud835\uddfc\ud835\uddfd\ud835\uddf6\ud835\uddf9\ud835\uddee\ud835\uddf0\ud835\uddf6\u00f3\ud835\uddfb \ud835\uddf1\ud835\uddf2 \ud835\uddf3\ud835\uddfc\ud835\ude01\ud835\uddfc\ud835\ude00 queremos destacar \ud835\uddf0\ud835\uddfc\ud835\uddf0\ud835\uddf6\ud835\uddfb\ud835\uddee\ud835\ude00 \ud835\uddf6\ud835\uddfb\ud835\ude01\ud835\uddf2\ud835\uddf4\ud835\uddff\ud835\uddee\ud835\uddf1\ud835\uddee\ud835\ude00 \ud835\uddf2\ud835\uddfb \ud835\uddf2\ud835\uddf9 \ud835\uddf0\ud835\uddfc\ud835\uddfa\ud835\uddf2\ud835\uddf1\ud835\uddfc\ud835\uddff. Te ense\u00f1amos c\u00f3mo ganar amplitud eliminando barreras visuales y dejando que la casa respire:\n\nM\u00e1s claridad\nConexi\u00f3n real\nDise\u00f1o integrado\nDesliza para descubrir c\u00f3mo transformamos la oscuridad en espacios de vida.\n\n\u00bf\ud835\uddd8\ud835\uddff\ud835\uddf2\ud835\ude00 \ud835\uddf1\ud835\uddf2 \ud835\uddf9\ud835\uddfc\ud835\ude00 \ud835\uddfe\ud835\ude02\ud835\uddf2 \ud835\uddfd\ud835\uddff\ud835\uddf6\ud835\uddfc\ud835\uddff\ud835\uddf6\ud835\ude07\ud835\uddee \ud835\uddf9\ud835\uddee \ud835\uddf9\ud835\ude02\ud835\ude07 \ud835\uddfb\ud835\uddee\ud835\ude01\ud835\ude02\ud835\uddff\ud835\uddee\ud835\uddf9 \ud835\uddfd\ud835\uddfc\ud835\uddff \ud835\uddf2\ud835\uddfb\ud835\uddf0\ud835\uddf6\ud835\uddfa\ud835\uddee \ud835\uddf1\ud835\uddf2 \ud835\ude01\ud835\uddfc\ud835\uddf1\ud835\uddfc? \u00a1\ud835\udde7\ud835\uddf2 \ud835\uddf9\ud835\uddf2\ud835\uddf2\ud835\uddfa\ud835\uddfc\ud835\ude00! \ud83d\udc47\ud83c\udffc\n--\nEn aquesta \ud835\uddff\ud835\uddf2\ud835\uddf0\ud835\uddfc\ud835\uddfd\ud835\uddf6\ud835\uddf9\ud835\uddee\ud835\uddf0\ud835\uddf6\u00f3 \ud835\uddf1\ud835\uddf2 \ud835\uddf3\ud835\uddfc\ud835\ude01\ud835\uddfc\ud835\ude00 volem destacar \ud835\uddf0\ud835\ude02\ud835\uddf6\ud835\uddfb\ud835\uddf2\ud835\ude00 \ud835\uddf6\ud835\uddfb\ud835\ude01\ud835\uddf2\ud835\uddf4\ud835\uddff\ud835\uddee\ud835\uddf1\ud835\uddf2\ud835\ude00 \ud835\uddee\ud835\uddf9 \ud835\uddfa\ud835\uddf2\ud835\uddfb\ud835\uddf7\ud835\uddee\ud835\uddf1\ud835\uddfc\ud835\uddff. Et mostrem com guanyar amplitud eliminant barreres visuals i deixant que la casa respiri:\n\nM\u00e9s claredat\nConnexi\u00f3 real\nDisseny integrat\nDespla\u00e7a per descobrir com transformem la foscor en espais de vida.\n\n\ud835\uddd8\ud835\ude01\ud835\ude00 \ud835\uddf1\ud835\uddf2\ud835\uddf9\ud835\ude00 \ud835\uddfe\ud835\ude02\ud835\uddf2 \ud835\uddfd\ud835\uddff\ud835\uddf6\ud835\uddfc\ud835\uddff\ud835\uddf6\ud835\ude01\ud835\ude07\ud835\uddf2\ud835\uddfb \ud835\uddf9\ud835\uddee \ud835\uddf9\ud835\uddf9\ud835\ude02\ud835\uddfa \ud835\uddfb\ud835\uddee\ud835\ude01\ud835\ude02\ud835\uddff\ud835\uddee\ud835\uddf9 \ud835\uddfd\ud835\uddf2\ud835\uddff \ud835\ude00\ud835\uddfc\ud835\uddef\ud835\uddff\ud835\uddf2 \ud835\uddf1\ud835\uddf2 \ud835\ude01\ud835\uddfc\ud835\ude01? \ud835\udde7\u2019\ud835\uddf5\ud835\uddf6 \ud835\uddf9\ud835\uddf9\ud835\uddf2\ud835\uddf4\ud835\uddf6\ud835\uddfa! \ud83d\udc47\ud83c\udffc\n\n#glowrehabilitastudio #santcugatdelvalles #reformaintegral #arquitecturainterior #valldoreix #laplorella\"\/><div class=\"swiper-lazy-preloader swiper-lazy-preloader-white\"><\/div><\/div><\/div><div class=\"swiper-pagination\"><\/div><div class=\"swiper-button-prev\"><\/div><div class=\"swiper-button-next\"><\/div><\/div><\/div>\n\t\t\t\t\t<div class=\"details-wrapper\">\n\t\t\t\t\t<div class=\"wpz-insta-header\">\n\t\t\t\t\t\t<div class=\"wpz-insta-avatar\">\n\t\t\t\t\t\t\t<img loading=\"lazy\" decoding=\"async\" src=\"https:\/\/glowrehabilita.b-cdn.net\/wp-content\/uploads\/2025\/10\/93519455_2655935304652048_3151073052440133632_n-1-150x150.jpg\" alt=\"@glowrehabilitastudio\" width=\"42\" height=\"42\"\/>\n\t\t\t\t\t\t<\/div>\n\t\t\t\t\t\t<div class=\"wpz-insta-buttons\">\n\t\t\t\t\t\t\t<div class=\"wpz-insta-username\">\n\t\t\t\t\t\t\t\t<a rel=\"noopener nofollow\" target=\"_blank\" href=\"https:\/\/instagram.com\/glowrehabilitastudio\">@glowrehabilitastudio<\/a>\n\t\t\t\t\t\t\t<\/div>\n\t\t\t\t\t\t\t<div>&bull;<\/div>\n\t\t\t\t\t\t\t<div class=\"wpz-insta-follow\">\n\t\t\t\t\t\t\t\t<a target=\"_blank\" rel=\"noopener nofollow\" href=\"https:\/\/instagram.com\/glowrehabilitastudio?ref=badge\">\n\t\t\t\t\t\t\t\t\tFollow\n\t\t\t\t\t\t\t\t<\/a>\n\t\t\t\t\t\t\t<\/div>\n\t\t\t\t\t\t<\/div>\n\t\t\t\t\t<\/div><div class=\"wpz-insta-caption\">En esta \ud835\uddff\ud835\uddf2\ud835\uddf0\ud835\uddfc\ud835\uddfd\ud835\uddf6\ud835\uddf9\ud835\uddee\ud835\uddf0\ud835\uddf6\u00f3\ud835\uddfb \ud835\uddf1\ud835\uddf2 \ud835\uddf3\ud835\uddfc\ud835\ude01\ud835\uddfc\ud835\ude00 queremos destacar \ud835\uddf0\ud835\uddfc\ud835\uddf0\ud835\uddf6\ud835\uddfb\ud835\uddee\ud835\ude00 \ud835\uddf6\ud835\uddfb\ud835\ude01\ud835\uddf2\ud835\uddf4\ud835\uddff\ud835\uddee\ud835\uddf1\ud835\uddee\ud835\ude00 \ud835\uddf2\ud835\uddfb \ud835\uddf2\ud835\uddf9 \ud835\uddf0\ud835\uddfc\ud835\uddfa\ud835\uddf2\ud835\uddf1\ud835\uddfc\ud835\uddff. Te ense\u00f1amos c\u00f3mo ganar amplitud eliminando barreras visuales y dejando que la casa respire:\n\nM\u00e1s claridad\nConexi\u00f3n real\nDise\u00f1o integrado\nDesliza para descubrir c\u00f3mo transformamos la oscuridad en espacios de vida.\n\n\u00bf\ud835\uddd8\ud835\uddff\ud835\uddf2\ud835\ude00 \ud835\uddf1\ud835\uddf2 \ud835\uddf9\ud835\uddfc\ud835\ude00 \ud835\uddfe\ud835\ude02\ud835\uddf2 \ud835\uddfd\ud835\uddff\ud835\uddf6\ud835\uddfc\ud835\uddff\ud835\uddf6\ud835\ude07\ud835\uddee \ud835\uddf9\ud835\uddee \ud835\uddf9\ud835\ude02\ud835\ude07 \ud835\uddfb\ud835\uddee\ud835\ude01\ud835\ude02\ud835\uddff\ud835\uddee\ud835\uddf9 \ud835\uddfd\ud835\uddfc\ud835\uddff \ud835\uddf2\ud835\uddfb\ud835\uddf0\ud835\uddf6\ud835\uddfa\ud835\uddee \ud835\uddf1\ud835\uddf2 \ud835\ude01\ud835\uddfc\ud835\uddf1\ud835\uddfc? \u00a1\ud835\udde7\ud835\uddf2 \ud835\uddf9\ud835\uddf2\ud835\uddf2\ud835\uddfa\ud835\uddfc\ud835\ude00! \ud83d\udc47\ud83c\udffc\n--\nEn aquesta \ud835\uddff\ud835\uddf2\ud835\uddf0\ud835\uddfc\ud835\uddfd\ud835\uddf6\ud835\uddf9\ud835\uddee\ud835\uddf0\ud835\uddf6\u00f3 \ud835\uddf1\ud835\uddf2 \ud835\uddf3\ud835\uddfc\ud835\ude01\ud835\uddfc\ud835\ude00 volem destacar \ud835\uddf0\ud835\ude02\ud835\uddf6\ud835\uddfb\ud835\uddf2\ud835\ude00 \ud835\uddf6\ud835\uddfb\ud835\ude01\ud835\uddf2\ud835\uddf4\ud835\uddff\ud835\uddee\ud835\uddf1\ud835\uddf2\ud835\ude00 \ud835\uddee\ud835\uddf9 \ud835\uddfa\ud835\uddf2\ud835\uddfb\ud835\uddf7\ud835\uddee\ud835\uddf1\ud835\uddfc\ud835\uddff. Et mostrem com guanyar amplitud eliminant barreres visuals i deixant que la casa respiri:\n\nM\u00e9s claredat\nConnexi\u00f3 real\nDisseny integrat\nDespla\u00e7a per descobrir com transformem la foscor en espais de vida.\n\n\ud835\uddd8\ud835\ude01\ud835\ude00 \ud835\uddf1\ud835\uddf2\ud835\uddf9\ud835\ude00 \ud835\uddfe\ud835\ude02\ud835\uddf2 \ud835\uddfd\ud835\uddff\ud835\uddf6\ud835\uddfc\ud835\uddff\ud835\uddf6\ud835\ude01\ud835\ude07\ud835\uddf2\ud835\uddfb \ud835\uddf9\ud835\uddee \ud835\uddf9\ud835\uddf9\ud835\ude02\ud835\uddfa \ud835\uddfb\ud835\uddee\ud835\ude01\ud835\ude02\ud835\uddff\ud835\uddee\ud835\uddf9 \ud835\uddfd\ud835\uddf2\ud835\uddff \ud835\ude00\ud835\uddfc\ud835\uddef\ud835\uddff\ud835\uddf2 \ud835\uddf1\ud835\uddf2 \ud835\ude01\ud835\uddfc\ud835\ude01? \ud835\udde7\u2019\ud835\uddf5\ud835\uddf6 \ud835\uddf9\ud835\uddf9\ud835\uddf2\ud835\uddf4\ud835\uddf6\ud835\uddfa! \ud83d\udc47\ud83c\udffc\n\n#glowrehabilitastudio #santcugatdelvalles #reformaintegral #arquitecturainterior #valldoreix #laplorella<\/div><div class=\"wpz-insta-date\">1 setmana ago<\/div><div class=\"wpz-insta-counts\"><span class=\"wpz-insta-likes\"><svg width=\"18\" height=\"18\" xmlns=\"http:\/\/www.w3.org\/2000\/svg\" viewBox=\"0 0 25 25\" id=\"heart-outline\"><path fill=\"none\" stroke=\"#c0c7ca\" stroke-width=\"2\" d=\"M12 21.35l-1.45-1.32C5.4 15.36 2 12.28 2 8.5 2 5.42 4.42 3 7.5 3c1.74 0 3.41.81 4.5 2.09C13.09 3.81 14.76 3 16.5 3 19.58 3 22 5.42 22 8.5c0 3.78-3.4 6.86-8.55 11.54L12 21.35z\"><\/path><\/svg>16<\/span><\/div><div class=\"view-post\">\n\t\t\t\t\t<a href=\"https:\/\/www.instagram.com\/p\/DXWoI0gjk98\/\" target=\"_blank\" rel=\"noopener nofollow\"><span class=\"dashicons dashicons-instagram\"><\/span>View on Instagram<\/a>\n\t\t\t\t\t<span class=\"delimiter\">|<\/span>\n\t\t\t\t\t<div class=\"wpz-insta-pagination\">4\/5<\/div>\n\t\t\t\t\t<\/div><\/div><\/div><\/div><div data-uid=\"18001811591874780\" class=\"swiper-slide wpz-insta-lightbox-item\"><div class=\"wpz-insta-lightbox\"><div class=\"image-wrapper\"><video controls muted preload=\"none\"><source src=\"https:\/\/scontent-cdg4-1.cdninstagram.com\/o1\/v\/t2\/f2\/m86\/AQNvLdIFWXOcwUwTWDXphwmiGe_5fVv9XBS_vROSvzaj6APpDyjkfOVNUhvyBgCre_SEwZyTKZOLRwU30QVRl0I4oTb2jahHP-XCLIU.mp4?_nc_cat=108&#038;_nc_sid=5e9851&#038;_nc_ht=scontent-cdg4-1.cdninstagram.com&#038;_nc_ohc=WhFP8ItK4yAQ7kNvwF1WatZ&#038;efg=eyJ2ZW5jb2RlX3RhZyI6Inhwdl9wcm9ncmVzc2l2ZS5JTlNUQUdSQU0uQ0xJUFMuQzMuNzIwLmRhc2hfYmFzZWxpbmVfMV92MSIsInhwdl9hc3NldF9pZCI6MTgzNDg5ODExMzMyMTQ2ODQsImFzc2V0X2FnZV9kYXlzIjoxMSwidmlfdXNlY2FzZV9pZCI6MTAwOTksImR1cmF0aW9uX3MiOjI5LCJ1cmxnZW5fc291cmNlIjoid3d3In0%3D&#038;ccb=17-1&#038;vs=6f024a63badc0b10&#038;_nc_vs=HBksFQIYUmlnX3hwdl9yZWVsc19wZXJtYW5lbnRfc3JfcHJvZC9FMDQ2MjZBNDhDMjBBMDBDRDY0RDg2ODFCQzlCRjdBRF92aWRlb19kYXNoaW5pdC5tcDQVAALIARIAFQIYUWlnX3hwdl9wbGFjZW1lbnRfcGVybWFuZW50X3YyLzhGNEY3RUE2NzQ1ODMwNUFENjcxM0Y2ODUxQTgzQkI4X2F1ZGlvX2Rhc2hpbml0Lm1wNBUCAsgBEgAoABgAGwKIB3VzZV9vaWwBMRJwcm9ncmVzc2l2ZV9yZWNpcGUBMRUAACa4j_zmopOYQRUCKAJDMywXQD4AAAAAAAAYEmRhc2hfYmFzZWxpbmVfMV92MREAdf4HZeadAQA&#038;_nc_gid=Zq_uqnPWJRW0VB4rAJ5-zQ&#038;edm=AM6HXa8EAAAA&#038;_nc_zt=28&#038;oh=00_Af26nYznnqI36PlEBnMvQe7elsQ4aIGaFsBFdIU8FeL-2A&#038;oe=69F37ED5\" type=\"video\/mp4\"\/><\/video><\/div>\n\t\t\t\t\t<div class=\"details-wrapper\">\n\t\t\t\t\t<div class=\"wpz-insta-header\">\n\t\t\t\t\t\t<div class=\"wpz-insta-avatar\">\n\t\t\t\t\t\t\t<img loading=\"lazy\" decoding=\"async\" src=\"https:\/\/glowrehabilita.b-cdn.net\/wp-content\/uploads\/2025\/10\/93519455_2655935304652048_3151073052440133632_n-1-150x150.jpg\" alt=\"@glowrehabilitastudio\" width=\"42\" height=\"42\"\/>\n\t\t\t\t\t\t<\/div>\n\t\t\t\t\t\t<div class=\"wpz-insta-buttons\">\n\t\t\t\t\t\t\t<div class=\"wpz-insta-username\">\n\t\t\t\t\t\t\t\t<a rel=\"noopener nofollow\" target=\"_blank\" href=\"https:\/\/instagram.com\/glowrehabilitastudio\">@glowrehabilitastudio<\/a>\n\t\t\t\t\t\t\t<\/div>\n\t\t\t\t\t\t\t<div>&bull;<\/div>\n\t\t\t\t\t\t\t<div class=\"wpz-insta-follow\">\n\t\t\t\t\t\t\t\t<a target=\"_blank\" rel=\"noopener nofollow\" href=\"https:\/\/instagram.com\/glowrehabilitastudio?ref=badge\">\n\t\t\t\t\t\t\t\t\tFollow\n\t\t\t\t\t\t\t\t<\/a>\n\t\t\t\t\t\t\t<\/div>\n\t\t\t\t\t\t<\/div>\n\t\t\t\t\t<\/div><div class=\"wpz-insta-caption\">\ud835\udde1\ud835\uddfc \u00e9\ud835\ude00 \ud835\uddf2\ud835\uddf9 \ud835\uddfa\ud835\uddee\ud835\ude01\ud835\uddf2\ud835\uddff\ud835\uddf6\ud835\uddee\ud835\uddf9. \u00c9\ud835\ude00 \ud835\uddf9\ud835\uddee \ud835\uddf1\ud835\uddf2\ud835\uddf0\ud835\uddf6\ud835\ude00\ud835\uddf6\u00f3 \ud835\uddee\ud835\uddef\ud835\uddee\ud835\uddfb\ud835\ude00.\n\nTriar acabats sense entendre l\u2019espai \u00e9s un error car. Abans de triar la cuina o les rajoles, a \ud835\uddda\ud835\uddf9\ud835\uddfc\ud835\ude04 \ud835\udde5\ud835\uddf2\ud835\uddf5\ud835\uddee\ud835\uddef\ud835\uddf6\ud835\uddf9\ud835\uddf6\ud835\ude01\ud835\uddee \ud835\udde6\ud835\ude01\ud835\ude02\ud835\uddf1\ud835\uddf6\ud835\uddfc prioritzem tres pilars:\n\n1\ufe0f\u20e3 Llum natural\n2\ufe0f\u20e3 Circulaci\u00f3\n3\ufe0f\u20e3 Distribuci\u00f3\n\nLa teva reforma no comen\u00e7a a la botiga, comen\u00e7a analitzant el teu estil de vida sobre el pl\u00e0nol. \ud83c\udfd7\ufe0f\n\nVols fer-ho b\u00e9 des del principi? Escriu &quot;\ud835\udde3\ud835\udddf\ud835\uddd4\ud835\udde1\ud835\udde2\ud835\udddf&quot; als comentaris i t\u2019ajudem. \ud83d\udc47\ud83c\udffc\n--\n\ud835\udde1\ud835\uddfc \ud835\uddf2\ud835\ude00 \ud835\uddf2\ud835\uddf9 \ud835\uddfa\ud835\uddee\ud835\ude01\ud835\uddf2\ud835\uddff\ud835\uddf6\ud835\uddee\ud835\uddf9. \ud835\uddd8\ud835\ude00 \ud835\uddf9\ud835\uddee \ud835\uddf1\ud835\uddf2\ud835\uddf0\ud835\uddf6\ud835\ude00\ud835\uddf6\u00f3\ud835\uddfb \ud835\uddfd\ud835\uddff\ud835\uddf2\ud835\ude03\ud835\uddf6\ud835\uddee.\n\nElegir acabados sin entender el espacio es un error caro. Antes de elegir la cocina o las baldosas, en \ud835\uddda\ud835\uddf9\ud835\uddfc\ud835\ude04 \ud835\udde5\ud835\uddf2\ud835\uddf5\ud835\uddee\ud835\uddef\ud835\uddf6\ud835\uddf9\ud835\uddf6\ud835\ude01\ud835\uddee \ud835\udde6\ud835\ude01\ud835\ude02\ud835\uddf1\ud835\uddf6\ud835\uddfc priorizamos tres pilares:\n\n1\ufe0f\u20e3 Luz natural \n2\ufe0f\u20e3 Circulaci\u00f3 \n3\ufe0f\u20e3 Distribuci\u00f3n\n\nTu reforma no empieza en la tienda, empieza analizando tu estilo de vida sobre el plano. \ud83c\udfd7\ufe0f\n\n\u00bfQuieres hacerlo bien desde el principio? Escribe &quot;\ud835\udde3\ud835\udddf\ud835\uddd4\ud835\udde1\ud835\udde2&quot; en los comentarios y te ayudamos. \ud83d\udc47\ud83c\udffc\n\n#glowrehabilitastudio #reformesintegrals #santcugatdelvalles #arquitectura #planificacion #interiorismo<\/div><div class=\"wpz-insta-date\">2 setmanes ago<\/div><div class=\"wpz-insta-counts\"><span class=\"wpz-insta-likes\"><svg width=\"18\" height=\"18\" xmlns=\"http:\/\/www.w3.org\/2000\/svg\" viewBox=\"0 0 25 25\" id=\"heart-outline\"><path fill=\"none\" stroke=\"#c0c7ca\" stroke-width=\"2\" d=\"M12 21.35l-1.45-1.32C5.4 15.36 2 12.28 2 8.5 2 5.42 4.42 3 7.5 3c1.74 0 3.41.81 4.5 2.09C13.09 3.81 14.76 3 16.5 3 19.58 3 22 5.42 22 8.5c0 3.78-3.4 6.86-8.55 11.54L12 21.35z\"><\/path><\/svg>15<\/span><\/div><div class=\"view-post\">\n\t\t\t\t\t<a href=\"https:\/\/www.instagram.com\/reel\/DXPfq4Nkq1B\/\" target=\"_blank\" rel=\"noopener nofollow\"><span class=\"dashicons dashicons-instagram\"><\/span>View on Instagram<\/a>\n\t\t\t\t\t<span class=\"delimiter\">|<\/span>\n\t\t\t\t\t<div class=\"wpz-insta-pagination\">5\/5<\/div>\n\t\t\t\t\t<\/div><\/div><\/div><\/div><\/div><div class=\"swiper-button-prev\"><\/div><div class=\"swiper-button-next\"><\/div><\/div><\/div><\/div>[\/et_pb_text][\/et_pb_column][\/et_pb_row][\/et_pb_section][et_pb_section fb_built=&#8221;1&#8243; custom_padding_last_edited=&#8221;on|phone&#8221; _builder_version=&#8221;4.27.4&#8243; background_color=&#8221;#eeeeee&#8221; custom_margin=&#8221;||||false|false&#8221; custom_padding=&#8221;30px|0px|0px|0px|false|false&#8221; custom_padding_tablet=&#8221;200px|0px|0px|0px|false|false&#8221; custom_padding_phone=&#8221;50px||||false|false&#8221; global_colors_info=&#8221;{}&#8221;][et_pb_row _builder_version=&#8221;4.27.4&#8243; _module_preset=&#8221;default&#8221; module_alignment=&#8221;center&#8221; custom_margin=&#8221;||30px||false|false&#8221; custom_margin_tablet=&#8221;||30px||false|false&#8221; custom_margin_phone=&#8221;||10rem||false|false&#8221; custom_margin_last_edited=&#8221;on|phone&#8221; custom_padding=&#8221;||0rem||false|false&#8221; locked=&#8221;off&#8221; global_colors_info=&#8221;{}&#8221;][et_pb_column type=&#8221;4_4&#8243; _builder_version=&#8221;4.16&#8243; _module_preset=&#8221;default&#8221; global_colors_info=&#8221;{}&#8221;][et_pb_text admin_label=&#8221;El nostre blog&#8221; _builder_version=&#8221;4.27.4&#8243; _module_preset=&#8221;default&#8221; header_2_font=&#8221;|300|||||||&#8221; header_2_font_size=&#8221;50px&#8221; custom_margin=&#8221;||10rem||false|false&#8221; custom_margin_tablet=&#8221;||10rem||false|false&#8221; custom_margin_phone=&#8221;||0rem||false|false&#8221; custom_margin_last_edited=&#8221;on|desktop&#8221; global_colors_info=&#8221;{}&#8221;]<\/p>\n<h2>El nostre blog<\/h2>\n<p>[\/et_pb_text][\/et_pb_column][\/et_pb_row][et_pb_row column_structure=&#8221;1_2,1_2&#8243; _builder_version=&#8221;4.27.4&#8243; background_color=&#8221;#eeeeee&#8221; global_colors_info=&#8221;{}&#8221;][et_pb_column type=&#8221;1_2&#8243; _builder_version=&#8221;4.16&#8243; custom_padding=&#8221;||||false|false&#8221; custom_padding_tablet=&#8221;||10rem||false|false&#8221; custom_padding_phone=&#8221;||10rem||false|false&#8221; custom_padding_last_edited=&#8221;on|phone&#8221; global_colors_info=&#8221;{}&#8221;][et_pb_blog posts_number=&#8221;1&#8243; include_categories=&#8221;153&#8243; show_author=&#8221;off&#8221; show_date=&#8221;off&#8221; show_categories=&#8221;off&#8221; show_pagination=&#8221;off&#8221; _builder_version=&#8221;4.16&#8243; custom_margin=&#8221;-150px||||false|false&#8221; global_colors_info=&#8221;{}&#8221;][\/et_pb_blog][\/et_pb_column][et_pb_column type=&#8221;1_2&#8243; _builder_version=&#8221;4.16&#8243; global_colors_info=&#8221;{}&#8221;][et_pb_blog posts_number=&#8221;1&#8243; include_categories=&#8221;153,150&#8243; show_author=&#8221;off&#8221; show_date=&#8221;off&#8221; show_categories=&#8221;off&#8221; show_pagination=&#8221;off&#8221; offset_number=&#8221;1&#8243; _builder_version=&#8221;4.16&#8243; custom_margin=&#8221;-150px||||false|false&#8221; global_colors_info=&#8221;{}&#8221;][\/et_pb_blog][\/et_pb_column][\/et_pb_row][\/et_pb_section]<\/p>\n","protected":false},"excerpt":{"rendered":"<p>Si busques un Estudi d&#8217;Interiorisme a Sant Cugat, apassionat per a transformar espais amb disseny i confort, Glow Rehabilita Studio \u00e9s la teva elecci\u00f3. Especialistes en reformes completes, ens ocupem de tot des del concepte inicial fins a l&#8217;acabat final. Benvingut on els somnis prenen forma!Els nostres Projectes<div class=\"et_pb_module dnxte_coverflowslider_parent dnxte_coverflowslider_parent_0\">\n\t\t\t\t\n\t\t\t\t\n\t\t\t\t\n\t\t\t\t\n\t\t\t\t\n\t\t\t\t\n\t\t\t\t<div class=\"et_pb_module_inner\">\n\t\t\t\t\t<div class=\"et_pb_module dnxte_coverflowslider_parent dnxte_coverflowslider_parent_0\">\n\t\t\t\t\n\t\t\t\t\n\t\t\t\t\n\t\t\t\t\n\t\t\t\t\n\t\t\t\t\n\t\t\t\t<div class=\"et_pb_module_inner\">\n\t\t\t\t\t<div class=\"coverflow-container  arrow-position-bottom\">\r\n                <div class=\"swiper-container dnxte-coverflowslider-active swiper-container-initialized swiper-container-horizontal \" data-autoplay=\"\" data-delay=\"2000\" data-direction=\"horizontal\" data-speed=\"&#8221;934&#8243;\" data-loop=\"&#8221;on&#8221;\" data-pagination-type=\"bullets\" data-pagination-bullets=\"on\"   data-breakpoints=\"3|1|1\" data-spacing=\"&#8221;20&#8243;\" data-grab=\"&#8221;on&#8221;\" data-center=\"\" data-keyboardenable=\"on\"  data-covershadow=\"off\" data-coverrotate=\"0\" data-coverstretch=\"0\" data-coverdepth=\"0\" data-autoheight=\"off\" data-pauseonhover=\"1\" data-mouse=\"on\">\r\n                    <div class=\"swiper-wrapper\" data-lightbox=\"off\" data-orderclass=\"dnxte_coverflowslider_parent_0\">\r\n                        \r\n                    <\/div>\r\n                    <div class=\"swiper-pagination swiper-pagination-clickable swiper-pagination-bullets swiper-pagination-bullets-dynamic mt-10\"><\/div>\r\n                <\/div>\r\n                <div class=\"swiper-button-prev dnxte_coverflow_arrows_default_left\" data-icon=\"4\"><\/div>\r\n                  <div class=\"swiper-button-next dnxte_coverflow_arrows_default_right\" data-icon=\"5\"><\/div>\r\n            <\/div>\n\t\t\t\t<\/div>\n\t\t\t<\/div>\n\t\t\t\t<\/div>\n\t\t\t<\/div><\/p>\n","protected":false},"author":4,"featured_media":0,"parent":0,"menu_order":0,"comment_status":"closed","ping_status":"closed","template":"","meta":{"_et_pb_use_builder":"on","_et_pb_old_content":"","_et_gb_content_width":"","inline_featured_image":false,"footnotes":""},"class_list":["post-371029","page","type-page","status-publish","hentry"],"_links":{"self":[{"href":"https:\/\/glowrehabilita.com\/ca\/wp-json\/wp\/v2\/pages\/371029","targetHints":{"allow":["GET"]}}],"collection":[{"href":"https:\/\/glowrehabilita.com\/ca\/wp-json\/wp\/v2\/pages"}],"about":[{"href":"https:\/\/glowrehabilita.com\/ca\/wp-json\/wp\/v2\/types\/page"}],"author":[{"embeddable":true,"href":"https:\/\/glowrehabilita.com\/ca\/wp-json\/wp\/v2\/users\/4"}],"replies":[{"embeddable":true,"href":"https:\/\/glowrehabilita.com\/ca\/wp-json\/wp\/v2\/comments?post=371029"}],"version-history":[{"count":24,"href":"https:\/\/glowrehabilita.com\/ca\/wp-json\/wp\/v2\/pages\/371029\/revisions"}],"predecessor-version":[{"id":987511091,"href":"https:\/\/glowrehabilita.com\/ca\/wp-json\/wp\/v2\/pages\/371029\/revisions\/987511091"}],"wp:attachment":[{"href":"https:\/\/glowrehabilita.com\/ca\/wp-json\/wp\/v2\/media?parent=371029"}],"curies":[{"name":"wp","href":"https:\/\/api.w.org\/{rel}","templated":true}]}}